{"id":12984,"date":"2024-07-18T16:58:34","date_gmt":"2024-07-18T08:58:34","guid":{"rendered":"https:\/\/minikino.org\/filmweek\/?page_id=12984"},"modified":"2025-04-30T15:47:16","modified_gmt":"2025-04-30T07:47:16","slug":"2024-official-selections","status":"publish","type":"page","link":"https:\/\/minikino.org\/filmweek\/2024-official-selections\/","title":{"rendered":"2024 OFFICIAL SELECTIONS"},"content":{"rendered":"<p>Hey&#8230; get your right dose!<br \/>\nHere is your guide for a healthy dose of short films. Our International program is divided into 5 categories to help you find the right dose.<br \/>\n<div class=\"clearfix ap-row\"><div class=\"ap_column ap-span2\"><a href=\"#HEART\"><strong>HEALTHY DOSE FOR YOUR HEART<\/strong><\/a><\/div>\n<div class=\"ap_column ap-span4\">This program will warm your heart and make you realize how much you truly miss someone.<\/div><\/div><br \/>\n<div class=\"clearfix ap-row\"><div class=\"ap_column ap-span2\"><a href=\"#MIND\"><strong>HEALTHY DOSE FOR YOUR MIND<\/strong><\/a><\/div>\n<div class=\"ap_column ap-span4\">Get your wheels turning while enjoying the experience.<\/div><\/div><\/p>\n<div class=\"clearfix ap-row\"><div class=\"ap_column ap-span2\"><a href=\"#NERVES\"><strong>HEALTHY DOSE FOR YOUR NERVES<\/strong><\/a><\/div>\n<div class=\"ap_column ap-span4\">Laughing, crying, or leaving you in awe. Beware! Be cautious!<\/div><\/div>\n<div class=\"clearfix ap-row\"><div class=\"ap_column ap-span2\"><a href=\"#SOUL\"><strong>HEALTHY DOSE FOR YOUR SOUL<\/strong><\/a><\/div>\n<div class=\"ap_column ap-span4\">Films that make you reflect on your own experiences. Typically films that touch on topics about self and often personal.<\/div><\/div>\n<div class=\"clearfix ap-row\"><div class=\"ap_column ap-span2\"><a href=\"#TASTE\"><strong>HEALTHY DOSE FOR YOUR TASTE<\/strong><\/a><\/div>\n<div class=\"ap_column ap-span4\">Here is an offer of a new twist in storytelling, form, or artistic values. Bringing audiences a new experience that breaks the regular cinematic conventions.<\/div><\/div>\n<div class=\"divider\" style=\"margin-top:20px; margin-bottom:20px; border-top:3px solid #e81d2a;width:100%\"\/><\/div>\n<h2 id=\"HEART\"><strong>HEALTHY DOSE FOR YOUR HEART<\/strong><\/h2>\n<hr \/>\n<h3 id=\"ADORE\"><strong>ADORE<\/strong><\/h3>\n<p>How deep is their love?<br \/>\n18+<\/p>\n<p>Duration: 82:57<\/p>\n<table id=\"schedule\" border=\"0\" width=\"100%\">\n<tbody>\n<tr>\n<th rowspan=\"1\" width=\"25%\">DATE<\/th>\n<th width=\"10%\">SHOW TIME<\/th>\n<th width=\"35%\"><strong>VENUE<\/strong><\/th>\n<\/tr>\n<tr>\n<td width=\"25%\">SAB\/SAT 14<\/td>\n<td width=\"10%\">21:00<\/td>\n<td width=\"35%\"><a href=\"https:\/\/minikino.org\/dekakiang\" target=\"_blank\" rel=\"noopener\">Community Screen: Kedai Kopi Dekakiang<\/a><\/td>\n<\/tr>\n<tr>\n<td rowspan=\"1\" width=\"25%\">MIN\/SUN 15<\/td>\n<td width=\"10%\">17:00<\/td>\n<td width=\"35%\"><a href=\"https:\/\/minikino.org\/mashdenpasar\" target=\"_blank\" rel=\"noopener\">MASH Denpasar Art House Cinema<\/a><\/td>\n<\/tr>\n<tr>\n<td rowspan=\"1\" width=\"25%\">SEL\/TUE 17<\/td>\n<td width=\"10%\">20:00<\/td>\n<td width=\"35%\"><a href=\"https:\/\/minikino.org\/mashliving\" target=\"_blank\" rel=\"noopener\">MASH Denpasar Living Room<\/a><\/td>\n<\/tr>\n<tr>\n<td align=\"right\"><strong>Note<\/strong>:<\/td>\n<td><em>WITA (+8 GMT)<\/em><\/td>\n<td><\/td>\n<\/tr>\n<\/tbody>\n<\/table>\n<p><img loading=\"lazy\" decoding=\"async\" class=\"alignnone size-large wp-image-13128\" src=\"https:\/\/minikino.org\/filmweek\/wp-content\/uploads\/sites\/4\/2024\/07\/Basri-and-Salma-in-a-Never-Ending-Comedy-MFW11836-1024x258.webp\" alt=\"\" width=\"640\" height=\"161\" srcset=\"https:\/\/minikino.org\/filmweek\/wp-content\/uploads\/sites\/4\/2024\/07\/Basri-and-Salma-in-a-Never-Ending-Comedy-MFW11836-1024x258.webp 1024w, https:\/\/minikino.org\/filmweek\/wp-content\/uploads\/sites\/4\/2024\/07\/Basri-and-Salma-in-a-Never-Ending-Comedy-MFW11836-300x76.webp 300w, https:\/\/minikino.org\/filmweek\/wp-content\/uploads\/sites\/4\/2024\/07\/Basri-and-Salma-in-a-Never-Ending-Comedy-MFW11836-768x193.webp 768w, https:\/\/minikino.org\/filmweek\/wp-content\/uploads\/sites\/4\/2024\/07\/Basri-and-Salma-in-a-Never-Ending-Comedy-MFW11836-1536x387.webp 1536w, https:\/\/minikino.org\/filmweek\/wp-content\/uploads\/sites\/4\/2024\/07\/Basri-and-Salma-in-a-Never-Ending-Comedy-MFW11836.webp 1965w\" sizes=\"auto, (max-width: 640px) 100vw, 640px\" \/><\/p>\n<p><strong>BASRI &amp; SALMA IN A NEVER-ENDING COMEDY (Basri &amp; Salma dalam Komedi yang Terus Berputar)<\/strong><br \/>\n[d][w] Khozy Rizal<br \/>\nIndonesia \/ 2023 \/ Fiction \/ 15:00<br \/>\nA married couple own an Odong-Odong at the carnival spending their days entertaining other people\u2019s children<br \/>\n&#8211;<br \/>\nAwards\/Screenings: Cannes Film Festival &#8211; Short Films Competition 2023 &#8211; World Premiere \/\/ Guanajuato<br \/>\nInternational Film Festival 2023, Mexico &#8211; Best International Short Fiction Award<br \/>\n[ig] <a href=\"https:\/\/www.instagram.com\/khozyrizal\">@khozyrizal<\/a><\/p>\n<p><img loading=\"lazy\" decoding=\"async\" class=\"alignnone size-large wp-image-13141\" src=\"https:\/\/minikino.org\/filmweek\/wp-content\/uploads\/sites\/4\/2024\/07\/A-Dead-Marriage-MFW12240-1024x258.webp\" alt=\"\" width=\"640\" height=\"161\" srcset=\"https:\/\/minikino.org\/filmweek\/wp-content\/uploads\/sites\/4\/2024\/07\/A-Dead-Marriage-MFW12240-1024x258.webp 1024w, https:\/\/minikino.org\/filmweek\/wp-content\/uploads\/sites\/4\/2024\/07\/A-Dead-Marriage-MFW12240-300x76.webp 300w, https:\/\/minikino.org\/filmweek\/wp-content\/uploads\/sites\/4\/2024\/07\/A-Dead-Marriage-MFW12240-768x193.webp 768w, https:\/\/minikino.org\/filmweek\/wp-content\/uploads\/sites\/4\/2024\/07\/A-Dead-Marriage-MFW12240-1536x387.webp 1536w, https:\/\/minikino.org\/filmweek\/wp-content\/uploads\/sites\/4\/2024\/07\/A-Dead-Marriage-MFW12240.webp 1965w\" sizes=\"auto, (max-width: 640px) 100vw, 640px\" \/><\/p>\n<p><strong>A DEAD MARRIAGE (Martwe malzenstwo)<\/strong><br \/>\n[d] Michal Toczek \/ [w] Ola Hulboj, Michal Toczek<br \/>\nPoland \/ 2022 \/ Fiction \/ 18:37<br \/>\nFilip is a professional extra, specialized in playing dead bodies on movie sets. One day he meets Lucy on set.<br \/>\n&#8211;<br \/>\nAwards\/Screenings: 29th Palm Springs International ShortFest, USA &#8211; Best Student International Short \/\/ 38th Brest European Short Film Festival, France- Grand Prix du Festival<\/p>\n<p><img loading=\"lazy\" decoding=\"async\" class=\"alignnone size-large wp-image-13039\" src=\"https:\/\/minikino.org\/filmweek\/wp-content\/uploads\/sites\/4\/2024\/07\/Super-MFW11805-1024x258.webp\" alt=\"\" width=\"640\" height=\"161\" srcset=\"https:\/\/minikino.org\/filmweek\/wp-content\/uploads\/sites\/4\/2024\/07\/Super-MFW11805-1024x258.webp 1024w, https:\/\/minikino.org\/filmweek\/wp-content\/uploads\/sites\/4\/2024\/07\/Super-MFW11805-300x76.webp 300w, https:\/\/minikino.org\/filmweek\/wp-content\/uploads\/sites\/4\/2024\/07\/Super-MFW11805-768x193.webp 768w, https:\/\/minikino.org\/filmweek\/wp-content\/uploads\/sites\/4\/2024\/07\/Super-MFW11805-1536x387.webp 1536w, https:\/\/minikino.org\/filmweek\/wp-content\/uploads\/sites\/4\/2024\/07\/Super-MFW11805.webp 1965w\" sizes=\"auto, (max-width: 640px) 100vw, 640px\" \/><\/p>\n<p><strong>SUPER<\/strong><br \/>\n[d][w] Nikolas Kouloglou<br \/>\nGreece \/ 2023 \/ Fiction \/ 20:00<br \/>\nOn their way to the supermarket, Penny and James meet again for the first time.<br \/>\n&#8211;<br \/>\nAwards\/Screenings: Brussels Short Film Festival 2023, Belgium, World Premiere \/\/ Busan International Short Film Festival 2023, South Korea<br \/>\n[ig] <a href=\"https:\/\/www.instagram.com\/nikolas.kouloglou\">@nikolas.kouloglou<\/a><\/p>\n<p><img loading=\"lazy\" decoding=\"async\" class=\"alignnone size-large wp-image-13021\" src=\"https:\/\/minikino.org\/filmweek\/wp-content\/uploads\/sites\/4\/2024\/07\/The-Red-Sea-Makes-Me-Wanna-Cry-MFW12623-1024x258.webp\" alt=\"\" width=\"640\" height=\"161\" srcset=\"https:\/\/minikino.org\/filmweek\/wp-content\/uploads\/sites\/4\/2024\/07\/The-Red-Sea-Makes-Me-Wanna-Cry-MFW12623-1024x258.webp 1024w, https:\/\/minikino.org\/filmweek\/wp-content\/uploads\/sites\/4\/2024\/07\/The-Red-Sea-Makes-Me-Wanna-Cry-MFW12623-300x76.webp 300w, https:\/\/minikino.org\/filmweek\/wp-content\/uploads\/sites\/4\/2024\/07\/The-Red-Sea-Makes-Me-Wanna-Cry-MFW12623-768x193.webp 768w, https:\/\/minikino.org\/filmweek\/wp-content\/uploads\/sites\/4\/2024\/07\/The-Red-Sea-Makes-Me-Wanna-Cry-MFW12623-1536x387.webp 1536w, https:\/\/minikino.org\/filmweek\/wp-content\/uploads\/sites\/4\/2024\/07\/The-Red-Sea-Makes-Me-Wanna-Cry-MFW12623.webp 1965w\" sizes=\"auto, (max-width: 640px) 100vw, 640px\" \/><\/p>\n<p><strong>THE RED SEA MAKES ME WANNA CRY<\/strong><br \/>\n[d] Faris Alrjoob \/ [w] Matthew LaPaglia \/\/ Faris Alrjoob<br \/>\nJordan \/ 2023 \/ Fiction \/ 21:06<br \/>\nA Haunted Ida Travels To The Liminal Site Of Her Partner\u2019s Disappearance In An Attempt To Feel His Presence One Last Time.<br \/>\n&#8211;<br \/>\nAwards\/Screenings: Cannes Film Festival, France (Quinzaine Des Cin\u00e9astes) \/\/ El Gouna Film Festival, Egypt<br \/>\n[ig] <a href=\"https:\/\/www.instagram.com\/madshorts_\">@madshorts_<\/a><\/p>\n<p><img loading=\"lazy\" decoding=\"async\" class=\"alignnone size-large wp-image-13108\" src=\"https:\/\/minikino.org\/filmweek\/wp-content\/uploads\/sites\/4\/2024\/07\/EN-ATTENDANT-LOLO-MFW11733-1024x258.webp\" alt=\"\" width=\"640\" height=\"161\" srcset=\"https:\/\/minikino.org\/filmweek\/wp-content\/uploads\/sites\/4\/2024\/07\/EN-ATTENDANT-LOLO-MFW11733-1024x258.webp 1024w, https:\/\/minikino.org\/filmweek\/wp-content\/uploads\/sites\/4\/2024\/07\/EN-ATTENDANT-LOLO-MFW11733-300x76.webp 300w, https:\/\/minikino.org\/filmweek\/wp-content\/uploads\/sites\/4\/2024\/07\/EN-ATTENDANT-LOLO-MFW11733-768x193.webp 768w, https:\/\/minikino.org\/filmweek\/wp-content\/uploads\/sites\/4\/2024\/07\/EN-ATTENDANT-LOLO-MFW11733-1536x387.webp 1536w, https:\/\/minikino.org\/filmweek\/wp-content\/uploads\/sites\/4\/2024\/07\/EN-ATTENDANT-LOLO-MFW11733.webp 1965w\" sizes=\"auto, (max-width: 640px) 100vw, 640px\" \/><\/p>\n<p><strong>EN ATTENDANT LOLO (WAITING FOR LOLO)<\/strong><br \/>\n[d][w] Jules Ronfard<br \/>\nCanada \/ 2022 \/ Fiction \/ 08:14<br \/>\nOn a country road, a couple gone for a ride on a scooter find themselves immobilized after running out of gas.<br \/>\n&#8211;<br \/>\nAwards\/Screenings: FESTIVAL REGARD, Canada (2022) \/\/ RENDEZ-VOUS QU\u00c9BEC CIN\u00c9MA, Canada (2023)<br \/>\n[ig] <a href=\"https:\/\/www.instagram.com\/julesronfard\">@julesronfard<\/a><\/p>\n<hr \/>\n<h3 id=\"BITTERSWEET\"><strong>BITTERSWEET<\/strong><\/h3>\n<p>Familial bonds: not just a one-way street.<br \/>\n18+<\/p>\n<p>Duration: 83:35<\/p>\n<table id=\"schedule\" border=\"0\" width=\"100%\">\n<tbody>\n<tr>\n<th rowspan=\"1\" width=\"25%\">DATE<\/th>\n<th width=\"10%\">SHOW TIME<\/th>\n<th width=\"35%\"><strong>VENUE<\/strong><\/th>\n<\/tr>\n<tr>\n<td width=\"25%\">SAB\/SAT 14<\/td>\n<td width=\"10%\">20:00<\/td>\n<td width=\"35%\"><a href=\"https:\/\/minikino.org\/kulidanspace\" target=\"_blank\" rel=\"noopener\">Community Screen: Kulidan Kitchen &amp; Space<\/a><\/td>\n<\/tr>\n<tr>\n<td rowspan=\"1\" width=\"25%\">SEN\/MON 16<\/td>\n<td width=\"10%\">10:15<\/td>\n<td width=\"35%\"><a href=\"https:\/\/minikino.org\/mashdenpasar\" target=\"_blank\" rel=\"noopener\">MASH Denpasar Art House Cinema<\/a><\/td>\n<\/tr>\n<tr>\n<td rowspan=\"1\" width=\"25%\">SEL\/TUE 17<\/td>\n<td width=\"10%\">20:15<\/td>\n<td width=\"35%\"><a href=\"https:\/\/minikino.org\/umaseminyak\" target=\"_blank\" rel=\"noopener\">Uma Seminyak<\/a><\/td>\n<\/tr>\n<tr>\n<td align=\"right\"><strong>Note<\/strong>:<\/td>\n<td><em>WITA (+8 GMT)<\/em><\/td>\n<td><\/td>\n<\/tr>\n<\/tbody>\n<\/table>\n<p><img loading=\"lazy\" decoding=\"async\" class=\"alignnone size-large wp-image-13080\" src=\"https:\/\/minikino.org\/filmweek\/wp-content\/uploads\/sites\/4\/2024\/07\/Mania-MFW12430-1024x258.webp\" alt=\"\" width=\"640\" height=\"161\" srcset=\"https:\/\/minikino.org\/filmweek\/wp-content\/uploads\/sites\/4\/2024\/07\/Mania-MFW12430-1024x258.webp 1024w, https:\/\/minikino.org\/filmweek\/wp-content\/uploads\/sites\/4\/2024\/07\/Mania-MFW12430-300x76.webp 300w, https:\/\/minikino.org\/filmweek\/wp-content\/uploads\/sites\/4\/2024\/07\/Mania-MFW12430-768x193.webp 768w, https:\/\/minikino.org\/filmweek\/wp-content\/uploads\/sites\/4\/2024\/07\/Mania-MFW12430-1536x387.webp 1536w, https:\/\/minikino.org\/filmweek\/wp-content\/uploads\/sites\/4\/2024\/07\/Mania-MFW12430.webp 1965w\" sizes=\"auto, (max-width: 640px) 100vw, 640px\" \/><\/p>\n<p><strong>MANIA!<\/strong><br \/>\n[d] Lena Jaworska<br \/>\nPoland \/ 2023 \/ Fiction \/ 16:02<br \/>\nMania is brought by her mother to the countryside to her aunt&#8217;s. During her lonely stay she makes friends with a hen.<br \/>\n&#8211;<br \/>\nAwards\/Screenings: 35th Trieste Film Festival , 48th Polish Film Festival in Gdynia<br \/>\n[ig] <a href=\"https:\/\/www.instagram.com\/iosonolena\">@iosonolena<\/a> <a href=\"https:\/\/www.instagram.com\/kozaq_\">@kozaq_<\/a><\/p>\n<p><img loading=\"lazy\" decoding=\"async\" class=\"alignnone size-large wp-image-13107\" src=\"https:\/\/minikino.org\/filmweek\/wp-content\/uploads\/sites\/4\/2024\/07\/Ephemera-MFW12498-1024x258.webp\" alt=\"\" width=\"640\" height=\"161\" srcset=\"https:\/\/minikino.org\/filmweek\/wp-content\/uploads\/sites\/4\/2024\/07\/Ephemera-MFW12498-1024x258.webp 1024w, https:\/\/minikino.org\/filmweek\/wp-content\/uploads\/sites\/4\/2024\/07\/Ephemera-MFW12498-300x76.webp 300w, https:\/\/minikino.org\/filmweek\/wp-content\/uploads\/sites\/4\/2024\/07\/Ephemera-MFW12498-768x193.webp 768w, https:\/\/minikino.org\/filmweek\/wp-content\/uploads\/sites\/4\/2024\/07\/Ephemera-MFW12498-1536x387.webp 1536w, https:\/\/minikino.org\/filmweek\/wp-content\/uploads\/sites\/4\/2024\/07\/Ephemera-MFW12498.webp 1965w\" sizes=\"auto, (max-width: 640px) 100vw, 640px\" \/><\/p>\n<p><strong>EPHEMERA<\/strong><br \/>\n[d] Virya Hendriyah \/ [w] Virya Hendriyah, Evangeline Chezia Hausjah<br \/>\nIndonesia \/ 2023 \/ Fiction \/ 16:34<\/p>\n<p>Time is finite for everyone, but what one does in that limited period are what is called as \u201cliving\u201d.<br \/>\n&#8211;<br \/>\n[ig] <a href=\"https:\/\/www.instagram.com\/heliespictures\">@heliespictures<\/a> <a href=\"https:\/\/www.instagram.com\/vihendri_\">@vihendri_<\/a><\/p>\n<p><img loading=\"lazy\" decoding=\"async\" class=\"alignnone size-large wp-image-13005\" src=\"https:\/\/minikino.org\/filmweek\/wp-content\/uploads\/sites\/4\/2024\/07\/Trait-dunion-Bonds-MFW12513-1024x258.webp\" alt=\"\" width=\"640\" height=\"161\" srcset=\"https:\/\/minikino.org\/filmweek\/wp-content\/uploads\/sites\/4\/2024\/07\/Trait-dunion-Bonds-MFW12513-1024x258.webp 1024w, https:\/\/minikino.org\/filmweek\/wp-content\/uploads\/sites\/4\/2024\/07\/Trait-dunion-Bonds-MFW12513-300x76.webp 300w, https:\/\/minikino.org\/filmweek\/wp-content\/uploads\/sites\/4\/2024\/07\/Trait-dunion-Bonds-MFW12513-768x193.webp 768w, https:\/\/minikino.org\/filmweek\/wp-content\/uploads\/sites\/4\/2024\/07\/Trait-dunion-Bonds-MFW12513-1536x387.webp 1536w, https:\/\/minikino.org\/filmweek\/wp-content\/uploads\/sites\/4\/2024\/07\/Trait-dunion-Bonds-MFW12513.webp 1965w\" sizes=\"auto, (max-width: 640px) 100vw, 640px\" \/><\/p>\n<p><strong>BONDS<\/strong><br \/>\n[d][w] Chadi Benani<br \/>\nCanada \/ 2023 \/ Fiction \/ 10:53<br \/>\nTwo days too late, Michael visits his son to wish him a happy birthday.<br \/>\n&#8211;<br \/>\n[ig] <a href=\"https:\/\/www.instagram.com\/wlcmaboard\">@wlcmaboard<\/a><\/p>\n<p><img loading=\"lazy\" decoding=\"async\" class=\"alignnone size-large wp-image-13124\" src=\"https:\/\/minikino.org\/filmweek\/wp-content\/uploads\/sites\/4\/2024\/07\/Black-rain-in-my-eyes-MFW12404-1024x258.webp\" alt=\"\" width=\"640\" height=\"161\" srcset=\"https:\/\/minikino.org\/filmweek\/wp-content\/uploads\/sites\/4\/2024\/07\/Black-rain-in-my-eyes-MFW12404-1024x258.webp 1024w, https:\/\/minikino.org\/filmweek\/wp-content\/uploads\/sites\/4\/2024\/07\/Black-rain-in-my-eyes-MFW12404-300x76.webp 300w, https:\/\/minikino.org\/filmweek\/wp-content\/uploads\/sites\/4\/2024\/07\/Black-rain-in-my-eyes-MFW12404-768x193.webp 768w, https:\/\/minikino.org\/filmweek\/wp-content\/uploads\/sites\/4\/2024\/07\/Black-rain-in-my-eyes-MFW12404-1536x387.webp 1536w, https:\/\/minikino.org\/filmweek\/wp-content\/uploads\/sites\/4\/2024\/07\/Black-rain-in-my-eyes-MFW12404.webp 1965w\" sizes=\"auto, (max-width: 640px) 100vw, 640px\" \/><\/p>\n<p><strong>BLACK RAIN IN MY EYES (\u0645\u0637\u0631 \u0627\u0644\u0627\u0633\u0648\u062f \u0641\u064a \u0639\u06cc\u0646\u06cc)<\/strong><br \/>\n[d] Amir Masoud Soheili, Amir Athar Soheili<br \/>\nSyria \/ Iran \/ 2023 \/ Documentary \/ 20:06<br \/>\nA Syrian poet with four blind daughters must decide whether to expose them to the war&#8217;s reality when invited to a poetry forum.<br \/>\n&#8211;<br \/>\n[ig] <a href=\"https:\/\/www.instagram.com\/masoudsoheili\">@masoudsoheili<\/a><\/p>\n<p><img loading=\"lazy\" decoding=\"async\" class=\"alignnone size-large wp-image-13050\" src=\"https:\/\/minikino.org\/filmweek\/wp-content\/uploads\/sites\/4\/2024\/07\/Shooting-Watermelons-MFW11807-1024x258.webp\" alt=\"\" width=\"640\" height=\"161\" srcset=\"https:\/\/minikino.org\/filmweek\/wp-content\/uploads\/sites\/4\/2024\/07\/Shooting-Watermelons-MFW11807-1024x258.webp 1024w, https:\/\/minikino.org\/filmweek\/wp-content\/uploads\/sites\/4\/2024\/07\/Shooting-Watermelons-MFW11807-300x76.webp 300w, https:\/\/minikino.org\/filmweek\/wp-content\/uploads\/sites\/4\/2024\/07\/Shooting-Watermelons-MFW11807-768x193.webp 768w, https:\/\/minikino.org\/filmweek\/wp-content\/uploads\/sites\/4\/2024\/07\/Shooting-Watermelons-MFW11807-1536x387.webp 1536w, https:\/\/minikino.org\/filmweek\/wp-content\/uploads\/sites\/4\/2024\/07\/Shooting-Watermelons-MFW11807.webp 1965w\" sizes=\"auto, (max-width: 640px) 100vw, 640px\" \/><\/p>\n<p><strong>SHOOTING WATERMELONS (Sparare alle Angurie)<\/strong><br \/>\n[d] Antonio Donato \/ [w] Antonio Donato, Paolo Carbone<br \/>\nUK, Italy \/ 2023 \/ Fiction \/ 20:00<br \/>\nFederico is on holiday with his father in a summer residence in Sardinia.<br \/>\n&#8211;<br \/>\nAwards\/Screenings: Interfilm, Berlin 2023, Germany &#8211; World Premiere \/\/ Leuven International Short Film Festival 2023, Belgium<br \/>\n[ig] <a href=\"https:\/\/www.instagram.com\/spararealleangurie\">@spararealleangurie<\/a> <a href=\"https:\/\/www.instagram.com\/toto.donato\">@toto.donato<\/a><\/p>\n<hr \/>\n<h3 id=\"HUMANBEAT\"><strong>HUMANITY BEATS<\/strong><\/h3>\n<p>A mantra to anchor us in these times.<br \/>\n18+<\/p>\n<p>Duration: 73:53<\/p>\n<table id=\"schedule\" border=\"0\" width=\"100%\">\n<tbody>\n<tr>\n<th rowspan=\"1\" width=\"25%\">DATE<\/th>\n<th width=\"10%\">SHOW TIME<\/th>\n<th width=\"35%\"><strong>VENUE<\/strong><\/th>\n<\/tr>\n<tr>\n<td width=\"25%\">SAB\/SAT 14<\/td>\n<td width=\"10%\">15:00<\/td>\n<td width=\"35%\"><a href=\"https:\/\/minikino.org\/mashdenpasar\" target=\"_blank\" rel=\"noopener\">MASH Denpasar Art House Cinema<\/a><\/td>\n<\/tr>\n<tr>\n<td rowspan=\"1\" width=\"25%\">MIN\/SUN 15<\/td>\n<td width=\"10%\">15:15<\/td>\n<td width=\"35%\"><a href=\"https:\/\/minikino.org\/mashliving\" target=\"_blank\" rel=\"noopener\">MASH Denpasar Living Room<\/a><\/td>\n<\/tr>\n<tr>\n<td rowspan=\"1\" width=\"25%\">KAM\/THU 19<\/td>\n<td width=\"10%\">20:30<\/td>\n<td width=\"35%\"><a href=\"https:\/\/minikino.org\/afbali\" target=\"_blank\" rel=\"noopener\">Alliance Fran\u00e7aise Bali<\/a><\/td>\n<\/tr>\n<tr>\n<td align=\"right\"><strong>Note<\/strong>:<\/td>\n<td><em>WITA (+8 GMT)<\/em><\/td>\n<td><\/td>\n<\/tr>\n<\/tbody>\n<\/table>\n<p><img loading=\"lazy\" decoding=\"async\" class=\"alignnone size-large wp-image-13112\" src=\"https:\/\/minikino.org\/filmweek\/wp-content\/uploads\/sites\/4\/2024\/07\/Diciassette-Seventeen-MFW12482-1024x258.webp\" alt=\"\" width=\"640\" height=\"161\" srcset=\"https:\/\/minikino.org\/filmweek\/wp-content\/uploads\/sites\/4\/2024\/07\/Diciassette-Seventeen-MFW12482-1024x258.webp 1024w, https:\/\/minikino.org\/filmweek\/wp-content\/uploads\/sites\/4\/2024\/07\/Diciassette-Seventeen-MFW12482-300x76.webp 300w, https:\/\/minikino.org\/filmweek\/wp-content\/uploads\/sites\/4\/2024\/07\/Diciassette-Seventeen-MFW12482-768x193.webp 768w, https:\/\/minikino.org\/filmweek\/wp-content\/uploads\/sites\/4\/2024\/07\/Diciassette-Seventeen-MFW12482-1536x387.webp 1536w, https:\/\/minikino.org\/filmweek\/wp-content\/uploads\/sites\/4\/2024\/07\/Diciassette-Seventeen-MFW12482.webp 1965w\" sizes=\"auto, (max-width: 640px) 100vw, 640px\" \/><\/p>\n<p><strong>DICIASSETTE (Seventeen)<\/strong><br \/>\n[d][w] Thomas Horat<br \/>\nSwitzerland \/ 2023 \/ Documentary \/ 17:00<br \/>\nAntonietta transported munition and medicine in a backpack to her partisan group in the mountains at great risk during war times.<br \/>\n&#8211;<br \/>\nAwards\/Screenings: Jury Award &#8211; Trento Film Festival<\/p>\n<p><img loading=\"lazy\" decoding=\"async\" class=\"alignnone size-large wp-image-13062\" src=\"https:\/\/minikino.org\/filmweek\/wp-content\/uploads\/sites\/4\/2024\/07\/Pomi-Pothoe-MFW11725-1024x258.webp\" alt=\"\" width=\"640\" height=\"161\" srcset=\"https:\/\/minikino.org\/filmweek\/wp-content\/uploads\/sites\/4\/2024\/07\/Pomi-Pothoe-MFW11725-1024x258.webp 1024w, https:\/\/minikino.org\/filmweek\/wp-content\/uploads\/sites\/4\/2024\/07\/Pomi-Pothoe-MFW11725-300x76.webp 300w, https:\/\/minikino.org\/filmweek\/wp-content\/uploads\/sites\/4\/2024\/07\/Pomi-Pothoe-MFW11725-768x193.webp 768w, https:\/\/minikino.org\/filmweek\/wp-content\/uploads\/sites\/4\/2024\/07\/Pomi-Pothoe-MFW11725-1536x387.webp 1536w, https:\/\/minikino.org\/filmweek\/wp-content\/uploads\/sites\/4\/2024\/07\/Pomi-Pothoe-MFW11725.webp 1965w\" sizes=\"auto, (max-width: 640px) 100vw, 640px\" \/><\/p>\n<p><strong>POMI POTHOE<\/strong><br \/>\n[d] Chaweng Chaiyawan<br \/>\nThai \/ 2023 \/ Fiction \/ 14:30<br \/>\na young Karen tribe man goes out to the forest to forage forage for food, however today the familiar forest looks strange.<br \/>\n&#8211;<\/p>\n<p><img loading=\"lazy\" decoding=\"async\" class=\"alignnone size-large wp-image-13025\" src=\"https:\/\/minikino.org\/filmweek\/wp-content\/uploads\/sites\/4\/2024\/07\/The-Nap-MW024F0123-1024x258.webp\" alt=\"\" width=\"640\" height=\"161\" srcset=\"https:\/\/minikino.org\/filmweek\/wp-content\/uploads\/sites\/4\/2024\/07\/The-Nap-MW024F0123-1024x258.webp 1024w, https:\/\/minikino.org\/filmweek\/wp-content\/uploads\/sites\/4\/2024\/07\/The-Nap-MW024F0123-300x76.webp 300w, https:\/\/minikino.org\/filmweek\/wp-content\/uploads\/sites\/4\/2024\/07\/The-Nap-MW024F0123-768x193.webp 768w, https:\/\/minikino.org\/filmweek\/wp-content\/uploads\/sites\/4\/2024\/07\/The-Nap-MW024F0123-1536x387.webp 1536w, https:\/\/minikino.org\/filmweek\/wp-content\/uploads\/sites\/4\/2024\/07\/The-Nap-MW024F0123.webp 1965w\" sizes=\"auto, (max-width: 640px) 100vw, 640px\" \/><\/p>\n<p><strong>THE NAP<\/strong><br \/>\n[d][w] Joonseong Ahn<br \/>\nSouth Korea \/ 2023 \/ Fiction \/ 03:23<br \/>\nOn a hot summer day in 1950, during the Korean War, a South Korean soldier and a North Korean soldier take a nap in the valley.<br \/>\n&#8211;<br \/>\nAwards\/Screenings: The 15th Seoul Yeongdeungpo International Extreme-Short Image &amp; Film Festival, Extreme-Short Competition (2023) \/\/ The 26th Short Shorts Film Festival &amp; Asia, Asia International Competition (2024, Japan)<br \/>\n[ig] <a href=\"https:\/\/www.instagram.com\/joonseong11\">@joonseong11<\/a><\/p>\n<p><img loading=\"lazy\" decoding=\"async\" class=\"alignnone size-large wp-image-13133\" src=\"https:\/\/minikino.org\/filmweek\/wp-content\/uploads\/sites\/4\/2024\/07\/At-All-Hours-And-None-MW024D0004-1024x258.webp\" alt=\"\" width=\"640\" height=\"161\" srcset=\"https:\/\/minikino.org\/filmweek\/wp-content\/uploads\/sites\/4\/2024\/07\/At-All-Hours-And-None-MW024D0004-1024x258.webp 1024w, https:\/\/minikino.org\/filmweek\/wp-content\/uploads\/sites\/4\/2024\/07\/At-All-Hours-And-None-MW024D0004-300x76.webp 300w, https:\/\/minikino.org\/filmweek\/wp-content\/uploads\/sites\/4\/2024\/07\/At-All-Hours-And-None-MW024D0004-768x193.webp 768w, https:\/\/minikino.org\/filmweek\/wp-content\/uploads\/sites\/4\/2024\/07\/At-All-Hours-And-None-MW024D0004-1536x387.webp 1536w, https:\/\/minikino.org\/filmweek\/wp-content\/uploads\/sites\/4\/2024\/07\/At-All-Hours-And-None-MW024D0004.webp 1965w\" sizes=\"auto, (max-width: 640px) 100vw, 640px\" \/><\/p>\n<p><strong>AT ALL HOURS AND NONE (In tutte le ore e nessuna)<\/strong><br \/>\n[d] Davide Minotti, Valeria Miracapillo \/ [w] Asli Erdogan<br \/>\nItaly \/ 2023 \/ Documentary \/ 20:00<br \/>\nA voice guides the soul of Asli Erdogan, Turkish writer in exile, while she\u2019s writing a page.<br \/>\n&#8211;<br \/>\nAwards\/Screenings: Dok Leipzig \/\/ Bellaria Film Festival, jury award<br \/>\n[ig] <a href=\"https:\/\/www.instagram.com\/davideminights\">@davideminights<\/a> <a href=\"https:\/\/www.instagram.com\/mildredpierce\">@mildredpierce<\/a> <a href=\"https:\/\/www.instagram.com\/aamod\">@aamod<\/a><\/p>\n<p><img loading=\"lazy\" decoding=\"async\" class=\"alignnone size-large wp-image-13026\" src=\"https:\/\/minikino.org\/filmweek\/wp-content\/uploads\/sites\/4\/2024\/07\/The-Medallion-MFW12463-1024x258.webp\" alt=\"\" width=\"640\" height=\"161\" srcset=\"https:\/\/minikino.org\/filmweek\/wp-content\/uploads\/sites\/4\/2024\/07\/The-Medallion-MFW12463-1024x258.webp 1024w, https:\/\/minikino.org\/filmweek\/wp-content\/uploads\/sites\/4\/2024\/07\/The-Medallion-MFW12463-300x76.webp 300w, https:\/\/minikino.org\/filmweek\/wp-content\/uploads\/sites\/4\/2024\/07\/The-Medallion-MFW12463-768x193.webp 768w, https:\/\/minikino.org\/filmweek\/wp-content\/uploads\/sites\/4\/2024\/07\/The-Medallion-MFW12463-1536x387.webp 1536w, https:\/\/minikino.org\/filmweek\/wp-content\/uploads\/sites\/4\/2024\/07\/The-Medallion-MFW12463.webp 1965w\" sizes=\"auto, (max-width: 640px) 100vw, 640px\" \/><\/p>\n<p><strong>THE MEDALLION<\/strong><br \/>\n[d][w] Ruth Hunduma<br \/>\nUnited Kingdom\/Ethiopia \/ 2023 \/ Documentary \/ 19:00<br \/>\nRuth\u2019s mother gave her a medallion with Nefertiti\u2019s portrait, symbolizing beauty, strength, and survival from the Derg Genocide.<br \/>\n&#8211;<br \/>\nAwards\/Screenings: 2024 Clermont-Ferrand Short Film Festival &#8211; France \/\/ 2023 DOC NYC<br \/>\n[ig] <a href=\"https:\/\/www.instagram.com\/suduconnexion\">@suduconnexion<\/a><\/p>\n<hr \/>\n<h3 id=\"JOLLY\"><strong>JOLLY<\/strong><\/h3>\n<p>Exploring the playful side of life.<br \/>\n7+<br \/>\nDuration: 30:48<\/p>\n<table id=\"schedule\" border=\"0\" width=\"100%\">\n<tbody>\n<tr>\n<th rowspan=\"1\" width=\"25%\">DATE<\/th>\n<th width=\"10%\">SHOW TIME<\/th>\n<th width=\"35%\"><strong>VENUE<\/strong><\/th>\n<\/tr>\n<tr>\n<td width=\"25%\">SAB\/SAT 14<\/td>\n<td width=\"10%\">18:30<\/td>\n<td width=\"35%\"><a href=\"https:\/\/minikino.org\/kebunberdaya\" target=\"_blank\" rel=\"noopener\">Community Screen: Kebun Berdaya Natah Rare<\/a><\/td>\n<\/tr>\n<tr>\n<td rowspan=\"1\" width=\"25%\">MIN\/SUN 15<\/td>\n<td width=\"10%\">18:30<\/td>\n<td width=\"35%\"><a href=\"https:\/\/minikino.org\/kulidanspace\" target=\"_blank\" rel=\"noopener\">Community Screen: Kulidan Kitchen &amp; Space<\/a><\/td>\n<\/tr>\n<tr>\n<td rowspan=\"1\" width=\"25%\">KAM\/THU 19<\/td>\n<td width=\"10%\">15:00<\/td>\n<td width=\"35%\"><a href=\"https:\/\/minikino.org\/mashdenpasar\" target=\"_blank\" rel=\"noopener\">MASH Denpasar Art House Cinema<\/a><\/td>\n<\/tr>\n<tr>\n<td align=\"right\"><strong>Note<\/strong>:<\/td>\n<td><em>WITA (+8 GMT)<\/em><\/td>\n<td><\/td>\n<\/tr>\n<\/tbody>\n<\/table>\n<p><img loading=\"lazy\" decoding=\"async\" class=\"alignnone size-large wp-image-13096\" src=\"https:\/\/minikino.org\/filmweek\/wp-content\/uploads\/sites\/4\/2024\/07\/Happy-New-Year-MW024F0009-1024x258.webp\" alt=\"\" width=\"640\" height=\"161\" srcset=\"https:\/\/minikino.org\/filmweek\/wp-content\/uploads\/sites\/4\/2024\/07\/Happy-New-Year-MW024F0009-1024x258.webp 1024w, https:\/\/minikino.org\/filmweek\/wp-content\/uploads\/sites\/4\/2024\/07\/Happy-New-Year-MW024F0009-300x76.webp 300w, https:\/\/minikino.org\/filmweek\/wp-content\/uploads\/sites\/4\/2024\/07\/Happy-New-Year-MW024F0009-768x193.webp 768w, https:\/\/minikino.org\/filmweek\/wp-content\/uploads\/sites\/4\/2024\/07\/Happy-New-Year-MW024F0009-1536x387.webp 1536w, https:\/\/minikino.org\/filmweek\/wp-content\/uploads\/sites\/4\/2024\/07\/Happy-New-Year-MW024F0009.webp 1965w\" sizes=\"auto, (max-width: 640px) 100vw, 640px\" \/><\/p>\n<p><strong>HAPPY NEW YEAR (\u5e72\u652f\u65b0\u5e74\u4f1a)<\/strong><br \/>\n[d][w] Saki Muramoto<br \/>\nJapan \/ 2023 \/ Animation \/ 03:21<br \/>\nThe twelve animals of the Chinese Zodiac are celebrating and welcoming the Year of the Rabbit. But Someone\u2019s<br \/>\nmissing.<br \/>\n&#8211;<br \/>\n[ig] <a href=\"https:\/\/www.instagram.com\/saki_muramoto_sketch\">@saki_muramoto_sketch<\/a><\/p>\n<p><img loading=\"lazy\" decoding=\"async\" class=\"alignnone size-large wp-image-13121\" src=\"https:\/\/minikino.org\/filmweek\/wp-content\/uploads\/sites\/4\/2024\/07\/Butterfly-Leptir-MFW12003-1024x258.webp\" alt=\"\" width=\"640\" height=\"161\" srcset=\"https:\/\/minikino.org\/filmweek\/wp-content\/uploads\/sites\/4\/2024\/07\/Butterfly-Leptir-MFW12003-1024x258.webp 1024w, https:\/\/minikino.org\/filmweek\/wp-content\/uploads\/sites\/4\/2024\/07\/Butterfly-Leptir-MFW12003-300x76.webp 300w, https:\/\/minikino.org\/filmweek\/wp-content\/uploads\/sites\/4\/2024\/07\/Butterfly-Leptir-MFW12003-768x193.webp 768w, https:\/\/minikino.org\/filmweek\/wp-content\/uploads\/sites\/4\/2024\/07\/Butterfly-Leptir-MFW12003-1536x387.webp 1536w, https:\/\/minikino.org\/filmweek\/wp-content\/uploads\/sites\/4\/2024\/07\/Butterfly-Leptir-MFW12003.webp 1965w\" sizes=\"auto, (max-width: 640px) 100vw, 640px\" \/><\/p>\n<p><strong>BUTTERFLY (Leptir)<\/strong><br \/>\n[d][w] Suncana Brkulj<br \/>\nCroatia, Denmark \/ 2024 \/ Animation \/ 08:07<br \/>\nA butterfly changes life\u2019s daily flow in a small community.<br \/>\n&#8211;<br \/>\n[ig] <a href=\"https:\/\/www.instagram.com\/suncanabr\">@suncanabr<\/a> <a href=\"https:\/\/www.instagram.com\/adriaticanimation\">@adriaticanimation<\/a> <a href=\"https:\/\/www.instagram.com\/bonobostudio_zagreb\">@bonobostudio_zagreb<\/a><\/p>\n<p><img loading=\"lazy\" decoding=\"async\" class=\"alignnone size-large wp-image-13053\" src=\"https:\/\/minikino.org\/filmweek\/wp-content\/uploads\/sites\/4\/2024\/07\/See-You-on-the-Other-side-MFW12018-1024x258.webp\" alt=\"\" width=\"640\" height=\"161\" srcset=\"https:\/\/minikino.org\/filmweek\/wp-content\/uploads\/sites\/4\/2024\/07\/See-You-on-the-Other-side-MFW12018-1024x258.webp 1024w, https:\/\/minikino.org\/filmweek\/wp-content\/uploads\/sites\/4\/2024\/07\/See-You-on-the-Other-side-MFW12018-300x76.webp 300w, https:\/\/minikino.org\/filmweek\/wp-content\/uploads\/sites\/4\/2024\/07\/See-You-on-the-Other-side-MFW12018-768x193.webp 768w, https:\/\/minikino.org\/filmweek\/wp-content\/uploads\/sites\/4\/2024\/07\/See-You-on-the-Other-side-MFW12018-1536x387.webp 1536w, https:\/\/minikino.org\/filmweek\/wp-content\/uploads\/sites\/4\/2024\/07\/See-You-on-the-Other-side-MFW12018.webp 1965w\" sizes=\"auto, (max-width: 640px) 100vw, 640px\" \/><\/p>\n<p><strong>SEE YOU ON THE OTHER SIDE (\uae38 \uac74\ub108\uc5d0\uc11c \ub9cc\ub098\uc694)<\/strong><br \/>\n[d][w] Jung Haeji<br \/>\nSouth Korea \/ 2023 \/ Animation \/ 08:30<br \/>\nThe two girls friendship started to changewhen the season shiked from a cold winter to a dazzling summer.<br \/>\n&#8211;<\/p>\n<p><img loading=\"lazy\" decoding=\"async\" class=\"alignnone size-large wp-image-13046\" src=\"https:\/\/minikino.org\/filmweek\/wp-content\/uploads\/sites\/4\/2024\/07\/Somni-MFW11695-1024x258.webp\" alt=\"\" width=\"640\" height=\"161\" srcset=\"https:\/\/minikino.org\/filmweek\/wp-content\/uploads\/sites\/4\/2024\/07\/Somni-MFW11695-1024x258.webp 1024w, https:\/\/minikino.org\/filmweek\/wp-content\/uploads\/sites\/4\/2024\/07\/Somni-MFW11695-300x76.webp 300w, https:\/\/minikino.org\/filmweek\/wp-content\/uploads\/sites\/4\/2024\/07\/Somni-MFW11695-768x193.webp 768w, https:\/\/minikino.org\/filmweek\/wp-content\/uploads\/sites\/4\/2024\/07\/Somni-MFW11695-1536x387.webp 1536w, https:\/\/minikino.org\/filmweek\/wp-content\/uploads\/sites\/4\/2024\/07\/Somni-MFW11695.webp 1965w\" sizes=\"auto, (max-width: 640px) 100vw, 640px\" \/><\/p>\n<p><strong>SOMNI<\/strong><br \/>\n[d][w] Sonja Rohleder<br \/>\nGermany \/ 2023 \/ Animation \/ 03:15<br \/>\nThe sun sets and the eyes are closing. The little monkey glides gently to sleep. Suddenly the world gets darker and wild.<br \/>\n&#8211;<br \/>\nAwards\/Screenings: Berlinale Generation, LIAF London International Animation Festival<\/p>\n<p><img loading=\"lazy\" decoding=\"async\" class=\"alignnone size-large wp-image-13104\" src=\"https:\/\/minikino.org\/filmweek\/wp-content\/uploads\/sites\/4\/2024\/07\/Ferarri-Mein-Papa-fahrt-Ferarri-MFW12045-1024x258.webp\" alt=\"\" width=\"640\" height=\"161\" srcset=\"https:\/\/minikino.org\/filmweek\/wp-content\/uploads\/sites\/4\/2024\/07\/Ferarri-Mein-Papa-fahrt-Ferarri-MFW12045-1024x258.webp 1024w, https:\/\/minikino.org\/filmweek\/wp-content\/uploads\/sites\/4\/2024\/07\/Ferarri-Mein-Papa-fahrt-Ferarri-MFW12045-300x76.webp 300w, https:\/\/minikino.org\/filmweek\/wp-content\/uploads\/sites\/4\/2024\/07\/Ferarri-Mein-Papa-fahrt-Ferarri-MFW12045-768x193.webp 768w, https:\/\/minikino.org\/filmweek\/wp-content\/uploads\/sites\/4\/2024\/07\/Ferarri-Mein-Papa-fahrt-Ferarri-MFW12045-1536x387.webp 1536w, https:\/\/minikino.org\/filmweek\/wp-content\/uploads\/sites\/4\/2024\/07\/Ferarri-Mein-Papa-fahrt-Ferarri-MFW12045.webp 1965w\" sizes=\"auto, (max-width: 640px) 100vw, 640px\" \/><\/p>\n<p><strong>FERARRI (Mein Papa f\u00e4hrt Ferarri)<\/strong><br \/>\n[d][w] Philip Ivancsics<br \/>\nAustria \/ 2024 \/ Fiction \/ 07:35<br \/>\nA 12-year-old&#8217;s struggle to prevent his 70-year-old dad from attending his classmate&#8217;s party leads to a tricky situation.<br \/>\n&#8211;<br \/>\nAwards\/Screenings: Goldener Spatz 2024 (Germany, 2024) \/\/ ShorTS International Film Festival Trieste (Italy 2024)<\/p>\n<hr \/>\n<h3 id=\"LOSTFOUND\"><strong>LOST &amp; FOUND<\/strong><\/h3>\n<p>Be kind, my dear\u2026<br \/>\n13+<br \/>\nDuration: 76:53<\/p>\n<table id=\"schedule\" border=\"0\" width=\"100%\">\n<tbody>\n<tr>\n<th rowspan=\"1\" width=\"25%\">DATE<\/th>\n<th width=\"10%\">SHOW TIME<\/th>\n<th width=\"35%\"><strong>VENUE<\/strong><\/th>\n<\/tr>\n<tr>\n<td width=\"25%\">SAB\/SAT 14<\/td>\n<td width=\"10%\">19:45<\/td>\n<td width=\"35%\"><a href=\"https:\/\/minikino.org\/kebunberdaya\" target=\"_blank\" rel=\"noopener\">Community Screen: Kebun Berdaya Natah Rare<\/a><\/td>\n<\/tr>\n<tr>\n<td rowspan=\"1\" width=\"25%\">SEL\/TUE 17<\/td>\n<td width=\"10%\">14:00<\/td>\n<td width=\"35%\"><a href=\"https:\/\/minikino.org\/DNA\" target=\"_blank\" rel=\"noopener\">Dharma Negara Alaya Audio Visual<\/a><\/td>\n<\/tr>\n<tr>\n<td rowspan=\"1\" width=\"25%\">RAB\/WED 18<\/td>\n<td width=\"10%\">10:15<\/td>\n<td width=\"35%\"><a href=\"https:\/\/minikino.org\/mashdenpasar\" target=\"_blank\" rel=\"noopener\">MASH Denpasar Art House Cinema<\/a><\/td>\n<\/tr>\n<tr>\n<td align=\"right\"><strong>Note<\/strong>:<\/td>\n<td><em>WITA (+8 GMT)<\/em><\/td>\n<td><\/td>\n<\/tr>\n<\/tbody>\n<\/table>\n<p><img loading=\"lazy\" decoding=\"async\" class=\"alignnone size-large wp-image-13035\" src=\"https:\/\/minikino.org\/filmweek\/wp-content\/uploads\/sites\/4\/2024\/07\/Teacups-MFW12366-1024x258.webp\" alt=\"\" width=\"640\" height=\"161\" srcset=\"https:\/\/minikino.org\/filmweek\/wp-content\/uploads\/sites\/4\/2024\/07\/Teacups-MFW12366-1024x258.webp 1024w, https:\/\/minikino.org\/filmweek\/wp-content\/uploads\/sites\/4\/2024\/07\/Teacups-MFW12366-300x76.webp 300w, https:\/\/minikino.org\/filmweek\/wp-content\/uploads\/sites\/4\/2024\/07\/Teacups-MFW12366-768x193.webp 768w, https:\/\/minikino.org\/filmweek\/wp-content\/uploads\/sites\/4\/2024\/07\/Teacups-MFW12366-1536x387.webp 1536w, https:\/\/minikino.org\/filmweek\/wp-content\/uploads\/sites\/4\/2024\/07\/Teacups-MFW12366.webp 1965w\" sizes=\"auto, (max-width: 640px) 100vw, 640px\" \/><\/p>\n<p><strong>TEACUPS<\/strong><br \/>\n[d][w] Alec Green &amp; Finbar Watson<br \/>\nAustralia &amp; Ireland \/ 2023 \/ Animation \/ 07:40<br \/>\nFor almost half a century, Don Ritchie would approach people contemplating suicide across the road from his house.<br \/>\n&#8211;<br \/>\nAwards\/Screenings: Yoram Gross Award for Best Animation (Oscar-Qualifying) &#8211; Sydney Film Festival 2023 \/\/ Best in Show (Oscar-Qualifying) &#8211; Spark Animation Festival 2023<br \/>\n[ig] <a href=\"https:\/\/www.instagram.com\/teacupsfilm\">@teacupsfilm<\/a><\/p>\n<p><img loading=\"lazy\" decoding=\"async\" class=\"alignnone size-large wp-image-13023\" src=\"https:\/\/minikino.org\/filmweek\/wp-content\/uploads\/sites\/4\/2024\/07\/The-ramp-La-rampa-MFW12105-1024x258.webp\" alt=\"\" width=\"640\" height=\"161\" srcset=\"https:\/\/minikino.org\/filmweek\/wp-content\/uploads\/sites\/4\/2024\/07\/The-ramp-La-rampa-MFW12105-1024x258.webp 1024w, https:\/\/minikino.org\/filmweek\/wp-content\/uploads\/sites\/4\/2024\/07\/The-ramp-La-rampa-MFW12105-300x76.webp 300w, https:\/\/minikino.org\/filmweek\/wp-content\/uploads\/sites\/4\/2024\/07\/The-ramp-La-rampa-MFW12105-768x193.webp 768w, https:\/\/minikino.org\/filmweek\/wp-content\/uploads\/sites\/4\/2024\/07\/The-ramp-La-rampa-MFW12105-1536x387.webp 1536w, https:\/\/minikino.org\/filmweek\/wp-content\/uploads\/sites\/4\/2024\/07\/The-ramp-La-rampa-MFW12105.webp 1965w\" sizes=\"auto, (max-width: 640px) 100vw, 640px\" \/><\/p>\n<p><strong>THE RAMP (La rampa)<\/strong><br \/>\n[d] Juanfer Andr\u00e9s \/ [w] Juanfer Andr\u00e9s, Laura Vago<br \/>\nSpain \/ 2023 \/ Fiction \/ 14:51<br \/>\nJusto has to carry her granddaughter Lola, a girl with cerebral palsy, up the stairs outside her house every day.<br \/>\n&#8211;<br \/>\nAwards\/Screenings: 28. Festiva de Cine de Zaragoza. Spain \/\/ \u00a1Viva! 30\u00ba Spanish and Latin American Film Festival. UK<br \/>\n[ig] <a href=\"https:\/\/www.instagram.com\/juanferandres\">@juanferandres<\/a> <a href=\"https:\/\/www.instagram.com\/agenciafreak\">@agenciafreak<\/a><\/p>\n<p><img loading=\"lazy\" decoding=\"async\" class=\"alignnone size-large wp-image-13059\" src=\"https:\/\/minikino.org\/filmweek\/wp-content\/uploads\/sites\/4\/2024\/07\/Rally-MFW11880-1024x258.webp\" alt=\"\" width=\"640\" height=\"161\" srcset=\"https:\/\/minikino.org\/filmweek\/wp-content\/uploads\/sites\/4\/2024\/07\/Rally-MFW11880-1024x258.webp 1024w, https:\/\/minikino.org\/filmweek\/wp-content\/uploads\/sites\/4\/2024\/07\/Rally-MFW11880-300x76.webp 300w, https:\/\/minikino.org\/filmweek\/wp-content\/uploads\/sites\/4\/2024\/07\/Rally-MFW11880-768x193.webp 768w, https:\/\/minikino.org\/filmweek\/wp-content\/uploads\/sites\/4\/2024\/07\/Rally-MFW11880-1536x387.webp 1536w, https:\/\/minikino.org\/filmweek\/wp-content\/uploads\/sites\/4\/2024\/07\/Rally-MFW11880.webp 1965w\" sizes=\"auto, (max-width: 640px) 100vw, 640px\" \/><\/p>\n<p><strong>RALLY<\/strong><br \/>\n[d][w] Myojung NOH<br \/>\nSouth Korea \/ 2022 \/ Animation \/ 05:14<br \/>\nTyrano, who was playing tennis alone, meets Brachi.<br \/>\n&#8211;<br \/>\nAwards\/Screenings: 2023 Tenerife Shorts \u2013 International Film Festival, Best Family Shorts \/ Spain \/\/ 2023<br \/>\nChicago International Children&#8217;s Film Festival, Competition \/ USA<\/p>\n<p><img loading=\"lazy\" decoding=\"async\" class=\"alignnone size-large wp-image-13125\" src=\"https:\/\/minikino.org\/filmweek\/wp-content\/uploads\/sites\/4\/2024\/07\/Benzina-MFW11961-1024x258.webp\" alt=\"\" width=\"640\" height=\"161\" srcset=\"https:\/\/minikino.org\/filmweek\/wp-content\/uploads\/sites\/4\/2024\/07\/Benzina-MFW11961-1024x258.webp 1024w, https:\/\/minikino.org\/filmweek\/wp-content\/uploads\/sites\/4\/2024\/07\/Benzina-MFW11961-300x76.webp 300w, https:\/\/minikino.org\/filmweek\/wp-content\/uploads\/sites\/4\/2024\/07\/Benzina-MFW11961-768x193.webp 768w, https:\/\/minikino.org\/filmweek\/wp-content\/uploads\/sites\/4\/2024\/07\/Benzina-MFW11961-1536x387.webp 1536w, https:\/\/minikino.org\/filmweek\/wp-content\/uploads\/sites\/4\/2024\/07\/Benzina-MFW11961.webp 1965w\" sizes=\"auto, (max-width: 640px) 100vw, 640px\" \/><\/p>\n<p><strong>BENZINA (Gasoline)<\/strong><br \/>\n[d][w] Daniel Daquino<br \/>\nItaly \/ 2023 \/ Fiction \/ 20:00<br \/>\nVincenzo, with OCD, runs a gas station on a quiet road. Only a woman seems to notice him and she lights something in Vincenzo.<br \/>\n&#8211;<br \/>\nAwards\/Screenings: Rome Independent Film Festival 2023, Italy (Official Selection) \/\/ I Corti sul lettino Cinema e psicoanalisi\u201d 2024, Italy (Best Short,Best Actor)<br \/>\n[ig] <a href=\"https:\/\/www.instagram.com\/sayonarafilm\">@sayonarafilm<\/a><\/p>\n<p><img loading=\"lazy\" decoding=\"async\" class=\"alignnone size-large wp-image-13086\" src=\"https:\/\/minikino.org\/filmweek\/wp-content\/uploads\/sites\/4\/2024\/07\/Le-bon-souffle-Just-Breathe-MFW12528-1024x258.webp\" alt=\"\" width=\"640\" height=\"161\" srcset=\"https:\/\/minikino.org\/filmweek\/wp-content\/uploads\/sites\/4\/2024\/07\/Le-bon-souffle-Just-Breathe-MFW12528-1024x258.webp 1024w, https:\/\/minikino.org\/filmweek\/wp-content\/uploads\/sites\/4\/2024\/07\/Le-bon-souffle-Just-Breathe-MFW12528-300x76.webp 300w, https:\/\/minikino.org\/filmweek\/wp-content\/uploads\/sites\/4\/2024\/07\/Le-bon-souffle-Just-Breathe-MFW12528-768x193.webp 768w, https:\/\/minikino.org\/filmweek\/wp-content\/uploads\/sites\/4\/2024\/07\/Le-bon-souffle-Just-Breathe-MFW12528-1536x387.webp 1536w, https:\/\/minikino.org\/filmweek\/wp-content\/uploads\/sites\/4\/2024\/07\/Le-bon-souffle-Just-Breathe-MFW12528.webp 1965w\" sizes=\"auto, (max-width: 640px) 100vw, 640px\" \/><\/p>\n<p><strong>LE BON SOUFFLE (Just Breathe)<\/strong><br \/>\n[d][w] Renaud Ouimet<br \/>\nCanada \/ 2022 \/ Fiction \/ 09:46<br \/>\nTo get the package he&#8217;s been waiting for, Damien challenges himself to go to the post office and confront his speech impediment.<br \/>\n&#8211;<br \/>\n[ig] <a href=\"https:\/\/www.instagram.com\/wlcmaboard\">@wlcmaboard<\/a><\/p>\n<p><img loading=\"lazy\" decoding=\"async\" class=\"alignnone size-large wp-image-13004\" src=\"https:\/\/minikino.org\/filmweek\/wp-content\/uploads\/sites\/4\/2024\/07\/Ultraveloci-MFW11964-1024x258.webp\" alt=\"\" width=\"640\" height=\"161\" srcset=\"https:\/\/minikino.org\/filmweek\/wp-content\/uploads\/sites\/4\/2024\/07\/Ultraveloci-MFW11964-1024x258.webp 1024w, https:\/\/minikino.org\/filmweek\/wp-content\/uploads\/sites\/4\/2024\/07\/Ultraveloci-MFW11964-300x76.webp 300w, https:\/\/minikino.org\/filmweek\/wp-content\/uploads\/sites\/4\/2024\/07\/Ultraveloci-MFW11964-768x193.webp 768w, https:\/\/minikino.org\/filmweek\/wp-content\/uploads\/sites\/4\/2024\/07\/Ultraveloci-MFW11964-1536x387.webp 1536w, https:\/\/minikino.org\/filmweek\/wp-content\/uploads\/sites\/4\/2024\/07\/Ultraveloci-MFW11964.webp 1965w\" sizes=\"auto, (max-width: 640px) 100vw, 640px\" \/><\/p>\n<p><strong>ULTRAVELOCI<\/strong><br \/>\n[d][w] Paolo Bonfadini, Davide Morando<br \/>\nItaly \/ 2023 \/ Fiction \/ 19:22<br \/>\nA man suffering from a form of partial paralysis finds himself alone for the first time having to defend the family workshop.<br \/>\n&#8211;<br \/>\nAwards\/Screenings: SHOW ME SHORTS FILM FESTIVAL (NEW ZEALAND)<br \/>\n[ig] <a href=\"https:\/\/www.instagram.com\/zen_movie\">@zen_movie<\/a> <a href=\"https:\/\/www.instagram.com\/paolo_bonfadini\">@paolo_bonfadini<\/a> <a href=\"https:\/\/www.instagram.com\/fosterwallaced\">@fosterwallaced<\/a> <a href=\"https:\/\/www.instagram.com\/ic_irenecotroneo\">@ic_irenecotroneo<\/a> <a href=\"https:\/\/www.instagram.com\/collettivoasterisco\">@collettivoasterisco<\/a><\/p>\n<hr \/>\n<h3 id=\"TRIBUTE\"><strong>TRIBUTE<\/strong><\/h3>\n<p>Empowering Palestinian stories.<br \/>\n13+<br \/>\nDuration: 62:05<\/p>\n<table id=\"schedule\" border=\"0\" width=\"100%\">\n<tbody>\n<tr>\n<th rowspan=\"1\" width=\"25%\">DATE<\/th>\n<th width=\"10%\">SHOW TIME<\/th>\n<th width=\"35%\"><strong>VENUE<\/strong><\/th>\n<\/tr>\n<tr>\n<td width=\"25%\">MIN\/SUN 15<\/td>\n<td width=\"10%\">20:45<\/td>\n<td width=\"35%\">\u00a0<a href=\"https:\/\/minikino.org\/kulidanspace\" target=\"_blank\" rel=\"noopener\">Community Screen: Kulidan Kitchen &amp; Space<\/a><\/td>\n<\/tr>\n<tr>\n<td rowspan=\"1\" width=\"25%\">MIN\/SUN 15<\/td>\n<td width=\"10%\">21:15<\/td>\n<td width=\"35%\"><a href=\"https:\/\/minikino.org\/marmarherrzstudio\" target=\"_blank\" rel=\"noopener\">MarmarHerrz Studio<\/a><\/td>\n<\/tr>\n<tr>\n<td rowspan=\"1\" width=\"25%\">SEL\/TUE 17<\/td>\n<td width=\"10%\">10:15<\/td>\n<td width=\"35%\"><a href=\"https:\/\/minikino.org\/mashdenpasar\" target=\"_blank\" rel=\"noopener\">MASH Denpasar Art House Cinema<\/a><\/td>\n<\/tr>\n<tr>\n<td align=\"right\"><strong>Note<\/strong>:<\/td>\n<td><em>WITA (+8 GMT)<\/em><\/td>\n<td><\/td>\n<\/tr>\n<\/tbody>\n<\/table>\n<p><img loading=\"lazy\" decoding=\"async\" class=\"alignnone size-large wp-image-13029\" src=\"https:\/\/minikino.org\/filmweek\/wp-content\/uploads\/sites\/4\/2024\/07\/The-Key-MFW12559-1024x258.webp\" alt=\"\" width=\"640\" height=\"161\" srcset=\"https:\/\/minikino.org\/filmweek\/wp-content\/uploads\/sites\/4\/2024\/07\/The-Key-MFW12559-1024x258.webp 1024w, https:\/\/minikino.org\/filmweek\/wp-content\/uploads\/sites\/4\/2024\/07\/The-Key-MFW12559-300x76.webp 300w, https:\/\/minikino.org\/filmweek\/wp-content\/uploads\/sites\/4\/2024\/07\/The-Key-MFW12559-768x193.webp 768w, https:\/\/minikino.org\/filmweek\/wp-content\/uploads\/sites\/4\/2024\/07\/The-Key-MFW12559-1536x387.webp 1536w, https:\/\/minikino.org\/filmweek\/wp-content\/uploads\/sites\/4\/2024\/07\/The-Key-MFW12559.webp 1965w\" sizes=\"auto, (max-width: 640px) 100vw, 640px\" \/><\/p>\n<p><strong>THE KEY<\/strong><br \/>\n[d] Rakan Mayasi \/ [w] Rakan Mayasi (Based on a story by Anwar Hamed)<br \/>\nPalestine, Belgium, Qatar, France \/ 2023 \/ Fiction \/ 18:30<br \/>\nA family\u2019s equilibrium gradually disintegrates as the mysterious sound of a key is heard every evening in their apartment door.<\/p>\n<p>&#8211;<br \/>\n[ig] <a href=\"https:\/\/www.instagram.com\/rainafilmfestivaldistribution\">@rainafilmfestivaldistribution<\/a><\/p>\n<p><img loading=\"lazy\" decoding=\"async\" class=\"alignnone size-large wp-image-13079\" src=\"https:\/\/minikino.org\/filmweek\/wp-content\/uploads\/sites\/4\/2024\/07\/Mar-Mama-MFW12612-1024x258.webp\" alt=\"\" width=\"640\" height=\"161\" srcset=\"https:\/\/minikino.org\/filmweek\/wp-content\/uploads\/sites\/4\/2024\/07\/Mar-Mama-MFW12612-1024x258.webp 1024w, https:\/\/minikino.org\/filmweek\/wp-content\/uploads\/sites\/4\/2024\/07\/Mar-Mama-MFW12612-300x76.webp 300w, https:\/\/minikino.org\/filmweek\/wp-content\/uploads\/sites\/4\/2024\/07\/Mar-Mama-MFW12612-768x193.webp 768w, https:\/\/minikino.org\/filmweek\/wp-content\/uploads\/sites\/4\/2024\/07\/Mar-Mama-MFW12612-1536x387.webp 1536w, https:\/\/minikino.org\/filmweek\/wp-content\/uploads\/sites\/4\/2024\/07\/Mar-Mama-MFW12612.webp 1965w\" sizes=\"auto, (max-width: 640px) 100vw, 640px\" \/><\/p>\n<p><strong>MAR MAMA<\/strong><br \/>\n[d][w] Majdi El Omari<br \/>\nPalestine \/ 2023 \/ Fiction \/ 15:36<br \/>\nWith her mother&#8217;s death and recurring attacks by Israeli forces on her city, a young girl becomes obsessed with death.<br \/>\n&#8211;<br \/>\nAwards\/Screenings: IndieCork Film Festival 2023, Ireland \/\/ Ismailia International Film Festival 2024<br \/>\n[ig] <a href=\"https:\/\/www.instagram.com\/madshorts_\">@madshorts_<\/a><\/p>\n<p><img loading=\"lazy\" decoding=\"async\" class=\"alignnone size-large wp-image-13067\" src=\"https:\/\/minikino.org\/filmweek\/wp-content\/uploads\/sites\/4\/2024\/07\/Palestine-87-MFW12192-1024x258.webp\" alt=\"\" width=\"640\" height=\"161\" srcset=\"https:\/\/minikino.org\/filmweek\/wp-content\/uploads\/sites\/4\/2024\/07\/Palestine-87-MFW12192-1024x258.webp 1024w, https:\/\/minikino.org\/filmweek\/wp-content\/uploads\/sites\/4\/2024\/07\/Palestine-87-MFW12192-300x76.webp 300w, https:\/\/minikino.org\/filmweek\/wp-content\/uploads\/sites\/4\/2024\/07\/Palestine-87-MFW12192-768x193.webp 768w, https:\/\/minikino.org\/filmweek\/wp-content\/uploads\/sites\/4\/2024\/07\/Palestine-87-MFW12192-1536x387.webp 1536w, https:\/\/minikino.org\/filmweek\/wp-content\/uploads\/sites\/4\/2024\/07\/Palestine-87-MFW12192.webp 1965w\" sizes=\"auto, (max-width: 640px) 100vw, 640px\" \/><\/p>\n<p><strong>PALESTINE 87<\/strong><br \/>\n[d][w] Bilal Alkhatib<br \/>\nPalestine \/ 2022 \/ Fiction \/ 12:40<br \/>\nA man fleeing the Israeli army during the First Palestinian Intifada is sheltered by two strangers who prevent his<br \/>\ncapture.<br \/>\n&#8211;<\/p>\n<p><img loading=\"lazy\" decoding=\"async\" class=\"alignnone size-large wp-image-13091\" src=\"https:\/\/minikino.org\/filmweek\/wp-content\/uploads\/sites\/4\/2024\/07\/In-the-Waiting-Room-MFW12607-1024x258.webp\" alt=\"\" width=\"640\" height=\"161\" srcset=\"https:\/\/minikino.org\/filmweek\/wp-content\/uploads\/sites\/4\/2024\/07\/In-the-Waiting-Room-MFW12607-1024x258.webp 1024w, https:\/\/minikino.org\/filmweek\/wp-content\/uploads\/sites\/4\/2024\/07\/In-the-Waiting-Room-MFW12607-300x76.webp 300w, https:\/\/minikino.org\/filmweek\/wp-content\/uploads\/sites\/4\/2024\/07\/In-the-Waiting-Room-MFW12607-768x193.webp 768w, https:\/\/minikino.org\/filmweek\/wp-content\/uploads\/sites\/4\/2024\/07\/In-the-Waiting-Room-MFW12607-1536x387.webp 1536w, https:\/\/minikino.org\/filmweek\/wp-content\/uploads\/sites\/4\/2024\/07\/In-the-Waiting-Room-MFW12607.webp 1965w\" sizes=\"auto, (max-width: 640px) 100vw, 640px\" \/><\/p>\n<p><strong>IN THE WAITING ROOM<\/strong><br \/>\n[d][w] Moatasem Taha<br \/>\nPalestine \/ 2023 \/ Fiction \/ 15:19<br \/>\nHussein a Palestinian Arab guy accompanies his newly widowed mother to Israeli Hospital.<br \/>\n&#8211;<br \/>\nAwards\/Screenings: Dublin International Film Festival, Ireland (World Premiere) \/\/ Ibiza Independent Film<br \/>\nFestival, Spain<br \/>\n[ig] <a href=\"https:\/\/www.instagram.com\/madshorts_\">@madshorts_<\/a><\/p>\n<div class=\"divider\" style=\"margin-top:20px; margin-bottom:20px; border-top:3px solid #e81d2a;width:100%\"\/><\/div>\n<h2 id=\"MIND\"><strong>A HEALTHY DOSE FOR YOUR MIND<\/strong><\/h2>\n<hr \/>\n<h3 id=\"DILEMMA\"><strong>DILEMMA<\/strong><\/h3>\n<p>Duration: 77:58<br \/>\nA checkpoint where tension, conscience, and consequences meet.<br \/>\n18+<\/p>\n<table id=\"schedule\" border=\"0\" width=\"100%\">\n<tbody>\n<tr>\n<th rowspan=\"1\" width=\"25%\">DATE<\/th>\n<th width=\"10%\">SHOW TIME<\/th>\n<th width=\"35%\"><strong>VENUE<\/strong><\/th>\n<\/tr>\n<tr>\n<td width=\"25%\">SEL\/TUE 17<\/td>\n<td width=\"10%\">20:30<\/td>\n<td width=\"35%\"><a href=\"https:\/\/minikino.org\/afbali\" target=\"_blank\" rel=\"noopener\">Alliance Fran\u00e7aise Bali<\/a><\/td>\n<\/tr>\n<tr>\n<td rowspan=\"1\" width=\"25%\">RAB\/WED 18<\/td>\n<td width=\"10%\">13:30<\/td>\n<td width=\"35%\"><a href=\"https:\/\/minikino.org\/mashliving\" target=\"_blank\" rel=\"noopener\">MASH Denpasar Living Room<\/a><\/td>\n<\/tr>\n<tr>\n<td rowspan=\"1\" width=\"25%\">KAM\/THU 19<\/td>\n<td width=\"10%\">16:45<\/td>\n<td width=\"35%\"><a href=\"https:\/\/minikino.org\/mashdenpasar\" target=\"_blank\" rel=\"noopener\">MASH Denpasar Art House Cinema<\/a><\/td>\n<\/tr>\n<tr>\n<td align=\"right\"><strong>Note<\/strong>:<\/td>\n<td><em>WITA (+8 GMT)<\/em><\/td>\n<td><\/td>\n<\/tr>\n<\/tbody>\n<\/table>\n<p><img loading=\"lazy\" decoding=\"async\" class=\"alignnone size-large wp-image-13134\" src=\"https:\/\/minikino.org\/filmweek\/wp-content\/uploads\/sites\/4\/2024\/07\/Around-The-Corner-Za-vogalom-MW024F0056-1024x258.webp\" alt=\"\" width=\"640\" height=\"161\" srcset=\"https:\/\/minikino.org\/filmweek\/wp-content\/uploads\/sites\/4\/2024\/07\/Around-The-Corner-Za-vogalom-MW024F0056-1024x258.webp 1024w, https:\/\/minikino.org\/filmweek\/wp-content\/uploads\/sites\/4\/2024\/07\/Around-The-Corner-Za-vogalom-MW024F0056-300x76.webp 300w, https:\/\/minikino.org\/filmweek\/wp-content\/uploads\/sites\/4\/2024\/07\/Around-The-Corner-Za-vogalom-MW024F0056-768x193.webp 768w, https:\/\/minikino.org\/filmweek\/wp-content\/uploads\/sites\/4\/2024\/07\/Around-The-Corner-Za-vogalom-MW024F0056-1536x387.webp 1536w, https:\/\/minikino.org\/filmweek\/wp-content\/uploads\/sites\/4\/2024\/07\/Around-The-Corner-Za-vogalom-MW024F0056.webp 1965w\" sizes=\"auto, (max-width: 640px) 100vw, 640px\" \/><\/p>\n<p><strong>AROUND THE CORNER (Za vogalom)<\/strong><br \/>\n[d][w] Martin Turk<br \/>\nSlovenia \/ 2022 \/ Fiction \/ 13:16<br \/>\n12 years old boy Nejc witnesses teenage bullying. He befriends Timi, the victim of violence.<br \/>\n&#8211;<br \/>\nAwards\/Screenings: Special mention \u2013 28th International Children\u2019s Film Festival (\u2026and not so children) \/\/ Uppsala SFF<br \/>\n[ig] <a href=\"https:\/\/www.instagram.com\/belafilm\">@belafilm<\/a><\/p>\n<p><img loading=\"lazy\" decoding=\"async\" class=\"alignnone size-large wp-image-12996\" src=\"https:\/\/minikino.org\/filmweek\/wp-content\/uploads\/sites\/4\/2024\/07\/Wings-MFW11967-1024x258.webp\" alt=\"\" width=\"640\" height=\"161\" srcset=\"https:\/\/minikino.org\/filmweek\/wp-content\/uploads\/sites\/4\/2024\/07\/Wings-MFW11967-1024x258.webp 1024w, https:\/\/minikino.org\/filmweek\/wp-content\/uploads\/sites\/4\/2024\/07\/Wings-MFW11967-300x76.webp 300w, https:\/\/minikino.org\/filmweek\/wp-content\/uploads\/sites\/4\/2024\/07\/Wings-MFW11967-768x193.webp 768w, https:\/\/minikino.org\/filmweek\/wp-content\/uploads\/sites\/4\/2024\/07\/Wings-MFW11967-1536x387.webp 1536w, https:\/\/minikino.org\/filmweek\/wp-content\/uploads\/sites\/4\/2024\/07\/Wings-MFW11967.webp 1965w\" sizes=\"auto, (max-width: 640px) 100vw, 640px\" \/><\/p>\n<p><strong>WINGS<\/strong><br \/>\n[d] Fivos Imellos \/ [w] Fivos Imellos, Nancy Spetsioti<br \/>\nGreece \/ 2023 \/ Fiction \/ 17:33<br \/>\nA woman receives a startling phone call from her son, while waiting for him and his girlfriend over for lunch.<br \/>\n&#8211;<br \/>\nAwards\/Screenings: Int. Short Film Festival In Drama (Greece) \/\/ Tirana Int. Film Festival (Albania)<br \/>\n[ig] <a href=\"https:\/\/www.instagram.com\/zen_movie\">@zen_movie<\/a> <a href=\"https:\/\/www.instagram.com\/fivosimellos\">@fivosimellos<\/a> <a href=\"https:\/\/www.instagram.com\/wings_short_film\">@wings_short_film<\/a> <a href=\"https:\/\/www.instagram.com\/acehouse_productions\">@acehouse_productions<\/a><\/p>\n<p><img loading=\"lazy\" decoding=\"async\" class=\"alignnone size-large wp-image-13085\" src=\"https:\/\/minikino.org\/filmweek\/wp-content\/uploads\/sites\/4\/2024\/07\/Le-Fait-Divers-The-News-Item-MW024F0001-1024x258.webp\" alt=\"\" width=\"640\" height=\"161\" srcset=\"https:\/\/minikino.org\/filmweek\/wp-content\/uploads\/sites\/4\/2024\/07\/Le-Fait-Divers-The-News-Item-MW024F0001-1024x258.webp 1024w, https:\/\/minikino.org\/filmweek\/wp-content\/uploads\/sites\/4\/2024\/07\/Le-Fait-Divers-The-News-Item-MW024F0001-300x76.webp 300w, https:\/\/minikino.org\/filmweek\/wp-content\/uploads\/sites\/4\/2024\/07\/Le-Fait-Divers-The-News-Item-MW024F0001-768x193.webp 768w, https:\/\/minikino.org\/filmweek\/wp-content\/uploads\/sites\/4\/2024\/07\/Le-Fait-Divers-The-News-Item-MW024F0001-1536x387.webp 1536w, https:\/\/minikino.org\/filmweek\/wp-content\/uploads\/sites\/4\/2024\/07\/Le-Fait-Divers-The-News-Item-MW024F0001.webp 1965w\" sizes=\"auto, (max-width: 640px) 100vw, 640px\" \/><\/p>\n<p><strong>LE FAIT DIVERS (The news item)<\/strong><br \/>\n[d][w] Charles Cabon<br \/>\nFrance \/ 2023 \/ Fiction \/ 15:29<br \/>\nJulien, has a job appointment. His fianc\u00e9e called him : there had been an accident on the road he had taken.<br \/>\n&#8211;<br \/>\nAwards\/Screenings: Best first-time director, short film (Berlin Indie Film Festival)\/\/Official selection in International competition of Lanzarote Festival 2024<br \/>\n[ig] <a href=\"https:\/\/www.instagram.com\/lamaisondecharlesfilms\">@lamaisondecharlesfilms<\/a><\/p>\n<p><img loading=\"lazy\" decoding=\"async\" class=\"alignnone size-large wp-image-13102\" src=\"https:\/\/minikino.org\/filmweek\/wp-content\/uploads\/sites\/4\/2024\/07\/Forsaken-MFW12602-1024x258.webp\" alt=\"\" width=\"640\" height=\"161\" srcset=\"https:\/\/minikino.org\/filmweek\/wp-content\/uploads\/sites\/4\/2024\/07\/Forsaken-MFW12602-1024x258.webp 1024w, https:\/\/minikino.org\/filmweek\/wp-content\/uploads\/sites\/4\/2024\/07\/Forsaken-MFW12602-300x76.webp 300w, https:\/\/minikino.org\/filmweek\/wp-content\/uploads\/sites\/4\/2024\/07\/Forsaken-MFW12602-768x193.webp 768w, https:\/\/minikino.org\/filmweek\/wp-content\/uploads\/sites\/4\/2024\/07\/Forsaken-MFW12602-1536x387.webp 1536w, https:\/\/minikino.org\/filmweek\/wp-content\/uploads\/sites\/4\/2024\/07\/Forsaken-MFW12602.webp 1965w\" sizes=\"auto, (max-width: 640px) 100vw, 640px\" \/><\/p>\n<p><strong>FORSAKEN<\/strong><br \/>\n[d][w] Aziz Shennawy<br \/>\nTunisia \/ 2023 \/ Fiction \/ 13:41<br \/>\nAfter Meriem decides to treat herself to a vacation, she finds the body of a sub-saharan african man drowned in front of her<br \/>\n&#8211;<br \/>\nAwards\/Screenings: Ghent international film festival 2024, Belgium<br \/>\n[ig] <a href=\"https:\/\/www.instagram.com\/madshorts_\">@madshorts_<\/a><\/p>\n<p><img loading=\"lazy\" decoding=\"async\" class=\"alignnone size-large wp-image-13044\" src=\"https:\/\/minikino.org\/filmweek\/wp-content\/uploads\/sites\/4\/2024\/07\/Spook-MFW12110-1024x258.webp\" alt=\"\" width=\"640\" height=\"161\" srcset=\"https:\/\/minikino.org\/filmweek\/wp-content\/uploads\/sites\/4\/2024\/07\/Spook-MFW12110-1024x258.webp 1024w, https:\/\/minikino.org\/filmweek\/wp-content\/uploads\/sites\/4\/2024\/07\/Spook-MFW12110-300x76.webp 300w, https:\/\/minikino.org\/filmweek\/wp-content\/uploads\/sites\/4\/2024\/07\/Spook-MFW12110-768x193.webp 768w, https:\/\/minikino.org\/filmweek\/wp-content\/uploads\/sites\/4\/2024\/07\/Spook-MFW12110-1536x387.webp 1536w, https:\/\/minikino.org\/filmweek\/wp-content\/uploads\/sites\/4\/2024\/07\/Spook-MFW12110.webp 1965w\" sizes=\"auto, (max-width: 640px) 100vw, 640px\" \/><\/p>\n<p><strong>SPOOK (Gjenferd)<\/strong><br \/>\n[d] Nils Johan Nesse \/ [w] Nils Johan Nesse, Jamie Turville<br \/>\nNorway \/ 2023 \/ Fiction \/ 17:59<br \/>\nA man caring for his chronically ill mother vents his frustration by dressing up as a dead colonel to spook the<br \/>\ntownspeople.<br \/>\n&#8211;<\/p>\n<hr \/>\n<h3 id=\"FAMILIAR\"><strong>FAMILIAR STRANGER<\/strong><\/h3>\n<p>Duration: 85:33<br \/>\nBeyond bias and stereotypes.<br \/>\n18+<\/p>\n<table id=\"schedule\" border=\"0\" width=\"100%\">\n<tbody>\n<tr>\n<th rowspan=\"1\" width=\"25%\">DATE<\/th>\n<th width=\"10%\">SHOW TIME<\/th>\n<th width=\"35%\"><strong>VENUE<\/strong><\/th>\n<\/tr>\n<tr>\n<td width=\"25%\">SEN\/MON 16<\/td>\n<td width=\"10%\">13:00<\/td>\n<td width=\"35%\"><a href=\"https:\/\/minikino.org\/LSPRBali\" target=\"_blank\" rel=\"noopener\">LSPR Bali<\/a><\/td>\n<\/tr>\n<tr>\n<td rowspan=\"1\" width=\"25%\">SEL\/TUE 17<\/td>\n<td width=\"10%\">12:00<\/td>\n<td width=\"35%\"><a href=\"https:\/\/minikino.org\/mashdenpasar\" target=\"_blank\" rel=\"noopener\">MASH Denpasar Art House Cinema<\/a><\/td>\n<\/tr>\n<tr>\n<td rowspan=\"1\" width=\"25%\">RAB\/WED 18<\/td>\n<td width=\"10%\">18:00<\/td>\n<td width=\"35%\"><a href=\"https:\/\/minikino.org\/mashliving\" target=\"_blank\" rel=\"noopener\">MASH Denpasar Living Room<\/a><\/td>\n<\/tr>\n<tr>\n<td align=\"right\"><strong>Note<\/strong>:<\/td>\n<td><em>WITA (+8 GMT)<\/em><\/td>\n<td><\/td>\n<\/tr>\n<\/tbody>\n<\/table>\n<p><img loading=\"lazy\" decoding=\"async\" class=\"alignnone size-large wp-image-13100\" src=\"https:\/\/minikino.org\/filmweek\/wp-content\/uploads\/sites\/4\/2024\/07\/Game-Rules-MFW12630-1024x258.webp\" alt=\"\" width=\"640\" height=\"161\" srcset=\"https:\/\/minikino.org\/filmweek\/wp-content\/uploads\/sites\/4\/2024\/07\/Game-Rules-MFW12630-1024x258.webp 1024w, https:\/\/minikino.org\/filmweek\/wp-content\/uploads\/sites\/4\/2024\/07\/Game-Rules-MFW12630-300x76.webp 300w, https:\/\/minikino.org\/filmweek\/wp-content\/uploads\/sites\/4\/2024\/07\/Game-Rules-MFW12630-768x193.webp 768w, https:\/\/minikino.org\/filmweek\/wp-content\/uploads\/sites\/4\/2024\/07\/Game-Rules-MFW12630-1536x387.webp 1536w, https:\/\/minikino.org\/filmweek\/wp-content\/uploads\/sites\/4\/2024\/07\/Game-Rules-MFW12630.webp 1965w\" sizes=\"auto, (max-width: 640px) 100vw, 640px\" \/><\/p>\n<p><strong>GAME RULES (Spelregler)<\/strong><br \/>\n[d] Christian Zetterberg \/ [w] Albin Abrahamsson<br \/>\nSweden \/ 2024 \/ Fiction \/ 11:30<br \/>\nA youth handball team enters their first major tournament, but adults disrupt it, questioning who\u2019s really allowed to play.<br \/>\n&#8211;<br \/>\n[ig] <a href=\"https:\/\/www.instagram.com\/chrillezetterberg\">@chrillezetterberg<\/a><\/p>\n<p><img loading=\"lazy\" decoding=\"async\" class=\"alignnone size-large wp-image-13055\" src=\"https:\/\/minikino.org\/filmweek\/wp-content\/uploads\/sites\/4\/2024\/07\/Sawo-Matang-MFW12162-1024x258.webp\" alt=\"\" width=\"640\" height=\"161\" srcset=\"https:\/\/minikino.org\/filmweek\/wp-content\/uploads\/sites\/4\/2024\/07\/Sawo-Matang-MFW12162-1024x258.webp 1024w, https:\/\/minikino.org\/filmweek\/wp-content\/uploads\/sites\/4\/2024\/07\/Sawo-Matang-MFW12162-300x76.webp 300w, https:\/\/minikino.org\/filmweek\/wp-content\/uploads\/sites\/4\/2024\/07\/Sawo-Matang-MFW12162-768x193.webp 768w, https:\/\/minikino.org\/filmweek\/wp-content\/uploads\/sites\/4\/2024\/07\/Sawo-Matang-MFW12162-1536x387.webp 1536w, https:\/\/minikino.org\/filmweek\/wp-content\/uploads\/sites\/4\/2024\/07\/Sawo-Matang-MFW12162.webp 1965w\" sizes=\"auto, (max-width: 640px) 100vw, 640px\" \/><\/p>\n<p><strong>SAWO MATANG<\/strong><br \/>\n[d] Andrea Nirmala Widjajanto<br \/>\nIndonesia, Canada, USA \/ 2023 \/ Fiction \/ 20:46<br \/>\nIn a post-New Order Jakarta, Nala is torn when her crush asks her to perform a ritual meant only for Native Indonesians.<br \/>\n&#8211;<br \/>\nAwards\/Screenings: Toronto International Film Festival, Canada (2023) \/\/ Toronto Reel Asian International Film<br \/>\nFestival, Canada (2023) Won: Air Canada Short Film Award<\/p>\n<p><img loading=\"lazy\" decoding=\"async\" class=\"alignnone size-large wp-image-13020\" src=\"https:\/\/minikino.org\/filmweek\/wp-content\/uploads\/sites\/4\/2024\/07\/The-Robbers-Die-Rauberinnen-MFW11988-1024x258.webp\" alt=\"\" width=\"640\" height=\"161\" srcset=\"https:\/\/minikino.org\/filmweek\/wp-content\/uploads\/sites\/4\/2024\/07\/The-Robbers-Die-Rauberinnen-MFW11988-1024x258.webp 1024w, https:\/\/minikino.org\/filmweek\/wp-content\/uploads\/sites\/4\/2024\/07\/The-Robbers-Die-Rauberinnen-MFW11988-300x76.webp 300w, https:\/\/minikino.org\/filmweek\/wp-content\/uploads\/sites\/4\/2024\/07\/The-Robbers-Die-Rauberinnen-MFW11988-768x193.webp 768w, https:\/\/minikino.org\/filmweek\/wp-content\/uploads\/sites\/4\/2024\/07\/The-Robbers-Die-Rauberinnen-MFW11988-1536x387.webp 1536w, https:\/\/minikino.org\/filmweek\/wp-content\/uploads\/sites\/4\/2024\/07\/The-Robbers-Die-Rauberinnen-MFW11988.webp 1965w\" sizes=\"auto, (max-width: 640px) 100vw, 640px\" \/><\/p>\n<p><strong>THE ROBBERS (Die R\u00e4uberinnen)<\/strong><br \/>\n[d][w] Isa Schieche<br \/>\nAustria \/ 2023 \/ Fiction \/ 15:45<br \/>\nThree female robbers plan a heist and work on disguising themselves as men in an idyllic rural setting.<br \/>\n&#8211;<br \/>\nAwards\/Screenings: Max Oph\u00fcls Preis 2024 (Germany 2024) &#8211; Best Short Film \/\/ SXSW Film Festival (USA 2024)<br \/>\n[ig] <a href=\"https:\/\/www.instagram.com\/isaschieche\">@isaschieche<\/a><\/p>\n<p><img loading=\"lazy\" decoding=\"async\" class=\"alignnone wp-image-13129 size-large\" src=\"https:\/\/minikino.org\/filmweek\/wp-content\/uploads\/sites\/4\/2024\/07\/Balek-ke-Jambi-MFW12486-1024x258.webp\" alt=\"\" width=\"640\" height=\"161\" srcset=\"https:\/\/minikino.org\/filmweek\/wp-content\/uploads\/sites\/4\/2024\/07\/Balek-ke-Jambi-MFW12486-1024x258.webp 1024w, https:\/\/minikino.org\/filmweek\/wp-content\/uploads\/sites\/4\/2024\/07\/Balek-ke-Jambi-MFW12486-300x76.webp 300w, https:\/\/minikino.org\/filmweek\/wp-content\/uploads\/sites\/4\/2024\/07\/Balek-ke-Jambi-MFW12486-768x193.webp 768w, https:\/\/minikino.org\/filmweek\/wp-content\/uploads\/sites\/4\/2024\/07\/Balek-ke-Jambi-MFW12486-1536x387.webp 1536w, https:\/\/minikino.org\/filmweek\/wp-content\/uploads\/sites\/4\/2024\/07\/Balek-ke-Jambi-MFW12486.webp 1965w\" sizes=\"auto, (max-width: 640px) 100vw, 640px\" \/><\/p>\n<p><strong>BALEK KE JAMBI (To Face My Father in Jambi)<\/strong><br \/>\n[d] Anggun Pradesha<br \/>\nIndonesia \/ 2023 \/ Documentary \/ 24:58<br \/>\nAfter 8 years away, Anggun, a trans woman, returns home to seek her father&#8217;s acceptance in Jambi, her hometown.<br \/>\n&#8211;<\/p>\n<p><img loading=\"lazy\" decoding=\"async\" class=\"alignnone wp-image-13109 size-large\" src=\"https:\/\/minikino.org\/filmweek\/wp-content\/uploads\/sites\/4\/2024\/07\/Duck-Roast-MW024F0086-1024x258.webp\" alt=\"\" width=\"640\" height=\"161\" srcset=\"https:\/\/minikino.org\/filmweek\/wp-content\/uploads\/sites\/4\/2024\/07\/Duck-Roast-MW024F0086-1024x258.webp 1024w, https:\/\/minikino.org\/filmweek\/wp-content\/uploads\/sites\/4\/2024\/07\/Duck-Roast-MW024F0086-300x76.webp 300w, https:\/\/minikino.org\/filmweek\/wp-content\/uploads\/sites\/4\/2024\/07\/Duck-Roast-MW024F0086-768x193.webp 768w, https:\/\/minikino.org\/filmweek\/wp-content\/uploads\/sites\/4\/2024\/07\/Duck-Roast-MW024F0086-1536x387.webp 1536w, https:\/\/minikino.org\/filmweek\/wp-content\/uploads\/sites\/4\/2024\/07\/Duck-Roast-MW024F0086.webp 1965w\" sizes=\"auto, (max-width: 640px) 100vw, 640px\" \/><\/p>\n<p><strong>DUCK ROAST<\/strong><br \/>\n[d] Jelica Jerini\u0107<br \/>\nFinland \/ 2023 \/ Fiction \/ 12:34<br \/>\nYoung immigrant in Finland tries to impress his date with a duck roast dinner, but finds out that she\u2019s a picky eater.<br \/>\n&#8211;<br \/>\n[ig] <a href=\"https:\/\/www.instagram.com\/rainafilmfestivaldistribution\">@rainafilmfestivaldistribution<\/a><\/p>\n<hr \/>\n<h3 id=\"ORIGINS\"><strong>ORIGINS<\/strong><\/h3>\n<p>Duration: 70:36<br \/>\nWhat it takes in the name of safety.<br \/>\n13+<\/p>\n<table id=\"schedule\" border=\"0\" width=\"100%\">\n<tbody>\n<tr>\n<th rowspan=\"1\" width=\"25%\">DATE<\/th>\n<th width=\"10%\">SHOW TIME<\/th>\n<th width=\"35%\"><strong>VENUE<\/strong><\/th>\n<\/tr>\n<tr>\n<td width=\"25%\">SAB\/SAT 14<\/td>\n<td width=\"10%\">10:15<\/td>\n<td width=\"35%\"><a href=\"https:\/\/minikino.org\/mashdenpasar\" target=\"_blank\" rel=\"noopener\">MASH Denpasar Art House Cinema<\/a><\/td>\n<\/tr>\n<tr>\n<td rowspan=\"1\" width=\"25%\">SEL\/TUE 17<\/td>\n<td width=\"10%\">13:00<\/td>\n<td width=\"35%\"><a href=\"https:\/\/minikino.org\/mashliving\" target=\"_blank\" rel=\"noopener\">MASH Denpasar Living Room<\/a><\/td>\n<\/tr>\n<tr>\n<td rowspan=\"1\" width=\"25%\">KAM\/THU 19<\/td>\n<td width=\"10%\">15:00<\/td>\n<td width=\"35%\"><a href=\"https:\/\/minikino.org\/LSPRBali\" target=\"_blank\" rel=\"noopener\">LSPR Bali<\/a><\/td>\n<\/tr>\n<tr>\n<td align=\"right\"><strong>Note<\/strong>:<\/td>\n<td><em>WITA (+8 GMT)<\/em><\/td>\n<td><\/td>\n<\/tr>\n<\/tbody>\n<\/table>\n<p><img loading=\"lazy\" decoding=\"async\" class=\"alignnone size-large wp-image-13106\" src=\"https:\/\/minikino.org\/filmweek\/wp-content\/uploads\/sites\/4\/2024\/07\/Europe-by-Bidon-MFW11885-1024x258.webp\" alt=\"\" width=\"640\" height=\"161\" srcset=\"https:\/\/minikino.org\/filmweek\/wp-content\/uploads\/sites\/4\/2024\/07\/Europe-by-Bidon-MFW11885-1024x258.webp 1024w, https:\/\/minikino.org\/filmweek\/wp-content\/uploads\/sites\/4\/2024\/07\/Europe-by-Bidon-MFW11885-300x76.webp 300w, https:\/\/minikino.org\/filmweek\/wp-content\/uploads\/sites\/4\/2024\/07\/Europe-by-Bidon-MFW11885-768x193.webp 768w, https:\/\/minikino.org\/filmweek\/wp-content\/uploads\/sites\/4\/2024\/07\/Europe-by-Bidon-MFW11885-1536x387.webp 1536w, https:\/\/minikino.org\/filmweek\/wp-content\/uploads\/sites\/4\/2024\/07\/Europe-by-Bidon-MFW11885.webp 1965w\" sizes=\"auto, (max-width: 640px) 100vw, 640px\" \/><\/p>\n<p><strong>EUROPE BY BIDON<\/strong><br \/>\n[d] Samuel Albaric &amp; Thomas Trichet<br \/>\nFrance \/ 2022 \/ Animation \/ 14:32<br \/>\nBiodun is nigerian. In this animated documentary, he tells the story of his journey on foot from Lagos to Paris.<br \/>\n&#8211;<\/p>\n<p><img loading=\"lazy\" decoding=\"async\" class=\"alignnone size-large wp-image-13122\" src=\"https:\/\/minikino.org\/filmweek\/wp-content\/uploads\/sites\/4\/2024\/07\/BOLOUR-MFW12275-1024x258.webp\" alt=\"\" width=\"640\" height=\"161\" srcset=\"https:\/\/minikino.org\/filmweek\/wp-content\/uploads\/sites\/4\/2024\/07\/BOLOUR-MFW12275-1024x258.webp 1024w, https:\/\/minikino.org\/filmweek\/wp-content\/uploads\/sites\/4\/2024\/07\/BOLOUR-MFW12275-300x76.webp 300w, https:\/\/minikino.org\/filmweek\/wp-content\/uploads\/sites\/4\/2024\/07\/BOLOUR-MFW12275-768x193.webp 768w, https:\/\/minikino.org\/filmweek\/wp-content\/uploads\/sites\/4\/2024\/07\/BOLOUR-MFW12275-1536x387.webp 1536w, https:\/\/minikino.org\/filmweek\/wp-content\/uploads\/sites\/4\/2024\/07\/BOLOUR-MFW12275.webp 1965w\" sizes=\"auto, (max-width: 640px) 100vw, 640px\" \/><\/p>\n<p><strong>BOLOUR ( \u0628\u0644\u0648\u0631)<\/strong><br \/>\n[d][w] Helia Behrooz<br \/>\nIRAN \/ 2024 \/ Fiction \/ 16:12<br \/>\nIn the wake of the Taliban\u2019s return to power, 19-year-old Bolour flees Afghanistan, clutching her family\u2019s ancestral Robab.<br \/>\n&#8211;<br \/>\n[ig] <a href=\"https:\/\/www.instagram.com\/heleeyah\">@heleeyah<\/a><\/p>\n<p><img loading=\"lazy\" decoding=\"async\" class=\"alignnone size-large wp-image-13042\" src=\"https:\/\/minikino.org\/filmweek\/wp-content\/uploads\/sites\/4\/2024\/07\/Suitcase-Chamedan-MFW12266-1024x258.webp\" alt=\"\" width=\"640\" height=\"161\" srcset=\"https:\/\/minikino.org\/filmweek\/wp-content\/uploads\/sites\/4\/2024\/07\/Suitcase-Chamedan-MFW12266-1024x258.webp 1024w, https:\/\/minikino.org\/filmweek\/wp-content\/uploads\/sites\/4\/2024\/07\/Suitcase-Chamedan-MFW12266-300x76.webp 300w, https:\/\/minikino.org\/filmweek\/wp-content\/uploads\/sites\/4\/2024\/07\/Suitcase-Chamedan-MFW12266-768x193.webp 768w, https:\/\/minikino.org\/filmweek\/wp-content\/uploads\/sites\/4\/2024\/07\/Suitcase-Chamedan-MFW12266-1536x387.webp 1536w, https:\/\/minikino.org\/filmweek\/wp-content\/uploads\/sites\/4\/2024\/07\/Suitcase-Chamedan-MFW12266.webp 1965w\" sizes=\"auto, (max-width: 640px) 100vw, 640px\" \/><\/p>\n<p><strong>SUITCASE (Chamedan)<\/strong><br \/>\n[d] Saman Hosseinpuor, Ako Zandkarimi \/ [w] Saman Hosseinpuor and Ako Zandkarimi<br \/>\nIran, US \/ 2023 \/ Fiction \/ 15:00<br \/>\nWhen someone steals the suitcase in the tumult of the foreign city center, he loses his home a second time.<br \/>\n&#8211;<br \/>\n[ig] <a href=\"https:\/\/www.instagram.com\/samanhp.ir\">@samanhp.ir<\/a><\/p>\n<p><strong>ONE ALOE, ONE FICUS, ONE AVOCADO AND SIX DRACAENAS (\u0410\u043b\u043e\u0454, \u0444\u0456\u043a\u0443\u0441, \u0430\u0432\u043e\u043a\u0430\u0434\u043e \u0456 6 \u0434\u0440\u0430\u0446\u0435\u043d)<\/strong><br \/>\n[d][w] Marta Smerechynska<br \/>\nFrance, Ukraine \/ 2023 \/ Documentary \/ 08:00<br \/>\nPackages from Ukraine under a bridge, a farewell to Kyiv&#8217;s treasured memories. What to take, what to leave when saving your life?<br \/>\n&#8211;<br \/>\nAwards\/Screenings: Visions du R\u00e9el 2023 \/\/ Sarajevo Film Festival 2023<br \/>\n[ig] <a href=\"https:\/\/www.instagram.com\/smerechynska_m\">@smerechynska_m<\/a><\/p>\n<p><img loading=\"lazy\" decoding=\"async\" class=\"alignnone size-large wp-image-13099\" src=\"https:\/\/minikino.org\/filmweek\/wp-content\/uploads\/sites\/4\/2024\/07\/Golden-Dragon-Neak-Meas-MFW12547-1024x258.webp\" alt=\"\" width=\"640\" height=\"161\" srcset=\"https:\/\/minikino.org\/filmweek\/wp-content\/uploads\/sites\/4\/2024\/07\/Golden-Dragon-Neak-Meas-MFW12547-1024x258.webp 1024w, https:\/\/minikino.org\/filmweek\/wp-content\/uploads\/sites\/4\/2024\/07\/Golden-Dragon-Neak-Meas-MFW12547-300x76.webp 300w, https:\/\/minikino.org\/filmweek\/wp-content\/uploads\/sites\/4\/2024\/07\/Golden-Dragon-Neak-Meas-MFW12547-768x193.webp 768w, https:\/\/minikino.org\/filmweek\/wp-content\/uploads\/sites\/4\/2024\/07\/Golden-Dragon-Neak-Meas-MFW12547-1536x387.webp 1536w, https:\/\/minikino.org\/filmweek\/wp-content\/uploads\/sites\/4\/2024\/07\/Golden-Dragon-Neak-Meas-MFW12547.webp 1965w\" sizes=\"auto, (max-width: 640px) 100vw, 640px\" \/><\/p>\n<p><strong>GOLDEN DRAGON (Neak Meas)<\/strong><br \/>\n[d][w] Boren CHHITH<br \/>\nCambodia \/ 2023 \/ Fiction \/ 16:52<br \/>\nAs Vicheka tries to learn how he ended up in a hospital, he is overwhelmed by his dreams, memories, and a rapidly changing city.<br \/>\n&#8211;<br \/>\nAwards\/Screenings: Singapore International Film Festival 2023 \/\/ International Film Festival Rotterdam 2024<br \/>\n[ig] <a href=\"https:\/\/www.instagram.com\/anti_archive\">@anti_archive<\/a><\/p>\n<hr \/>\n<h3 id=\"PUZZLED\"><strong>PUZZLED<\/strong><\/h3>\n<p>Duration: 83:07<br \/>\nThrough technology, shorts find new paths and forms.<br \/>\n18+<\/p>\n<table id=\"schedule\" border=\"0\" width=\"100%\">\n<tbody>\n<tr>\n<th rowspan=\"1\" width=\"25%\">DATE<\/th>\n<th width=\"10%\">SHOW TIME<\/th>\n<th width=\"35%\"><strong>VENUE<\/strong><\/th>\n<\/tr>\n<tr>\n<td width=\"25%\">SEN\/MON 16<\/td>\n<td width=\"10%\">13:00<\/td>\n<td width=\"35%\"><a href=\"https:\/\/minikino.org\/mashdenpasar\" target=\"_blank\" rel=\"noopener\">MASH Denpasar Art House Cinema<\/a><\/td>\n<\/tr>\n<tr>\n<td rowspan=\"1\" width=\"25%\">SEL\/TUE 17<\/td>\n<td width=\"10%\">15:15<\/td>\n<td width=\"35%\"><a href=\"https:\/\/minikino.org\/mashliving\" target=\"_blank\" rel=\"noopener\">MASH Denpasar Living Room<\/a><\/td>\n<\/tr>\n<tr>\n<td rowspan=\"1\" width=\"25%\">RAB\/WED 18<\/td>\n<td width=\"10%\">13:00<\/td>\n<td width=\"35%\"><a href=\"https:\/\/minikino.org\/LSPRBali\" target=\"_blank\" rel=\"noopener\">LSPR Bali<\/a><\/td>\n<\/tr>\n<tr>\n<td align=\"right\"><strong>Note<\/strong>:<\/td>\n<td><em>WITA (+8 GMT)<\/em><\/td>\n<td><\/td>\n<\/tr>\n<\/tbody>\n<\/table>\n<p><img loading=\"lazy\" decoding=\"async\" class=\"alignnone size-large wp-image-13110\" src=\"https:\/\/minikino.org\/filmweek\/wp-content\/uploads\/sites\/4\/2024\/07\/DUCK-MFW12433-1024x258.webp\" alt=\"\" width=\"640\" height=\"161\" srcset=\"https:\/\/minikino.org\/filmweek\/wp-content\/uploads\/sites\/4\/2024\/07\/DUCK-MFW12433-1024x258.webp 1024w, https:\/\/minikino.org\/filmweek\/wp-content\/uploads\/sites\/4\/2024\/07\/DUCK-MFW12433-300x76.webp 300w, https:\/\/minikino.org\/filmweek\/wp-content\/uploads\/sites\/4\/2024\/07\/DUCK-MFW12433-768x193.webp 768w, https:\/\/minikino.org\/filmweek\/wp-content\/uploads\/sites\/4\/2024\/07\/DUCK-MFW12433-1536x387.webp 1536w, https:\/\/minikino.org\/filmweek\/wp-content\/uploads\/sites\/4\/2024\/07\/DUCK-MFW12433.webp 1965w\" sizes=\"auto, (max-width: 640px) 100vw, 640px\" \/><\/p>\n<p><strong>DUCK<\/strong><br \/>\n[d][w] Rachel Maclean<br \/>\nUnited Kingdom \/ 2023 \/ Experimental \/ 16:30<br \/>\nRelax&#8230; none of this is real.<br \/>\n&#8211;<br \/>\n[ig] <a href=\"https:\/\/www.instagram.com\/rachela_maclean\">@rachela_maclean<\/a><\/p>\n<p><img loading=\"lazy\" decoding=\"async\" class=\"alignnone size-large wp-image-13076\" src=\"https:\/\/minikino.org\/filmweek\/wp-content\/uploads\/sites\/4\/2024\/07\/Ngu-Ngon-Em-Yeu-Goodnight-Baby-MFW11904-1024x258.webp\" alt=\"\" width=\"640\" height=\"161\" srcset=\"https:\/\/minikino.org\/filmweek\/wp-content\/uploads\/sites\/4\/2024\/07\/Ngu-Ngon-Em-Yeu-Goodnight-Baby-MFW11904-1024x258.webp 1024w, https:\/\/minikino.org\/filmweek\/wp-content\/uploads\/sites\/4\/2024\/07\/Ngu-Ngon-Em-Yeu-Goodnight-Baby-MFW11904-300x76.webp 300w, https:\/\/minikino.org\/filmweek\/wp-content\/uploads\/sites\/4\/2024\/07\/Ngu-Ngon-Em-Yeu-Goodnight-Baby-MFW11904-768x193.webp 768w, https:\/\/minikino.org\/filmweek\/wp-content\/uploads\/sites\/4\/2024\/07\/Ngu-Ngon-Em-Yeu-Goodnight-Baby-MFW11904-1536x387.webp 1536w, https:\/\/minikino.org\/filmweek\/wp-content\/uploads\/sites\/4\/2024\/07\/Ngu-Ngon-Em-Yeu-Goodnight-Baby-MFW11904.webp 1965w\" sizes=\"auto, (max-width: 640px) 100vw, 640px\" \/><\/p>\n<p><strong>NG\u1ee6 NGON EM Y\u00caU (Goodnight Baby)<\/strong><br \/>\n[d][w] Le Quynh Anh<br \/>\nVietnam, Singapore \/ 2023 \/ Fiction \/ 18:03<br \/>\nIn her sleepless nights, Gia Gia watches online videos and finds out why she is afraid to fall asleep.<br \/>\n&#8211;<br \/>\nAwards\/Screenings: Singapore International Film Festival \/\/ Rio de Janeiro International Short Film Festival<br \/>\n[ig] <a href=\"https:\/\/www.instagram.com\/momofilmco\">@momofilmco<\/a> <a href=\"https:\/\/www.instagram.com\/le.ei.ei\">@le.ei.ei<\/a><\/p>\n<p><img loading=\"lazy\" decoding=\"async\" class=\"alignnone size-large wp-image-13120\" src=\"https:\/\/minikino.org\/filmweek\/wp-content\/uploads\/sites\/4\/2024\/07\/Bye-Bear-MFW12115-1024x258.webp\" alt=\"\" width=\"640\" height=\"161\" srcset=\"https:\/\/minikino.org\/filmweek\/wp-content\/uploads\/sites\/4\/2024\/07\/Bye-Bear-MFW12115-1024x258.webp 1024w, https:\/\/minikino.org\/filmweek\/wp-content\/uploads\/sites\/4\/2024\/07\/Bye-Bear-MFW12115-300x76.webp 300w, https:\/\/minikino.org\/filmweek\/wp-content\/uploads\/sites\/4\/2024\/07\/Bye-Bear-MFW12115-768x193.webp 768w, https:\/\/minikino.org\/filmweek\/wp-content\/uploads\/sites\/4\/2024\/07\/Bye-Bear-MFW12115-1536x387.webp 1536w, https:\/\/minikino.org\/filmweek\/wp-content\/uploads\/sites\/4\/2024\/07\/Bye-Bear-MFW12115.webp 1965w\" sizes=\"auto, (max-width: 640px) 100vw, 640px\" \/><\/p>\n<p><strong>BYE BEAR<\/strong><br \/>\n[d][w] Jan Bitzer<br \/>\nGermany \/ 2023 \/ Animation \/ 10:44<br \/>\nA robot story about friendship, change and farewell. And dreams of wilderness.<br \/>\n&#8211;<\/p>\n<p><img loading=\"lazy\" decoding=\"async\" class=\"alignnone size-large wp-image-13063\" src=\"https:\/\/minikino.org\/filmweek\/wp-content\/uploads\/sites\/4\/2024\/07\/PleasureDora-MFW12638-1024x258.webp\" alt=\"\" width=\"640\" height=\"161\" srcset=\"https:\/\/minikino.org\/filmweek\/wp-content\/uploads\/sites\/4\/2024\/07\/PleasureDora-MFW12638-1024x258.webp 1024w, https:\/\/minikino.org\/filmweek\/wp-content\/uploads\/sites\/4\/2024\/07\/PleasureDora-MFW12638-300x76.webp 300w, https:\/\/minikino.org\/filmweek\/wp-content\/uploads\/sites\/4\/2024\/07\/PleasureDora-MFW12638-768x193.webp 768w, https:\/\/minikino.org\/filmweek\/wp-content\/uploads\/sites\/4\/2024\/07\/PleasureDora-MFW12638-1536x387.webp 1536w, https:\/\/minikino.org\/filmweek\/wp-content\/uploads\/sites\/4\/2024\/07\/PleasureDora-MFW12638.webp 1965w\" sizes=\"auto, (max-width: 640px) 100vw, 640px\" \/><\/p>\n<p><strong>PLEASUREDORA<\/strong><br \/>\n[d] Mark Prebble \/ [w] Marion &amp; Mark Prebble<br \/>\nNew Zealand \/ 2024 \/ Fiction \/ 09:05<br \/>\nA glitchy AI love companion and her lonely final customer confront mortality, second chances, and life on the scrap heap.<br \/>\n&#8211;<br \/>\n[ig] <a href=\"https:\/\/www.instagram.com\/mashopreb\">@mashopreb<\/a> <a href=\"https:\/\/www.instagram.com\/mark_prebble_nz\">@mark_prebble_nz<\/a><\/p>\n<p><img loading=\"lazy\" decoding=\"async\" class=\"alignnone size-large wp-image-13012\" src=\"https:\/\/minikino.org\/filmweek\/wp-content\/uploads\/sites\/4\/2024\/07\/Thirteenth-Night-MFW12357-1024x258.webp\" alt=\"\" width=\"640\" height=\"161\" srcset=\"https:\/\/minikino.org\/filmweek\/wp-content\/uploads\/sites\/4\/2024\/07\/Thirteenth-Night-MFW12357-1024x258.webp 1024w, https:\/\/minikino.org\/filmweek\/wp-content\/uploads\/sites\/4\/2024\/07\/Thirteenth-Night-MFW12357-300x76.webp 300w, https:\/\/minikino.org\/filmweek\/wp-content\/uploads\/sites\/4\/2024\/07\/Thirteenth-Night-MFW12357-768x193.webp 768w, https:\/\/minikino.org\/filmweek\/wp-content\/uploads\/sites\/4\/2024\/07\/Thirteenth-Night-MFW12357-1536x387.webp 1536w, https:\/\/minikino.org\/filmweek\/wp-content\/uploads\/sites\/4\/2024\/07\/Thirteenth-Night-MFW12357.webp 1965w\" sizes=\"auto, (max-width: 640px) 100vw, 640px\" \/><\/p>\n<p><strong>THIRTEENTH NIGHT<\/strong><br \/>\n[d][w] Rachel Song<br \/>\nChina \/ 2023 \/ Fiction \/ 15:00<br \/>\nAfter receiving a call from her late fianc\u00e9, an unknown force starts to disturb Xiaoxue&#8217;s normal life.<br \/>\n&#8211;<br \/>\nAwards\/Screenings: Clermont-Ferrand International Short Film Festival \/\/ FIRST International Film Festival<br \/>\n[ig] <a href=\"https:\/\/www.instagram.com\/rachelwenwenwen\">@rachelwenwenwen<\/a> <a href=\"https:\/\/www.instagram.com\/parallax_china\">@parallax_china<\/a><\/p>\n<p><img loading=\"lazy\" decoding=\"async\" class=\"alignnone size-large wp-image-13116\" src=\"https:\/\/minikino.org\/filmweek\/wp-content\/uploads\/sites\/4\/2024\/07\/COMPLICATIONS-MFW12141-1024x258.webp\" alt=\"\" width=\"640\" height=\"161\" srcset=\"https:\/\/minikino.org\/filmweek\/wp-content\/uploads\/sites\/4\/2024\/07\/COMPLICATIONS-MFW12141-1024x258.webp 1024w, https:\/\/minikino.org\/filmweek\/wp-content\/uploads\/sites\/4\/2024\/07\/COMPLICATIONS-MFW12141-300x76.webp 300w, https:\/\/minikino.org\/filmweek\/wp-content\/uploads\/sites\/4\/2024\/07\/COMPLICATIONS-MFW12141-768x193.webp 768w, https:\/\/minikino.org\/filmweek\/wp-content\/uploads\/sites\/4\/2024\/07\/COMPLICATIONS-MFW12141-1536x387.webp 1536w, https:\/\/minikino.org\/filmweek\/wp-content\/uploads\/sites\/4\/2024\/07\/COMPLICATIONS-MFW12141.webp 1965w\" sizes=\"auto, (max-width: 640px) 100vw, 640px\" \/><\/p>\n<p><strong>COMPLICATIONS (Komplikasjoner)<\/strong><br \/>\n[d] Ivar Aase \/ [w] Erik Ivar S\u00e6ther<br \/>\nNorway \/ 2023 \/ Fiction \/ 13:45<br \/>\nAn intimate cam session unexpectedly turns into a suspenseful, life-and-death situation for Lotte &#8211; a webcam dominatrix.<br \/>\n&#8211;<br \/>\nAwards\/Screenings: Winner of Best Short Film Golden Chair Award, The Norwegian short film Festival \/\/ Winner Best Live Action 15 Min and Under, Palm Springs Shortfest<br \/>\n[ig] <a href=\"https:\/\/www.instagram.com\/ivarpinhead\">@ivarpinhead<\/a><\/p>\n<hr \/>\n<h3 id=\"SOLACE\"><strong><span style=\"font-size: 18px;\">SOLACE<\/span><\/strong><\/h3>\n<p>Duration: 77:07<br \/>\nCling to hope, for it can pierce the depths of despair.<br \/>\n13+<\/p>\n<table id=\"schedule\" border=\"0\" width=\"100%\">\n<tbody>\n<tr>\n<th rowspan=\"1\" width=\"25%\">DATE<\/th>\n<th width=\"10%\">SHOW TIME<\/th>\n<th width=\"35%\"><strong>VENUE<\/strong><\/th>\n<\/tr>\n<tr>\n<td width=\"25%\">MIN\/SUN 15<\/td>\n<td width=\"10%\">17:30<\/td>\n<td width=\"35%\"><a href=\"https:\/\/minikino.org\/mashliving\" target=\"_blank\" rel=\"noopener\">MASH Denpasar Living Room<\/a><\/td>\n<\/tr>\n<tr>\n<td rowspan=\"1\" width=\"25%\">SEN\/MON 16<\/td>\n<td width=\"10%\">15:00<\/td>\n<td width=\"35%\">\u00a0<a href=\"https:\/\/minikino.org\/LSPRBali\" target=\"_blank\" rel=\"noopener\">LSPR Bali<\/a><\/td>\n<\/tr>\n<tr>\n<td rowspan=\"1\" width=\"25%\">SEL\/TUE 17<\/td>\n<td width=\"10%\">17:00<\/td>\n<td width=\"35%\"><a href=\"https:\/\/minikino.org\/mashdenpasar\" target=\"_blank\" rel=\"noopener\">MASH Denpasar Art House Cinema<\/a><\/td>\n<\/tr>\n<tr>\n<td align=\"right\"><strong>Note<\/strong>:<\/td>\n<td><em>WITA (+8 GMT)<\/em><\/td>\n<td><\/td>\n<\/tr>\n<\/tbody>\n<\/table>\n<p><img loading=\"lazy\" decoding=\"async\" class=\"alignnone size-large wp-image-13016\" src=\"https:\/\/minikino.org\/filmweek\/wp-content\/uploads\/sites\/4\/2024\/07\/The-Sun-Sets-On-Beirut-MFW12625-1024x258.webp\" alt=\"\" width=\"640\" height=\"161\" srcset=\"https:\/\/minikino.org\/filmweek\/wp-content\/uploads\/sites\/4\/2024\/07\/The-Sun-Sets-On-Beirut-MFW12625-1024x258.webp 1024w, https:\/\/minikino.org\/filmweek\/wp-content\/uploads\/sites\/4\/2024\/07\/The-Sun-Sets-On-Beirut-MFW12625-300x76.webp 300w, https:\/\/minikino.org\/filmweek\/wp-content\/uploads\/sites\/4\/2024\/07\/The-Sun-Sets-On-Beirut-MFW12625-768x193.webp 768w, https:\/\/minikino.org\/filmweek\/wp-content\/uploads\/sites\/4\/2024\/07\/The-Sun-Sets-On-Beirut-MFW12625-1536x387.webp 1536w, https:\/\/minikino.org\/filmweek\/wp-content\/uploads\/sites\/4\/2024\/07\/The-Sun-Sets-On-Beirut-MFW12625.webp 1965w\" sizes=\"auto, (max-width: 640px) 100vw, 640px\" \/><\/p>\n<p><strong>THE SUN SETS ON BEIRUT<\/strong><br \/>\n[d][w] Daniela Stephan<br \/>\nLebanon \/ 2022 \/ Fiction \/ 17:31<br \/>\nIn The Aftermath Of The Destruction In Beirut, Mounia, A Young Woman In Her Mid-20s, Searches For Her Lost<br \/>\nCat Among The Ruins.<br \/>\n&#8211;<br \/>\nAwards\/Screenings: Olhares Do Mediterraneo International Women Film Festival, Portugal \/\/ Tripoli International Film Festival, Lebanon<br \/>\n[ig] <a href=\"https:\/\/www.instagram.com\/madshorts_\">@madshorts_<\/a><\/p>\n<p><img loading=\"lazy\" decoding=\"async\" class=\"alignnone size-large wp-image-13115\" src=\"https:\/\/minikino.org\/filmweek\/wp-content\/uploads\/sites\/4\/2024\/07\/COMRADE-POOPY-MFW12252-1024x258.webp\" alt=\"\" width=\"640\" height=\"161\" srcset=\"https:\/\/minikino.org\/filmweek\/wp-content\/uploads\/sites\/4\/2024\/07\/COMRADE-POOPY-MFW12252-1024x258.webp 1024w, https:\/\/minikino.org\/filmweek\/wp-content\/uploads\/sites\/4\/2024\/07\/COMRADE-POOPY-MFW12252-300x76.webp 300w, https:\/\/minikino.org\/filmweek\/wp-content\/uploads\/sites\/4\/2024\/07\/COMRADE-POOPY-MFW12252-768x193.webp 768w, https:\/\/minikino.org\/filmweek\/wp-content\/uploads\/sites\/4\/2024\/07\/COMRADE-POOPY-MFW12252-1536x387.webp 1536w, https:\/\/minikino.org\/filmweek\/wp-content\/uploads\/sites\/4\/2024\/07\/COMRADE-POOPY-MFW12252.webp 1965w\" sizes=\"auto, (max-width: 640px) 100vw, 640px\" \/><\/p>\n<p><strong>COMRADE POOPY<\/strong><br \/>\n[d][w] Anonymous<br \/>\nMyanmar\/France\/Japan \/ 2023 \/ Documentary \/ 19:35<br \/>\nFollowing its humans, an eccentric cat called POOPY experiences a revolutionary journey a ker the military coup in Myanmar.<br \/>\n&#8211;<br \/>\nAwards\/Screenings: FIPADOC &#8211; France 2024 Tampere Film Festival 2024<br \/>\n[ig] <a href=\"https:\/\/www.instagram.com\/panorama_films\">@panorama__films<\/a><\/p>\n<p><img loading=\"lazy\" decoding=\"async\" class=\"alignnone size-large wp-image-13093\" src=\"https:\/\/minikino.org\/filmweek\/wp-content\/uploads\/sites\/4\/2024\/07\/Hold-on-for-dear-life-MFW12186-1024x258.webp\" alt=\"\" width=\"640\" height=\"161\" srcset=\"https:\/\/minikino.org\/filmweek\/wp-content\/uploads\/sites\/4\/2024\/07\/Hold-on-for-dear-life-MFW12186-1024x258.webp 1024w, https:\/\/minikino.org\/filmweek\/wp-content\/uploads\/sites\/4\/2024\/07\/Hold-on-for-dear-life-MFW12186-300x76.webp 300w, https:\/\/minikino.org\/filmweek\/wp-content\/uploads\/sites\/4\/2024\/07\/Hold-on-for-dear-life-MFW12186-768x193.webp 768w, https:\/\/minikino.org\/filmweek\/wp-content\/uploads\/sites\/4\/2024\/07\/Hold-on-for-dear-life-MFW12186-1536x387.webp 1536w, https:\/\/minikino.org\/filmweek\/wp-content\/uploads\/sites\/4\/2024\/07\/Hold-on-for-dear-life-MFW12186.webp 1965w\" sizes=\"auto, (max-width: 640px) 100vw, 640px\" \/><\/p>\n<p><strong>HOLD ON FOR DEAR LIFE<\/strong><br \/>\n[d][w] Simone Fiorentino<br \/>\nItaly \/ 2023 \/ Experimental \/ 09:12<br \/>\nA young man wanders around his bomb-wounded city with his dog and his noseless friend Jean-Michel.<br \/>\n&#8211;<br \/>\nAwards\/Screenings: 46. Drama International Short Film Festival \/\/ 39. Interfilm Berlin<br \/>\n[ig] <a href=\"https:\/\/www.instagram.com\/silly.blu\">@silly.blu<\/a> <a href=\"https:\/\/www.instagram.com\/gioiafilm\">@gioiafilm<\/a><\/p>\n<p><img loading=\"lazy\" decoding=\"async\" class=\"alignnone size-large wp-image-13094\" src=\"https:\/\/minikino.org\/filmweek\/wp-content\/uploads\/sites\/4\/2024\/07\/History-is-written-at-night-MFW11905-1024x258.webp\" alt=\"\" width=\"640\" height=\"161\" srcset=\"https:\/\/minikino.org\/filmweek\/wp-content\/uploads\/sites\/4\/2024\/07\/History-is-written-at-night-MFW11905-1024x258.webp 1024w, https:\/\/minikino.org\/filmweek\/wp-content\/uploads\/sites\/4\/2024\/07\/History-is-written-at-night-MFW11905-300x76.webp 300w, https:\/\/minikino.org\/filmweek\/wp-content\/uploads\/sites\/4\/2024\/07\/History-is-written-at-night-MFW11905-768x193.webp 768w, https:\/\/minikino.org\/filmweek\/wp-content\/uploads\/sites\/4\/2024\/07\/History-is-written-at-night-MFW11905-1536x387.webp 1536w, https:\/\/minikino.org\/filmweek\/wp-content\/uploads\/sites\/4\/2024\/07\/History-is-written-at-night-MFW11905.webp 1965w\" sizes=\"auto, (max-width: 640px) 100vw, 640px\" \/><\/p>\n<p><strong>HISTORY IS WRITTEN AT NIGHT (La historia se escribe de noche)<\/strong><br \/>\n[d][w] Alejandro Alonso<br \/>\nCuba, France \/ 2024 \/ Documentary \/ 19:57<br \/>\nTaking refuge inside our house during a blackout, my mother tells me about a vision that has been tormenting her for years.<br \/>\n&#8211;<br \/>\nAwards\/Screenings: IFFR Rotterdam 2024 \/\/ Documenta Madrid 2024<br \/>\n[ig] <a href=\"https:\/\/www.instagram.com\/ocnicapax\">@ocnicapax<\/a> <a href=\"https:\/\/www.instagram.com\/estudiost.habana\">@estudiost.habana<\/a> <a href=\"https:\/\/www.instagram.com\/vegaaltafilms\">@vegaaltafilms<\/a><\/p>\n<p><img loading=\"lazy\" decoding=\"async\" class=\"alignnone size-large wp-image-13065\" src=\"https:\/\/minikino.org\/filmweek\/wp-content\/uploads\/sites\/4\/2024\/07\/Perfected-Grammar-MFW12073-1024x258.webp\" alt=\"\" width=\"640\" height=\"161\" srcset=\"https:\/\/minikino.org\/filmweek\/wp-content\/uploads\/sites\/4\/2024\/07\/Perfected-Grammar-MFW12073-1024x258.webp 1024w, https:\/\/minikino.org\/filmweek\/wp-content\/uploads\/sites\/4\/2024\/07\/Perfected-Grammar-MFW12073-300x76.webp 300w, https:\/\/minikino.org\/filmweek\/wp-content\/uploads\/sites\/4\/2024\/07\/Perfected-Grammar-MFW12073-768x193.webp 768w, https:\/\/minikino.org\/filmweek\/wp-content\/uploads\/sites\/4\/2024\/07\/Perfected-Grammar-MFW12073-1536x387.webp 1536w, https:\/\/minikino.org\/filmweek\/wp-content\/uploads\/sites\/4\/2024\/07\/Perfected-Grammar-MFW12073.webp 1965w\" sizes=\"auto, (max-width: 640px) 100vw, 640px\" \/><\/p>\n<p><strong>PERFECTED GRAMMAR<\/strong><br \/>\n[d][w] Andrea Suwito<br \/>\nBelgium, Portugal, Hungary, Indonesia \/ 2023 \/ Documentary \/ 10:52<br \/>\nA Daughter learns her Mother\u2019s Indonesian roots through a language lesson, unraveling the Mother\u2019s painful longing for home.<br \/>\n&#8211;<br \/>\nAwards\/Screenings: World premiere: Sheffield Doc\/Fest 2024<br \/>\n[ig] <a href=\"https:\/\/www.instagram.com\/watermelon.rabbit\">@watermelon.rabbit<\/a><\/p>\n<div class=\"divider\" style=\"margin-top:20px; margin-bottom:20px; border-top:3px solid #e81d2a;width:100%\"\/><\/div>\n<h2 id=\"NERVES\"><strong>A HEALTHY DOSE FOR YOUR NERVES<\/strong><\/h2>\n<hr \/>\n<h3 id=\"ALIENATION\"><strong>ALIENATION<\/strong><\/h3>\n<p>Duration: 73:43<br \/>\nBright as the blood, these are the stories of brave women.<br \/>\n18+<\/p>\n<table id=\"schedule\" border=\"0\" width=\"100%\">\n<tbody>\n<tr>\n<th rowspan=\"1\" width=\"25%\">DATE<\/th>\n<th width=\"10%\">SHOW TIME<\/th>\n<th width=\"35%\"><strong>VENUE<\/strong><\/th>\n<\/tr>\n<tr>\n<td width=\"25%\">MIN\/SUN 15<\/td>\n<td width=\"10%\">19:30<\/td>\n<td width=\"35%\"><a href=\"https:\/\/minikino.org\/mashliving\" target=\"_blank\" rel=\"noopener\">MASH Denpasar Living Room<\/a><\/td>\n<\/tr>\n<tr>\n<td rowspan=\"1\" width=\"25%\">SEN\/MON 16<\/td>\n<td width=\"10%\">17:15<\/td>\n<td width=\"35%\">\u00a0<a href=\"https:\/\/minikino.org\/LSPRBali\" target=\"_blank\" rel=\"noopener\">LSPR Bali<\/a><\/td>\n<\/tr>\n<tr>\n<td rowspan=\"1\" width=\"25%\">SEL\/TUE 17<\/td>\n<td width=\"10%\">19:30<\/td>\n<td width=\"35%\"><a href=\"https:\/\/minikino.org\/mashdenpasar\" target=\"_blank\" rel=\"noopener\">MASH Denpasar Art House Cinema<\/a><\/td>\n<\/tr>\n<tr>\n<td align=\"right\"><strong>Note<\/strong>:<\/td>\n<td><em>WITA (+8 GMT)<\/em><\/td>\n<td><\/td>\n<\/tr>\n<\/tbody>\n<\/table>\n<p><img loading=\"lazy\" decoding=\"async\" class=\"alignnone size-large wp-image-13010\" src=\"https:\/\/minikino.org\/filmweek\/wp-content\/uploads\/sites\/4\/2024\/07\/Three-Birds-MFW12005-1024x258.webp\" alt=\"\" width=\"640\" height=\"161\" srcset=\"https:\/\/minikino.org\/filmweek\/wp-content\/uploads\/sites\/4\/2024\/07\/Three-Birds-MFW12005-1024x258.webp 1024w, https:\/\/minikino.org\/filmweek\/wp-content\/uploads\/sites\/4\/2024\/07\/Three-Birds-MFW12005-300x76.webp 300w, https:\/\/minikino.org\/filmweek\/wp-content\/uploads\/sites\/4\/2024\/07\/Three-Birds-MFW12005-768x193.webp 768w, https:\/\/minikino.org\/filmweek\/wp-content\/uploads\/sites\/4\/2024\/07\/Three-Birds-MFW12005-1536x387.webp 1536w, https:\/\/minikino.org\/filmweek\/wp-content\/uploads\/sites\/4\/2024\/07\/Three-Birds-MFW12005.webp 1965w\" sizes=\"auto, (max-width: 640px) 100vw, 640px\" \/><\/p>\n<p><strong>THREE BIRDS (Tri ticice)<\/strong><br \/>\n[d][w] Zarja Menart<br \/>\nSlovenia, Croatia \/ 2024 \/ Animation \/ 08:18<br \/>\nA wise birdwoman sends three birds to guide a girl into the dark unknown landscapes of her inner world.<br \/>\n&#8211;<br \/>\n[ig] <a href=\"https:\/\/www.instagram.com\/zarja_menart\">@zarja_menart<\/a> <a href=\"https:\/\/www.instagram.com\/fintafilm\">@fintafilm<\/a> <a href=\"https:\/\/www.instagram.com\/adriaticanimation\">@adriaticanimation<\/a> <a href=\"https:\/\/www.instagram.com\/bonobostudio_zagreb\">@bonobostudio_zagreb<\/a><\/p>\n<p><img loading=\"lazy\" decoding=\"async\" class=\"alignnone size-large wp-image-13113\" src=\"https:\/\/minikino.org\/filmweek\/wp-content\/uploads\/sites\/4\/2024\/07\/Cycle-MFW12170-1024x258.webp\" alt=\"\" width=\"640\" height=\"161\" srcset=\"https:\/\/minikino.org\/filmweek\/wp-content\/uploads\/sites\/4\/2024\/07\/Cycle-MFW12170-1024x258.webp 1024w, https:\/\/minikino.org\/filmweek\/wp-content\/uploads\/sites\/4\/2024\/07\/Cycle-MFW12170-300x76.webp 300w, https:\/\/minikino.org\/filmweek\/wp-content\/uploads\/sites\/4\/2024\/07\/Cycle-MFW12170-768x193.webp 768w, https:\/\/minikino.org\/filmweek\/wp-content\/uploads\/sites\/4\/2024\/07\/Cycle-MFW12170-1536x387.webp 1536w, https:\/\/minikino.org\/filmweek\/wp-content\/uploads\/sites\/4\/2024\/07\/Cycle-MFW12170.webp 1965w\" sizes=\"auto, (max-width: 640px) 100vw, 640px\" \/><\/p>\n<p><strong>CYCLE (D\u00f6ng\u00fc)<\/strong><br \/>\n[d][w] Naz \u00c7ayba\u015f\u0131<br \/>\nTurkey \/ 2023 \/ Fiction \/ 10:39<br \/>\nThe story of a girl who has her period for the first time but does not know what a period is.<br \/>\n&#8211;<br \/>\nAwards\/Screenings: 46th Odense Film Festival &#8211; International Competition 2023 (Oscar qualifying &amp; E.F.A.<br \/>\nqualifying) &#8211; 21st Female Eye Film Festival &#8211; Best Foreign Short Film Award 2023 (Canadian Screen Awards<br \/>\nqualifying)<br \/>\n[ig] <a href=\"https:\/\/www.instagram.com\/dongushortfilm\">@dongushortfilm<\/a><\/p>\n<p><img loading=\"lazy\" decoding=\"async\" class=\"alignnone size-large wp-image-13140\" src=\"https:\/\/minikino.org\/filmweek\/wp-content\/uploads\/sites\/4\/2024\/07\/A-Fermenting-Woman-MFW12452-1024x258.webp\" alt=\"\" width=\"640\" height=\"161\" srcset=\"https:\/\/minikino.org\/filmweek\/wp-content\/uploads\/sites\/4\/2024\/07\/A-Fermenting-Woman-MFW12452-1024x258.webp 1024w, https:\/\/minikino.org\/filmweek\/wp-content\/uploads\/sites\/4\/2024\/07\/A-Fermenting-Woman-MFW12452-300x76.webp 300w, https:\/\/minikino.org\/filmweek\/wp-content\/uploads\/sites\/4\/2024\/07\/A-Fermenting-Woman-MFW12452-768x193.webp 768w, https:\/\/minikino.org\/filmweek\/wp-content\/uploads\/sites\/4\/2024\/07\/A-Fermenting-Woman-MFW12452-1536x387.webp 1536w, https:\/\/minikino.org\/filmweek\/wp-content\/uploads\/sites\/4\/2024\/07\/A-Fermenting-Woman-MFW12452.webp 1965w\" sizes=\"auto, (max-width: 640px) 100vw, 640px\" \/><\/p>\n<p><strong>A FERMENTING WOMAN<\/strong><br \/>\n[d] Priscilla Galvez \/ [w] Maisie Jacobson<br \/>\nCanada \/ 2024 \/ Fiction \/ 23:58<br \/>\nOn the brink of getting fired, visionary chef Marielle Lau discovers a bewitching ingredient she&#8217;s convinced will save her career.<br \/>\n&#8211;<br \/>\n[ig] <a href=\"https:\/\/www.instagram.com\/afermentingwoman\">@afermentingwoman<\/a><\/p>\n<p><img loading=\"lazy\" decoding=\"async\" class=\"alignnone size-large wp-image-13119\" src=\"https:\/\/minikino.org\/filmweek\/wp-content\/uploads\/sites\/4\/2024\/07\/Chello-\u2018ncuollo-MFW11949-1024x258.webp\" alt=\"\" width=\"640\" height=\"161\" srcset=\"https:\/\/minikino.org\/filmweek\/wp-content\/uploads\/sites\/4\/2024\/07\/Chello-\u2018ncuollo-MFW11949-1024x258.webp 1024w, https:\/\/minikino.org\/filmweek\/wp-content\/uploads\/sites\/4\/2024\/07\/Chello-\u2018ncuollo-MFW11949-300x76.webp 300w, https:\/\/minikino.org\/filmweek\/wp-content\/uploads\/sites\/4\/2024\/07\/Chello-\u2018ncuollo-MFW11949-768x193.webp 768w, https:\/\/minikino.org\/filmweek\/wp-content\/uploads\/sites\/4\/2024\/07\/Chello-\u2018ncuollo-MFW11949-1536x387.webp 1536w, https:\/\/minikino.org\/filmweek\/wp-content\/uploads\/sites\/4\/2024\/07\/Chello-\u2018ncuollo-MFW11949.webp 1965w\" sizes=\"auto, (max-width: 640px) 100vw, 640px\" \/><\/p>\n<p><strong>CHELLO &#8216;NCUOLLO (Impure)<\/strong><br \/>\n[d][w] Olga Torrico<br \/>\nItaly \/ 2023 \/ Fiction \/ 20:00<br \/>\nIn a rural town where time stalls, Renata&#8217;s first period clashes with ancient beliefs, unsettling her about women&#8217;s lives there.<br \/>\n&#8211;<br \/>\nAwards\/Screenings: Alice nella Citt\u00e0 2023, Italy (Rai Award &#8211; Onde corte Section) | Bogot\u00e1 Short Film Festival<br \/>\n2023, Colombia (Official Selection)<br \/>\n[ig] <a href=\"https:\/\/www.instagram.com\/sayonarafilm\">@sayonarafilm<\/a><\/p>\n<p><img loading=\"lazy\" decoding=\"async\" class=\"alignnone size-large wp-image-13051\" src=\"https:\/\/minikino.org\/filmweek\/wp-content\/uploads\/sites\/4\/2024\/07\/She-and-Her-Good-Vibrations-MFW11720-1024x258.webp\" alt=\"\" width=\"640\" height=\"161\" srcset=\"https:\/\/minikino.org\/filmweek\/wp-content\/uploads\/sites\/4\/2024\/07\/She-and-Her-Good-Vibrations-MFW11720-1024x258.webp 1024w, https:\/\/minikino.org\/filmweek\/wp-content\/uploads\/sites\/4\/2024\/07\/She-and-Her-Good-Vibrations-MFW11720-300x76.webp 300w, https:\/\/minikino.org\/filmweek\/wp-content\/uploads\/sites\/4\/2024\/07\/She-and-Her-Good-Vibrations-MFW11720-768x193.webp 768w, https:\/\/minikino.org\/filmweek\/wp-content\/uploads\/sites\/4\/2024\/07\/She-and-Her-Good-Vibrations-MFW11720-1536x387.webp 1536w, https:\/\/minikino.org\/filmweek\/wp-content\/uploads\/sites\/4\/2024\/07\/She-and-Her-Good-Vibrations-MFW11720.webp 1965w\" sizes=\"auto, (max-width: 640px) 100vw, 640px\" \/><\/p>\n<p><strong>SHE AND HER GOOD VIBRATIONS<\/strong><br \/>\n[d] Olivia Griselda, Sarah Cheok \/ [w] Olivia Griselda<br \/>\nSingapore \/ 2023 \/ Animation \/ 10:48<br \/>\nA stressed-out woman discovers the wonders of a vibrator. Addicted to solo pleasure sessions, she soon loses touch with reality.<br \/>\n&#8211;<br \/>\nAwards\/Screenings: Singapore International Film Festival 2023 \/\/ Filmfest Dresden 2024 (Germany)<br \/>\n[ig] <a href=\"https:\/\/www.instagram.com\/shevibrations\">@shevibrations<\/a><\/p>\n<hr \/>\n<h3 id=\"BOTTLEDUP\"><strong>BOTTLED UP<\/strong><\/h3>\n<p>Duration: 73:50<br \/>\nWords left unsaid, lines never read.<br \/>\n18+<\/p>\n<table id=\"schedule\" border=\"0\" width=\"100%\">\n<tbody>\n<tr>\n<th rowspan=\"1\" width=\"25%\">DATE<\/th>\n<th width=\"10%\">SHOW TIME<\/th>\n<th width=\"35%\"><strong>VENUE<\/strong><\/th>\n<\/tr>\n<tr>\n<td width=\"25%\">SAB\/SAT 14<\/td>\n<td width=\"10%\">22:00<\/td>\n<td width=\"35%\"><a href=\"https:\/\/minikino.org\/mashliving\" target=\"_blank\" rel=\"noopener\">MASH Denpasar Living Room<\/a><\/td>\n<\/tr>\n<tr>\n<td rowspan=\"1\" width=\"25%\">SEL\/TUE 17<\/td>\n<td width=\"10%\">21:30<\/td>\n<td width=\"35%\"><a href=\"https:\/\/minikino.org\/mashdenpasar\" target=\"_blank\" rel=\"noopener\">MASH Denpasar Art House Cinema<\/a><\/td>\n<\/tr>\n<tr>\n<td rowspan=\"1\" width=\"25%\">KAM\/THU 19<\/td>\n<td width=\"10%\">10:30<\/td>\n<td width=\"35%\"><a href=\"https:\/\/minikino.org\/LSPRBali\" target=\"_blank\" rel=\"noopener\">LSPR Bali<\/a><\/td>\n<\/tr>\n<tr>\n<td align=\"right\"><strong>Note<\/strong>:<\/td>\n<td><em>WITA (+8 GMT)<\/em><\/td>\n<td><\/td>\n<\/tr>\n<\/tbody>\n<\/table>\n<p><img loading=\"lazy\" decoding=\"async\" class=\"alignnone size-large wp-image-13024\" src=\"https:\/\/minikino.org\/filmweek\/wp-content\/uploads\/sites\/4\/2024\/07\/The-Night-Inside-La-Noche-Dentro-MFW12352-1024x258.webp\" alt=\"\" width=\"640\" height=\"161\" srcset=\"https:\/\/minikino.org\/filmweek\/wp-content\/uploads\/sites\/4\/2024\/07\/The-Night-Inside-La-Noche-Dentro-MFW12352-1024x258.webp 1024w, https:\/\/minikino.org\/filmweek\/wp-content\/uploads\/sites\/4\/2024\/07\/The-Night-Inside-La-Noche-Dentro-MFW12352-300x76.webp 300w, https:\/\/minikino.org\/filmweek\/wp-content\/uploads\/sites\/4\/2024\/07\/The-Night-Inside-La-Noche-Dentro-MFW12352-768x193.webp 768w, https:\/\/minikino.org\/filmweek\/wp-content\/uploads\/sites\/4\/2024\/07\/The-Night-Inside-La-Noche-Dentro-MFW12352-1536x387.webp 1536w, https:\/\/minikino.org\/filmweek\/wp-content\/uploads\/sites\/4\/2024\/07\/The-Night-Inside-La-Noche-Dentro-MFW12352.webp 1965w\" sizes=\"auto, (max-width: 640px) 100vw, 640px\" \/><\/p>\n<p><strong>THE NIGHT INSIDE (La Noche Dentro)<\/strong><br \/>\n[d] Antonio Cuesta \/ [w] Antonio Cuesta, Adri\u00e1n Pino<br \/>\nSpain \/ 2023 \/ Fiction \/ 23:54<br \/>\nBel\u00e9n, nurse attacked, accused of child&#8217;s death. She injected right medicine, vows to prove innocence.<br \/>\n&#8211;<br \/>\nAwards\/Screenings: Busan International Short Film Festival 2024 \/\/ 39 Festival Internacional De Cine<br \/>\nEn Guadalajara (Mexico) &#8211; Iberoamerican Short Film Competition<br \/>\n[ig] <a href=\"https:\/\/www.instagram.com\/antcuesta\">@antcuesta<\/a> <a href=\"https:\/\/www.instagram.com\/elgolpe_cde\">@elgolpe_cde<\/a> <a href=\"https:\/\/www.instagram.com\/lineup_filmagency\">@lineup_filmagency<\/a><\/p>\n<p><img loading=\"lazy\" decoding=\"async\" class=\"alignnone wp-image-13474 size-large\" src=\"https:\/\/minikino.org\/filmweek\/wp-content\/uploads\/sites\/4\/2024\/08\/Beben-Tremor-MFW12475-1024x258.webp\" alt=\"\" width=\"640\" height=\"161\" srcset=\"https:\/\/minikino.org\/filmweek\/wp-content\/uploads\/sites\/4\/2024\/08\/Beben-Tremor-MFW12475-1024x258.webp 1024w, https:\/\/minikino.org\/filmweek\/wp-content\/uploads\/sites\/4\/2024\/08\/Beben-Tremor-MFW12475-300x76.webp 300w, https:\/\/minikino.org\/filmweek\/wp-content\/uploads\/sites\/4\/2024\/08\/Beben-Tremor-MFW12475-768x193.webp 768w, https:\/\/minikino.org\/filmweek\/wp-content\/uploads\/sites\/4\/2024\/08\/Beben-Tremor-MFW12475-1536x387.webp 1536w, https:\/\/minikino.org\/filmweek\/wp-content\/uploads\/sites\/4\/2024\/08\/Beben-Tremor-MFW12475.webp 1965w\" sizes=\"auto, (max-width: 640px) 100vw, 640px\" \/><\/p>\n<p><strong>BEBEN (Tremor)<\/strong><br \/>\n[d] Rudolf Fitzgerald leonard \/ [w] Rudolf Fitzgerald Leonard, Annika Birgel, Luis Brandt<br \/>\nGermany \/ 2022 \/ Fiction \/ 16:16<br \/>\nDuring water therapy for his chronic spasms, Leon is involved in an incident that gradually disrupts all aspects of his life.<br \/>\n&#8211;<br \/>\nAwards\/Screenings: Previous Screenings: Directors&#8217; Fortnight in Cannes 2022, Toronto International Film Festival 2022<br \/>\n[ig] <a href=\"https:\/\/www.instagram.com\/problemkindfilm\">@problemkindfilm<\/a> <a href=\"https:\/\/www.instagram.com\/rudolf_fl\">@rudolf_fl<\/a> <a href=\"https:\/\/www.instagram.com\/annielbirg\">@annielbirg<\/a><\/p>\n<p><img loading=\"lazy\" decoding=\"async\" class=\"alignnone size-large wp-image-13037\" src=\"https:\/\/minikino.org\/filmweek\/wp-content\/uploads\/sites\/4\/2024\/07\/Sweatshop-Girl-MFW12552-1024x258.webp\" alt=\"\" width=\"640\" height=\"161\" srcset=\"https:\/\/minikino.org\/filmweek\/wp-content\/uploads\/sites\/4\/2024\/07\/Sweatshop-Girl-MFW12552-1024x258.webp 1024w, https:\/\/minikino.org\/filmweek\/wp-content\/uploads\/sites\/4\/2024\/07\/Sweatshop-Girl-MFW12552-300x76.webp 300w, https:\/\/minikino.org\/filmweek\/wp-content\/uploads\/sites\/4\/2024\/07\/Sweatshop-Girl-MFW12552-768x193.webp 768w, https:\/\/minikino.org\/filmweek\/wp-content\/uploads\/sites\/4\/2024\/07\/Sweatshop-Girl-MFW12552-1536x387.webp 1536w, https:\/\/minikino.org\/filmweek\/wp-content\/uploads\/sites\/4\/2024\/07\/Sweatshop-Girl-MFW12552.webp 1965w\" sizes=\"auto, (max-width: 640px) 100vw, 640px\" \/><\/p>\n<p><strong>SWEATSHOP GIRL (Chica de F\u00e1brica)<\/strong><br \/>\n[d] Selma Cervantes \/ [w] Selma Cervantes, Indra Villase\u00f1or Amador<br \/>\nMexico \/ 2023 \/ Fiction \/ 16:40<br \/>\nPregnant seamstress in sweatshop fears job loss, keeps condition hidden.<br \/>\n&#8211;<br \/>\n[ig] <a href=\"https:\/\/www.instagram.com\/sweatshop.girl\">@sweatshop.girl<\/a><\/p>\n<p><img loading=\"lazy\" decoding=\"async\" class=\"alignnone size-large wp-image-13114\" src=\"https:\/\/minikino.org\/filmweek\/wp-content\/uploads\/sites\/4\/2024\/07\/Cross-My-Heart-and-Hope-To-Die-MFW11818-1024x258.webp\" alt=\"\" width=\"640\" height=\"161\" srcset=\"https:\/\/minikino.org\/filmweek\/wp-content\/uploads\/sites\/4\/2024\/07\/Cross-My-Heart-and-Hope-To-Die-MFW11818-1024x258.webp 1024w, https:\/\/minikino.org\/filmweek\/wp-content\/uploads\/sites\/4\/2024\/07\/Cross-My-Heart-and-Hope-To-Die-MFW11818-300x76.webp 300w, https:\/\/minikino.org\/filmweek\/wp-content\/uploads\/sites\/4\/2024\/07\/Cross-My-Heart-and-Hope-To-Die-MFW11818-768x193.webp 768w, https:\/\/minikino.org\/filmweek\/wp-content\/uploads\/sites\/4\/2024\/07\/Cross-My-Heart-and-Hope-To-Die-MFW11818-1536x387.webp 1536w, https:\/\/minikino.org\/filmweek\/wp-content\/uploads\/sites\/4\/2024\/07\/Cross-My-Heart-and-Hope-To-Die-MFW11818.webp 1965w\" sizes=\"auto, (max-width: 640px) 100vw, 640px\" \/><\/p>\n<p><strong>CROSS MY HEART AND HOPE TO DIE<\/strong><br \/>\n[d][w] Sam Manacsa<br \/>\nPhilippines, \/ 2023 \/ Fiction \/ 17:00<br \/>\nMila struggles as she remains unpaid at work and a love interest becomes a source of comfort through his constant phone calls.<br \/>\n&#8211;<br \/>\nAwards\/Screenings: Venezia 80 &#8211; Mostra Internazionale d&#8217;Arte Cinematografica, Orizzonti Short Films Competition<br \/>\n2023, Italy &#8211; World Premiere \/\/ Kaohsiung Film Festival 2023, Taiwan &#8211; Jury Award<br \/>\n[ig] <a href=\"https:\/\/www.instagram.com\/_somesam\">@_somesam<\/a><\/p>\n<hr \/>\n<h3 id=\"QUIRKY\"><strong>QUIRKY<\/strong><\/h3>\n<p>Duration: 68:12<br \/>\nDo they tickle your funny bones?<br \/>\n13+<\/p>\n<table id=\"schedule\" border=\"0\" width=\"100%\">\n<tbody>\n<tr>\n<th rowspan=\"1\" width=\"25%\">DATE<\/th>\n<th width=\"10%\">SHOW TIME<\/th>\n<th width=\"35%\"><strong>VENUE<\/strong><\/th>\n<\/tr>\n<tr>\n<td width=\"25%\">SAB\/SAT 14<\/td>\n<td width=\"10%\">13:30<\/td>\n<td width=\"35%\"><a href=\"https:\/\/minikino.org\/mashliving\" target=\"_blank\" rel=\"noopener\">MASH Denpasar Living Room<\/a><\/td>\n<\/tr>\n<tr>\n<td rowspan=\"1\" width=\"25%\">MIN\/SUN 15<\/td>\n<td width=\"10%\">21:00<\/td>\n<td width=\"35%\"><a href=\"https:\/\/minikino.org\/dekakiang\" target=\"_blank\" rel=\"noopener\">Community Screen: Kedai Kopi Dekakiang<\/a><\/td>\n<\/tr>\n<tr>\n<td rowspan=\"1\" width=\"25%\">KAM\/THU 19<\/td>\n<td width=\"10%\">19:00<\/td>\n<td width=\"35%\"><a href=\"https:\/\/minikino.org\/mashdenpasar\" target=\"_blank\" rel=\"noopener\">MASH Denpasar Art House Cinema<\/a><\/td>\n<\/tr>\n<tr>\n<td align=\"right\"><strong>Note<\/strong>:<\/td>\n<td><em>WITA (+8 GMT)<\/em><\/td>\n<td><\/td>\n<\/tr>\n<\/tbody>\n<\/table>\n<p><img loading=\"lazy\" decoding=\"async\" class=\"alignnone size-large wp-image-13078\" src=\"https:\/\/minikino.org\/filmweek\/wp-content\/uploads\/sites\/4\/2024\/07\/Mortelli-a-hopeless-case-MFW12145-1024x258.webp\" alt=\"\" width=\"640\" height=\"161\" srcset=\"https:\/\/minikino.org\/filmweek\/wp-content\/uploads\/sites\/4\/2024\/07\/Mortelli-a-hopeless-case-MFW12145-1024x258.webp 1024w, https:\/\/minikino.org\/filmweek\/wp-content\/uploads\/sites\/4\/2024\/07\/Mortelli-a-hopeless-case-MFW12145-300x76.webp 300w, https:\/\/minikino.org\/filmweek\/wp-content\/uploads\/sites\/4\/2024\/07\/Mortelli-a-hopeless-case-MFW12145-768x193.webp 768w, https:\/\/minikino.org\/filmweek\/wp-content\/uploads\/sites\/4\/2024\/07\/Mortelli-a-hopeless-case-MFW12145-1536x387.webp 1536w, https:\/\/minikino.org\/filmweek\/wp-content\/uploads\/sites\/4\/2024\/07\/Mortelli-a-hopeless-case-MFW12145.webp 1965w\" sizes=\"auto, (max-width: 640px) 100vw, 640px\" \/><\/p>\n<p><strong>MORTELLI, A HOPELESS CASE (Mortelli, un cas perdut)<\/strong><br \/>\n[d][w] Ben Fern\u00e1ndez<br \/>\nSpain \/ 2023 \/ Animation \/ 17:36<br \/>\nDetective Mortelli receives a call from Commissioner Rowley is assigned the strangest and most exciting case of his career.<br \/>\n&#8211;<br \/>\nAwards\/Screenings: SYFY Award at Fantastic And Horror Film Week In Donostia (Spain) \/\/ Award Global Short Animation Jakarta Film Week 2023<br \/>\n[ig] <a href=\"https:\/\/www.instagram.com\/beamosproduccion\">@beamosproduccion<\/a> <a href=\"https:\/\/www.instagram.com\/jaibofilms\">@jaibofilms<\/a> <a href=\"https:\/\/www.instagram.com\/bendezfernandez\">@bendezfernandez<\/a><\/p>\n<p><img loading=\"lazy\" decoding=\"async\" class=\"alignnone size-large wp-image-13070\" src=\"https:\/\/minikino.org\/filmweek\/wp-content\/uploads\/sites\/4\/2024\/07\/Old-Tricks-MFW11985-1024x258.webp\" alt=\"\" width=\"640\" height=\"161\" srcset=\"https:\/\/minikino.org\/filmweek\/wp-content\/uploads\/sites\/4\/2024\/07\/Old-Tricks-MFW11985-1024x258.webp 1024w, https:\/\/minikino.org\/filmweek\/wp-content\/uploads\/sites\/4\/2024\/07\/Old-Tricks-MFW11985-300x76.webp 300w, https:\/\/minikino.org\/filmweek\/wp-content\/uploads\/sites\/4\/2024\/07\/Old-Tricks-MFW11985-768x193.webp 768w, https:\/\/minikino.org\/filmweek\/wp-content\/uploads\/sites\/4\/2024\/07\/Old-Tricks-MFW11985-1536x387.webp 1536w, https:\/\/minikino.org\/filmweek\/wp-content\/uploads\/sites\/4\/2024\/07\/Old-Tricks-MFW11985.webp 1965w\" sizes=\"auto, (max-width: 640px) 100vw, 640px\" \/><\/p>\n<p><strong>OLD TRICKS<\/strong><br \/>\n[d] Edoardo Pasquini, Viktor Ivanov \/ [w] Edoardo Pasquini<br \/>\nBulgaria, Italy \/ 2022 \/ Fiction \/ 06:00<br \/>\nBoredom can be a very dangerous matter for Grandma and Grandpa&#8230;<br \/>\n&#8211;<br \/>\nAwards\/Screenings: Flickerfest Int. Short Film Festival (Australia) \/\/ The Norwegian Short Film Festival (Norway)<br \/>\n[ig] <a href=\"https:\/\/www.instagram.com\/zen_movie\">@zen_movie<\/a><\/p>\n<p><img loading=\"lazy\" decoding=\"async\" class=\"alignnone size-large wp-image-13138\" src=\"https:\/\/minikino.org\/filmweek\/wp-content\/uploads\/sites\/4\/2024\/07\/A-Night-at-the-Rest-Area-MW024F0120-1024x258.webp\" alt=\"\" width=\"640\" height=\"161\" srcset=\"https:\/\/minikino.org\/filmweek\/wp-content\/uploads\/sites\/4\/2024\/07\/A-Night-at-the-Rest-Area-MW024F0120-1024x258.webp 1024w, https:\/\/minikino.org\/filmweek\/wp-content\/uploads\/sites\/4\/2024\/07\/A-Night-at-the-Rest-Area-MW024F0120-300x76.webp 300w, https:\/\/minikino.org\/filmweek\/wp-content\/uploads\/sites\/4\/2024\/07\/A-Night-at-the-Rest-Area-MW024F0120-768x193.webp 768w, https:\/\/minikino.org\/filmweek\/wp-content\/uploads\/sites\/4\/2024\/07\/A-Night-at-the-Rest-Area-MW024F0120-1536x387.webp 1536w, https:\/\/minikino.org\/filmweek\/wp-content\/uploads\/sites\/4\/2024\/07\/A-Night-at-the-Rest-Area-MW024F0120.webp 1965w\" sizes=\"auto, (max-width: 640px) 100vw, 640px\" \/><\/p>\n<p><strong>A NIGHT AT THE REST AREA (\u30d1\u30fc\u30ad\u30f3\u30b0\u30a8\u30ea\u30a2\u306e\u591c)<\/strong><br \/>\n[d][w] Saki Muramoto<br \/>\nJapan \/ 2024 \/ Animation \/ 11:34<br \/>\nAt a midnight highway rest area, the weary travelers each quietly relax their minds. It is lonely yet somehow comforting time.<br \/>\n&#8211;<br \/>\n[ig] <a href=\"https:\/\/www.instagram.com\/saki_muramoto_sketch\">@saki_muramoto_sketch<\/a><\/p>\n<p><img loading=\"lazy\" decoding=\"async\" class=\"alignnone size-large wp-image-13056\" src=\"https:\/\/minikino.org\/filmweek\/wp-content\/uploads\/sites\/4\/2024\/07\/Sandwich-cat-MFW12015-1024x258.webp\" alt=\"\" width=\"640\" height=\"161\" srcset=\"https:\/\/minikino.org\/filmweek\/wp-content\/uploads\/sites\/4\/2024\/07\/Sandwich-cat-MFW12015-1024x258.webp 1024w, https:\/\/minikino.org\/filmweek\/wp-content\/uploads\/sites\/4\/2024\/07\/Sandwich-cat-MFW12015-300x76.webp 300w, https:\/\/minikino.org\/filmweek\/wp-content\/uploads\/sites\/4\/2024\/07\/Sandwich-cat-MFW12015-768x193.webp 768w, https:\/\/minikino.org\/filmweek\/wp-content\/uploads\/sites\/4\/2024\/07\/Sandwich-cat-MFW12015-1536x387.webp 1536w, https:\/\/minikino.org\/filmweek\/wp-content\/uploads\/sites\/4\/2024\/07\/Sandwich-cat-MFW12015.webp 1965w\" sizes=\"auto, (max-width: 640px) 100vw, 640px\" \/><\/p>\n<p><strong>SANDWICH CAT<\/strong><br \/>\n[d][w] David Fidalgo<br \/>\nSpain \/ 2022 \/ Animation \/ 10:54<br \/>\nDavid is lying on the couch watching his favourite series: a Christian fantasy, while Sandwich Cat is doing his thing.<br \/>\n&#8211;<br \/>\nAwards\/Screenings: SXSW &#8211; South by Southwest, Audience Award for the Animated Shorts Competition \/\/ AFI<br \/>\nFEST &#8211; Los Angeles ( United States )<\/p>\n<p><img loading=\"lazy\" decoding=\"async\" class=\"alignnone size-large wp-image-13069\" src=\"https:\/\/minikino.org\/filmweek\/wp-content\/uploads\/sites\/4\/2024\/07\/Olgas-Eyes-Les-yeux-dOlga-MW024F0046-1024x258.webp\" alt=\"\" width=\"640\" height=\"161\" srcset=\"https:\/\/minikino.org\/filmweek\/wp-content\/uploads\/sites\/4\/2024\/07\/Olgas-Eyes-Les-yeux-dOlga-MW024F0046-1024x258.webp 1024w, https:\/\/minikino.org\/filmweek\/wp-content\/uploads\/sites\/4\/2024\/07\/Olgas-Eyes-Les-yeux-dOlga-MW024F0046-300x76.webp 300w, https:\/\/minikino.org\/filmweek\/wp-content\/uploads\/sites\/4\/2024\/07\/Olgas-Eyes-Les-yeux-dOlga-MW024F0046-768x193.webp 768w, https:\/\/minikino.org\/filmweek\/wp-content\/uploads\/sites\/4\/2024\/07\/Olgas-Eyes-Les-yeux-dOlga-MW024F0046-1536x387.webp 1536w, https:\/\/minikino.org\/filmweek\/wp-content\/uploads\/sites\/4\/2024\/07\/Olgas-Eyes-Les-yeux-dOlga-MW024F0046.webp 1965w\" sizes=\"auto, (max-width: 640px) 100vw, 640px\" \/><\/p>\n<p><strong>OLGA&#8217;S EYES (Les yeux d&#8217;Olga)<\/strong><br \/>\n[d][w] Sarah Carlot Jaber<br \/>\nBelgium \/ 2023 \/ Fiction \/ 22:08<br \/>\nOlga is tired of killing humans. Could it be the vampire blues? She&#8217;s placed in a care home to find easier something to eat!<br \/>\n&#8211;<br \/>\nAwards\/Screenings: Audience Award at Bucheon International Fantastic Film Festival (BIFAN), South Korea \/\/ Grand Prize Vortex Sci-Fi &amp; Fantasy Award at Flicker\u2019s Rhode Island International Film Festival.<br \/>\n[ig] <a href=\"https:\/\/www.instagram.com\/sarah.carlot.jaber\">@sarah.carlot.jaber<\/a><\/p>\n<hr \/>\n<h3 id=\"TWISTED\"><strong>TWISTED<\/strong><\/h3>\n<p>Duration: 67:49<br \/>\nWell&#8230; It&#8217;s complicated.<br \/>\n18+<\/p>\n<table id=\"schedule\" border=\"0\" width=\"100%\">\n<tbody>\n<tr>\n<th rowspan=\"1\" width=\"25%\">DATE<\/th>\n<th width=\"10%\">SHOW TIME<\/th>\n<th width=\"35%\"><strong>VENUE<\/strong><\/th>\n<\/tr>\n<tr>\n<td width=\"25%\">MIN\/SUN 15<\/td>\n<td width=\"10%\">21:30<\/td>\n<td width=\"35%\"><a href=\"https:\/\/minikino.org\/mashdenpasar\" target=\"_blank\" rel=\"noopener\">MASH Denpasar Art House Cinema<\/a><\/td>\n<\/tr>\n<tr>\n<td rowspan=\"1\" width=\"25%\">RAB\/WED 18<\/td>\n<td width=\"10%\">20:30<\/td>\n<td width=\"35%\"><a href=\"https:\/\/minikino.org\/mashliving\" target=\"_blank\" rel=\"noopener\">MASH Denpasar Living Room<\/a><\/td>\n<\/tr>\n<tr>\n<td rowspan=\"1\" width=\"25%\">KAM\/THU 19<\/td>\n<td width=\"10%\">13:00<\/td>\n<td width=\"35%\"><a href=\"https:\/\/minikino.org\/LSPRBali\" target=\"_blank\" rel=\"noopener\">LSPR Bali<\/a><\/td>\n<\/tr>\n<tr>\n<td align=\"right\"><strong>Note<\/strong>:<\/td>\n<td><em>WITA (+8 GMT)<\/em><\/td>\n<td><\/td>\n<\/tr>\n<\/tbody>\n<\/table>\n<p><img loading=\"lazy\" decoding=\"async\" class=\"alignnone size-large wp-image-12997\" src=\"https:\/\/minikino.org\/filmweek\/wp-content\/uploads\/sites\/4\/2024\/07\/Wild-Tale-Conte-sauvage-MFW11871-1024x258.webp\" alt=\"\" width=\"640\" height=\"161\" srcset=\"https:\/\/minikino.org\/filmweek\/wp-content\/uploads\/sites\/4\/2024\/07\/Wild-Tale-Conte-sauvage-MFW11871-1024x258.webp 1024w, https:\/\/minikino.org\/filmweek\/wp-content\/uploads\/sites\/4\/2024\/07\/Wild-Tale-Conte-sauvage-MFW11871-300x76.webp 300w, https:\/\/minikino.org\/filmweek\/wp-content\/uploads\/sites\/4\/2024\/07\/Wild-Tale-Conte-sauvage-MFW11871-768x193.webp 768w, https:\/\/minikino.org\/filmweek\/wp-content\/uploads\/sites\/4\/2024\/07\/Wild-Tale-Conte-sauvage-MFW11871-1536x387.webp 1536w, https:\/\/minikino.org\/filmweek\/wp-content\/uploads\/sites\/4\/2024\/07\/Wild-Tale-Conte-sauvage-MFW11871.webp 1965w\" sizes=\"auto, (max-width: 640px) 100vw, 640px\" \/><\/p>\n<p><strong>WILD TALE (Conte sauvage)<\/strong><br \/>\n[d] Aline Quertain<br \/>\nBelgium, France \/ 2023 \/ Animation \/ 15:52<br \/>\nIn the middle of a boreal forest, a lonely feline meets a small bird.<br \/>\n&#8211;<br \/>\nAwards\/Screenings: In Competition at IndieLisboa, Portugal 2024 \/\/ Best film Award of Wallonia-Brussels Federation at Festival Anima, Belgium, 2023<br \/>\n[ig] <a href=\"https:\/\/www.instagram.com\/atelier_zorobabel\">@atelier_zorobabel<\/a><\/p>\n<p><img loading=\"lazy\" decoding=\"async\" class=\"alignnone size-large wp-image-13048\" src=\"https:\/\/minikino.org\/filmweek\/wp-content\/uploads\/sites\/4\/2024\/07\/Smokey-Eyes-MFW12598-1024x258.webp\" alt=\"\" width=\"640\" height=\"161\" srcset=\"https:\/\/minikino.org\/filmweek\/wp-content\/uploads\/sites\/4\/2024\/07\/Smokey-Eyes-MFW12598-1024x258.webp 1024w, https:\/\/minikino.org\/filmweek\/wp-content\/uploads\/sites\/4\/2024\/07\/Smokey-Eyes-MFW12598-300x76.webp 300w, https:\/\/minikino.org\/filmweek\/wp-content\/uploads\/sites\/4\/2024\/07\/Smokey-Eyes-MFW12598-768x193.webp 768w, https:\/\/minikino.org\/filmweek\/wp-content\/uploads\/sites\/4\/2024\/07\/Smokey-Eyes-MFW12598-1536x387.webp 1536w, https:\/\/minikino.org\/filmweek\/wp-content\/uploads\/sites\/4\/2024\/07\/Smokey-Eyes-MFW12598.webp 1965w\" sizes=\"auto, (max-width: 640px) 100vw, 640px\" \/><\/p>\n<p><strong>SMOKEY EYES<\/strong><br \/>\n[d] Ali Ali \/ [w] Nancy Ali<br \/>\nEgypt \/ 2023 \/ Fiction \/ 19:41<br \/>\nNour plotted carefully for her date, but anything can go wrong on a ride through an anxious Cairo by night.<br \/>\n&#8211;<br \/>\nAwards\/Screenings: Red Sea International Film Festival (World Premiere)<br \/>\n[ig] <a href=\"https:\/\/www.instagram.com\/madshorts_\">@madshorts_<\/a><\/p>\n<p><img loading=\"lazy\" decoding=\"async\" class=\"alignnone size-large wp-image-13111\" src=\"https:\/\/minikino.org\/filmweek\/wp-content\/uploads\/sites\/4\/2024\/07\/Dreams-like-paper-boats-MFW12163-1024x258.webp\" alt=\"\" width=\"640\" height=\"161\" srcset=\"https:\/\/minikino.org\/filmweek\/wp-content\/uploads\/sites\/4\/2024\/07\/Dreams-like-paper-boats-MFW12163-1024x258.webp 1024w, https:\/\/minikino.org\/filmweek\/wp-content\/uploads\/sites\/4\/2024\/07\/Dreams-like-paper-boats-MFW12163-300x76.webp 300w, https:\/\/minikino.org\/filmweek\/wp-content\/uploads\/sites\/4\/2024\/07\/Dreams-like-paper-boats-MFW12163-768x193.webp 768w, https:\/\/minikino.org\/filmweek\/wp-content\/uploads\/sites\/4\/2024\/07\/Dreams-like-paper-boats-MFW12163-1536x387.webp 1536w, https:\/\/minikino.org\/filmweek\/wp-content\/uploads\/sites\/4\/2024\/07\/Dreams-like-paper-boats-MFW12163.webp 1965w\" sizes=\"auto, (max-width: 640px) 100vw, 640px\" \/><\/p>\n<p><strong>DREAMS LIKE PAPER BOATS<\/strong><br \/>\n[d] Samuel Suffren<br \/>\nHaiti \/ 2024 \/ Fiction \/ 18:45<br \/>\nAfter years of absence, what can we expect from a distant love?<br \/>\n&#8211;<br \/>\nAwards\/Screenings: Sundance Film Festival, United States (2024) REGARD &#8211; Festival international du court m\u00e9trage au Saguenay, Canada (20 &#8211; 24 March, 2024) Competition Special Mention<\/p>\n<p><img loading=\"lazy\" decoding=\"async\" class=\"alignnone size-large wp-image-13008\" src=\"https:\/\/minikino.org\/filmweek\/wp-content\/uploads\/sites\/4\/2024\/07\/Through-the-Throat-MFW12030-1024x258.webp\" alt=\"\" width=\"640\" height=\"161\" srcset=\"https:\/\/minikino.org\/filmweek\/wp-content\/uploads\/sites\/4\/2024\/07\/Through-the-Throat-MFW12030-1024x258.webp 1024w, https:\/\/minikino.org\/filmweek\/wp-content\/uploads\/sites\/4\/2024\/07\/Through-the-Throat-MFW12030-300x76.webp 300w, https:\/\/minikino.org\/filmweek\/wp-content\/uploads\/sites\/4\/2024\/07\/Through-the-Throat-MFW12030-768x193.webp 768w, https:\/\/minikino.org\/filmweek\/wp-content\/uploads\/sites\/4\/2024\/07\/Through-the-Throat-MFW12030-1536x387.webp 1536w, https:\/\/minikino.org\/filmweek\/wp-content\/uploads\/sites\/4\/2024\/07\/Through-the-Throat-MFW12030.webp 1965w\" sizes=\"auto, (max-width: 640px) 100vw, 640px\" \/><\/p>\n<p><strong>THROUGH THE THROAT<\/strong><br \/>\n[d][w] Cavan Campbell<br \/>\nCanada \/ 2023 \/ Fiction \/ 08:00<br \/>\nToday, the inner demon that Janine duels in the aftermath of her break-up is proving all too real.<br \/>\n&#8211;<br \/>\n[ig] <a href=\"https:\/\/www.instagram.com\/interlockpictures\">@InterlockPictures<\/a><\/p>\n<p><img loading=\"lazy\" decoding=\"async\" class=\"alignnone size-large wp-image-13036\" src=\"https:\/\/minikino.org\/filmweek\/wp-content\/uploads\/sites\/4\/2024\/07\/Sweet-Like-Lemons-MFW11998-1024x258.webp\" alt=\"\" width=\"640\" height=\"161\" srcset=\"https:\/\/minikino.org\/filmweek\/wp-content\/uploads\/sites\/4\/2024\/07\/Sweet-Like-Lemons-MFW11998-1024x258.webp 1024w, https:\/\/minikino.org\/filmweek\/wp-content\/uploads\/sites\/4\/2024\/07\/Sweet-Like-Lemons-MFW11998-300x76.webp 300w, https:\/\/minikino.org\/filmweek\/wp-content\/uploads\/sites\/4\/2024\/07\/Sweet-Like-Lemons-MFW11998-768x193.webp 768w, https:\/\/minikino.org\/filmweek\/wp-content\/uploads\/sites\/4\/2024\/07\/Sweet-Like-Lemons-MFW11998-1536x387.webp 1536w, https:\/\/minikino.org\/filmweek\/wp-content\/uploads\/sites\/4\/2024\/07\/Sweet-Like-Lemons-MFW11998.webp 1965w\" sizes=\"auto, (max-width: 640px) 100vw, 640px\" \/><\/p>\n<p><strong>SWEET LIKE LEMONS<\/strong><br \/>\n[d][w] Jenny Jokela<br \/>\nUK, Finland \/ 2023 \/ Animation \/ 05:31<br \/>\nA visual reflection on getting out of a harmful relationship and moving on.<br \/>\n&#8211;<br \/>\n[ig] <a href=\"https:\/\/www.instagram.com\/jokelajenny\">@jokelajenny<\/a> <a href=\"https:\/\/www.instagram.com\/bonobostudio_zagreb\">@bonobostudio_zagreb<\/a><\/p>\n<div class=\"divider\" style=\"margin-top:20px; margin-bottom:20px; border-top:3px solid #e81d2a;width:100%\"\/><\/div>\n<h2 id=\"SOUL\"><strong>A HEALTHY DOSE FOR YOUR SOUL<\/strong><\/h2>\n<hr \/>\n<h3 id=\"ABOUTUS\"><strong>ABOUT US<\/strong><\/h3>\n<p>Duration: 76:13<br \/>\nMerely me and you\u2026<br \/>\n18+<\/p>\n<table id=\"schedule\" border=\"0\" width=\"100%\">\n<tbody>\n<tr>\n<th rowspan=\"1\" width=\"25%\">DATE<\/th>\n<th width=\"10%\">SHOW TIME<\/th>\n<th width=\"35%\"><strong>VENUE<\/strong><\/th>\n<\/tr>\n<tr>\n<td width=\"25%\">SEN\/MON 16<\/td>\n<td width=\"10%\">15:15<\/td>\n<td width=\"35%\"><a href=\"https:\/\/minikino.org\/mashdenpasar\" target=\"_blank\" rel=\"noopener\">MASH Denpasar Art House Cinema<\/a><\/td>\n<\/tr>\n<tr>\n<td rowspan=\"1\" width=\"25%\">SEL\/TUE 17<\/td>\n<td width=\"10%\">17:00<\/td>\n<td width=\"35%\"><a href=\"https:\/\/minikino.org\/LSPRBali\" target=\"_blank\" rel=\"noopener\">LSPR Bali<\/a><\/td>\n<\/tr>\n<tr>\n<td rowspan=\"1\" width=\"25%\">KAM\/THU 19<\/td>\n<td width=\"10%\">13:30<\/td>\n<td width=\"35%\"><a href=\"https:\/\/minikino.org\/mashliving\" target=\"_blank\" rel=\"noopener\">MASH Denpasar Living Room<\/a><\/td>\n<\/tr>\n<tr>\n<td align=\"right\"><strong>Note<\/strong>:<\/td>\n<td><em>WITA (+8 GMT)<\/em><\/td>\n<td><\/td>\n<\/tr>\n<\/tbody>\n<\/table>\n<p><img loading=\"lazy\" decoding=\"async\" class=\"alignnone size-large wp-image-13139\" src=\"https:\/\/minikino.org\/filmweek\/wp-content\/uploads\/sites\/4\/2024\/07\/A-Long-Walk-MFW11790-1024x258.webp\" alt=\"\" width=\"640\" height=\"161\" srcset=\"https:\/\/minikino.org\/filmweek\/wp-content\/uploads\/sites\/4\/2024\/07\/A-Long-Walk-MFW11790-1024x258.webp 1024w, https:\/\/minikino.org\/filmweek\/wp-content\/uploads\/sites\/4\/2024\/07\/A-Long-Walk-MFW11790-300x76.webp 300w, https:\/\/minikino.org\/filmweek\/wp-content\/uploads\/sites\/4\/2024\/07\/A-Long-Walk-MFW11790-768x193.webp 768w, https:\/\/minikino.org\/filmweek\/wp-content\/uploads\/sites\/4\/2024\/07\/A-Long-Walk-MFW11790-1536x387.webp 1536w, https:\/\/minikino.org\/filmweek\/wp-content\/uploads\/sites\/4\/2024\/07\/A-Long-Walk-MFW11790.webp 1965w\" sizes=\"auto, (max-width: 640px) 100vw, 640px\" \/><\/p>\n<p><strong>A LONG WALK (Piyaadehravi-ye Toolani)<\/strong><br \/>\n[d] Sonia Sanjari \/ [w] Sonia Sanjari, Siavash Farhadi<br \/>\nIran \/ 2023 \/ Fiction \/ 15:45<br \/>\nAfter losing &#8216;Saeed&#8217; on their trip to see fireflies, &#8216;Mona&#8217; feels and sees things she couldn&#8217;t before.<br \/>\n&#8211;<br \/>\nAwards\/Screenings: 41st Busan International Short Film Festival<br \/>\n[ig] <a href=\"https:\/\/www.instagram.com\/sonia.sanjari\">@Sonia.Sanjari<\/a><\/p>\n<p><img loading=\"lazy\" decoding=\"async\" class=\"alignnone size-large wp-image-13013\" src=\"https:\/\/minikino.org\/filmweek\/wp-content\/uploads\/sites\/4\/2024\/07\/The-Wide-Eyed-Girl-and-the-Long-Legged-Boy-MFW12099-1024x258.webp\" alt=\"\" width=\"640\" height=\"161\" srcset=\"https:\/\/minikino.org\/filmweek\/wp-content\/uploads\/sites\/4\/2024\/07\/The-Wide-Eyed-Girl-and-the-Long-Legged-Boy-MFW12099-1024x258.webp 1024w, https:\/\/minikino.org\/filmweek\/wp-content\/uploads\/sites\/4\/2024\/07\/The-Wide-Eyed-Girl-and-the-Long-Legged-Boy-MFW12099-300x76.webp 300w, https:\/\/minikino.org\/filmweek\/wp-content\/uploads\/sites\/4\/2024\/07\/The-Wide-Eyed-Girl-and-the-Long-Legged-Boy-MFW12099-768x193.webp 768w, https:\/\/minikino.org\/filmweek\/wp-content\/uploads\/sites\/4\/2024\/07\/The-Wide-Eyed-Girl-and-the-Long-Legged-Boy-MFW12099-1536x387.webp 1536w, https:\/\/minikino.org\/filmweek\/wp-content\/uploads\/sites\/4\/2024\/07\/The-Wide-Eyed-Girl-and-the-Long-Legged-Boy-MFW12099.webp 1965w\" sizes=\"auto, (max-width: 640px) 100vw, 640px\" \/><\/p>\n<p><strong>THE WIDE EYED GIRL AND THE LONG LEGGED BOY (A Rapariga de Olhos Grandes e o Rapaz de Pernas Compridas)<\/strong><br \/>\n[d][w] Maria Hespanhol<br \/>\nPortugal \/ 2023 \/ Animation \/ 10:50<br \/>\nA love story full of encounters and mismatches.<br \/>\n&#8211;<br \/>\nAwards\/Screenings: 47\u00ba Cinanima Film Festival. Portugal \/\/ 21\u00ba Bogoshorts &#8211; Bogot\u00e1 Short Film Festival. Colombia<br \/>\n[ig] <a href=\"https:\/\/www.instagram.com\/mariahespanhol\">@mariahespanhol<\/a> <a href=\"https:\/\/www.instagram.com\/alibifilms\">@alibifilms<\/a> <a href=\"https:\/\/www.instagram.com\/agenciafreak\">@agenciafreak<\/a><\/p>\n<p><img loading=\"lazy\" decoding=\"async\" class=\"alignnone size-large wp-image-12995\" src=\"https:\/\/minikino.org\/filmweek\/wp-content\/uploads\/sites\/4\/2024\/07\/Youre-Happy-Its-Okay-MFW11726-1024x258.webp\" alt=\"\" width=\"640\" height=\"161\" srcset=\"https:\/\/minikino.org\/filmweek\/wp-content\/uploads\/sites\/4\/2024\/07\/Youre-Happy-Its-Okay-MFW11726-1024x258.webp 1024w, https:\/\/minikino.org\/filmweek\/wp-content\/uploads\/sites\/4\/2024\/07\/Youre-Happy-Its-Okay-MFW11726-300x76.webp 300w, https:\/\/minikino.org\/filmweek\/wp-content\/uploads\/sites\/4\/2024\/07\/Youre-Happy-Its-Okay-MFW11726-768x193.webp 768w, https:\/\/minikino.org\/filmweek\/wp-content\/uploads\/sites\/4\/2024\/07\/Youre-Happy-Its-Okay-MFW11726-1536x387.webp 1536w, https:\/\/minikino.org\/filmweek\/wp-content\/uploads\/sites\/4\/2024\/07\/Youre-Happy-Its-Okay-MFW11726.webp 1965w\" sizes=\"auto, (max-width: 640px) 100vw, 640px\" \/><\/p>\n<p><strong>YOU&#8217;RE HAPPY, IT&#8217;S OKAY<\/strong><br \/>\n[d][w] Laura Low<br \/>\nMalaysia \/ 2023 \/ Fiction \/ 19:51<br \/>\nA lovelorn young woman takes care of her aging aunt, while they bond further over amused Tinder swipes and<br \/>\nactual love stories.<br \/>\n&#8211;<br \/>\nAwards\/Screenings: HollyShorts Film Festival, Busan International Short Film Festival<br \/>\n[ig] <a href=\"https:\/\/www.instagram.com\/lilrappo1102\">@lilrappo1102<\/a> <a href=\"https:\/\/www.instagram.com\/foregroundpictures\">@foregroundpictures<\/a><\/p>\n<p><img loading=\"lazy\" decoding=\"async\" class=\"alignnone size-large wp-image-13103\" src=\"https:\/\/minikino.org\/filmweek\/wp-content\/uploads\/sites\/4\/2024\/07\/Forever-Yours-MW024F0091-1024x258.webp\" alt=\"\" width=\"640\" height=\"161\" srcset=\"https:\/\/minikino.org\/filmweek\/wp-content\/uploads\/sites\/4\/2024\/07\/Forever-Yours-MW024F0091-1024x258.webp 1024w, https:\/\/minikino.org\/filmweek\/wp-content\/uploads\/sites\/4\/2024\/07\/Forever-Yours-MW024F0091-300x76.webp 300w, https:\/\/minikino.org\/filmweek\/wp-content\/uploads\/sites\/4\/2024\/07\/Forever-Yours-MW024F0091-768x193.webp 768w, https:\/\/minikino.org\/filmweek\/wp-content\/uploads\/sites\/4\/2024\/07\/Forever-Yours-MW024F0091-1536x387.webp 1536w, https:\/\/minikino.org\/filmweek\/wp-content\/uploads\/sites\/4\/2024\/07\/Forever-Yours-MW024F0091.webp 1965w\" sizes=\"auto, (max-width: 640px) 100vw, 640px\" \/><\/p>\n<p><strong>FOREVER YOURS<\/strong><br \/>\n[d] Elliott Louis McKee \/ [w] Elliott Louis McKee, Andrea Ariel<br \/>\nGermany \/ 2024 \/ Fiction \/ 15:33<br \/>\nAfter an accident paralyzes the love of her life, Valeria becomes his caregiver. But beneath her devotion, a dark<br \/>\nobsession grows.<br \/>\n&#8211;<br \/>\nAwards\/Screenings: Achtung Berlin Filmfestival \/\/ Bucheon International Fantastic Film Festival<br \/>\n[ig] <a href=\"https:\/\/www.instagram.com\/elliottmckeee\">@elliottmckeee<\/a><\/p>\n<p><img loading=\"lazy\" decoding=\"async\" class=\"alignnone size-large wp-image-13043\" src=\"https:\/\/minikino.org\/filmweek\/wp-content\/uploads\/sites\/4\/2024\/07\/Stella-MFW12703-1024x258.webp\" alt=\"\" width=\"640\" height=\"161\" srcset=\"https:\/\/minikino.org\/filmweek\/wp-content\/uploads\/sites\/4\/2024\/07\/Stella-MFW12703-1024x258.webp 1024w, https:\/\/minikino.org\/filmweek\/wp-content\/uploads\/sites\/4\/2024\/07\/Stella-MFW12703-300x76.webp 300w, https:\/\/minikino.org\/filmweek\/wp-content\/uploads\/sites\/4\/2024\/07\/Stella-MFW12703-768x193.webp 768w, https:\/\/minikino.org\/filmweek\/wp-content\/uploads\/sites\/4\/2024\/07\/Stella-MFW12703-1536x387.webp 1536w, https:\/\/minikino.org\/filmweek\/wp-content\/uploads\/sites\/4\/2024\/07\/Stella-MFW12703.webp 1965w\" sizes=\"auto, (max-width: 640px) 100vw, 640px\" \/><\/p>\n<p><strong>STELLA<\/strong><br \/>\n[d][w] Alison Titulaer<br \/>\nNew Zealand \/ 2023 \/ Fiction \/ 14:14<br \/>\nStella is on a special date with her husband. She yearns for connection, capturing brief moments of lucidity before<br \/>\nhe slips away.<br \/>\n&#8211;<br \/>\nAwards\/Screenings: Aesthetica Film Festival, York UK \/\/ Flickerfest, Australia<\/p>\n<hr \/>\n<h3 id=\"BOUNDARIES\"><strong>BOUNDARIES<\/strong><\/h3>\n<p>Duration: 85:04<br \/>\nWhere dreams meet reality.<br \/>\n13+<\/p>\n<table id=\"schedule\" border=\"0\" width=\"100%\">\n<tbody>\n<tr>\n<th rowspan=\"1\" width=\"25%\">DATE<\/th>\n<th width=\"10%\">SHOW TIME<\/th>\n<th width=\"35%\"><strong>VENUE<\/strong><\/th>\n<\/tr>\n<tr>\n<td width=\"25%\">SEL\/TUE 17<\/td>\n<td width=\"10%\">20:45<\/td>\n<td width=\"35%\"><a href=\"https:\/\/minikino.org\/marmarherrzstudio\" target=\"_blank\" rel=\"noopener\">MarmarHerrz Studio<\/a><\/td>\n<\/tr>\n<tr>\n<td rowspan=\"1\" width=\"25%\">RAB\/WED 18<\/td>\n<td width=\"10%\">13:00<\/td>\n<td width=\"35%\"><a href=\"https:\/\/minikino.org\/mashdenpasar\" target=\"_blank\" rel=\"noopener\">MASH Denpasar Art House Cinema<\/a><\/td>\n<\/tr>\n<tr>\n<td rowspan=\"1\" width=\"25%\">KAM\/THU 19<\/td>\n<td width=\"10%\">15:45<\/td>\n<td width=\"35%\"><a href=\"https:\/\/minikino.org\/DNA\" target=\"_blank\" rel=\"noopener\">Dharma Negara Alaya Audio Visual<\/a><\/td>\n<\/tr>\n<tr>\n<td align=\"right\"><strong>Note<\/strong>:<\/td>\n<td><em>WITA (+8 GMT)<\/em><\/td>\n<td><\/td>\n<\/tr>\n<\/tbody>\n<\/table>\n<p><img loading=\"lazy\" decoding=\"async\" class=\"alignnone size-large wp-image-13014\" src=\"https:\/\/minikino.org\/filmweek\/wp-content\/uploads\/sites\/4\/2024\/07\/The-Wandering-MFW12542-1024x258.webp\" alt=\"\" width=\"640\" height=\"161\" srcset=\"https:\/\/minikino.org\/filmweek\/wp-content\/uploads\/sites\/4\/2024\/07\/The-Wandering-MFW12542-1024x258.webp 1024w, https:\/\/minikino.org\/filmweek\/wp-content\/uploads\/sites\/4\/2024\/07\/The-Wandering-MFW12542-300x76.webp 300w, https:\/\/minikino.org\/filmweek\/wp-content\/uploads\/sites\/4\/2024\/07\/The-Wandering-MFW12542-768x193.webp 768w, https:\/\/minikino.org\/filmweek\/wp-content\/uploads\/sites\/4\/2024\/07\/The-Wandering-MFW12542-1536x387.webp 1536w, https:\/\/minikino.org\/filmweek\/wp-content\/uploads\/sites\/4\/2024\/07\/The-Wandering-MFW12542.webp 1965w\" sizes=\"auto, (max-width: 640px) 100vw, 640px\" \/><\/p>\n<p><strong>THE WANDERING<\/strong><br \/>\n[d][w] Amarl Al Kautsar<br \/>\nIndonesia \/ 2024 \/ Fiction \/ 11:25<br \/>\nA couple wandering in nature talking about their hope for the future, while a looming fear of uncertainty follows<br \/>\ntheir journey<br \/>\n&#8211;<br \/>\nAwards\/Screenings: Incheon International Short Film Festival (Special Jury Award)<br \/>\n[ig] <a href=\"https:\/\/www.instagram.com\/ruang.mantra\">@ruang.mantra<\/a><\/p>\n<p><img loading=\"lazy\" decoding=\"async\" class=\"alignnone size-large wp-image-13041\" src=\"https:\/\/minikino.org\/filmweek\/wp-content\/uploads\/sites\/4\/2024\/07\/SUKOUN-Amplified-MFW12201-1024x258.webp\" alt=\"\" width=\"640\" height=\"161\" srcset=\"https:\/\/minikino.org\/filmweek\/wp-content\/uploads\/sites\/4\/2024\/07\/SUKOUN-Amplified-MFW12201-1024x258.webp 1024w, https:\/\/minikino.org\/filmweek\/wp-content\/uploads\/sites\/4\/2024\/07\/SUKOUN-Amplified-MFW12201-300x76.webp 300w, https:\/\/minikino.org\/filmweek\/wp-content\/uploads\/sites\/4\/2024\/07\/SUKOUN-Amplified-MFW12201-768x193.webp 768w, https:\/\/minikino.org\/filmweek\/wp-content\/uploads\/sites\/4\/2024\/07\/SUKOUN-Amplified-MFW12201-1536x387.webp 1536w, https:\/\/minikino.org\/filmweek\/wp-content\/uploads\/sites\/4\/2024\/07\/SUKOUN-Amplified-MFW12201.webp 1965w\" sizes=\"auto, (max-width: 640px) 100vw, 640px\" \/><\/p>\n<p><strong>SUKOUN (Amplified)<\/strong><br \/>\n[d][w] Dina Naser<br \/>\nJordan, Egypt, Palestine \/ 2023 \/ Fiction \/ 18:45<br \/>\nAfter a violating incident at the Karate center, a young hearing-impaired Karate athlete must find a new way to reclaim her power.<br \/>\n&#8211;<br \/>\nAwards\/Screenings: berlinale_Generation Kplus 2024 (special mention award) \/\/ Athens International Film + Video Fest (Black Bear award for sound design)<br \/>\n[ig] <a href=\"https:\/\/www.instagram.com\/dina_naser9\">@dina_naser9<\/a><\/p>\n<p><img loading=\"lazy\" decoding=\"async\" class=\"alignnone size-large wp-image-13002\" src=\"https:\/\/minikino.org\/filmweek\/wp-content\/uploads\/sites\/4\/2024\/07\/When-a-Rocket-Sits-on-the-Launch-Pad-Huo-jian-fa-she-shi-MFW11802-1024x258.webp\" alt=\"\" width=\"640\" height=\"161\" srcset=\"https:\/\/minikino.org\/filmweek\/wp-content\/uploads\/sites\/4\/2024\/07\/When-a-Rocket-Sits-on-the-Launch-Pad-Huo-jian-fa-she-shi-MFW11802-1024x258.webp 1024w, https:\/\/minikino.org\/filmweek\/wp-content\/uploads\/sites\/4\/2024\/07\/When-a-Rocket-Sits-on-the-Launch-Pad-Huo-jian-fa-she-shi-MFW11802-300x76.webp 300w, https:\/\/minikino.org\/filmweek\/wp-content\/uploads\/sites\/4\/2024\/07\/When-a-Rocket-Sits-on-the-Launch-Pad-Huo-jian-fa-she-shi-MFW11802-768x193.webp 768w, https:\/\/minikino.org\/filmweek\/wp-content\/uploads\/sites\/4\/2024\/07\/When-a-Rocket-Sits-on-the-Launch-Pad-Huo-jian-fa-she-shi-MFW11802-1536x387.webp 1536w, https:\/\/minikino.org\/filmweek\/wp-content\/uploads\/sites\/4\/2024\/07\/When-a-Rocket-Sits-on-the-Launch-Pad-Huo-jian-fa-she-shi-MFW11802.webp 1965w\" sizes=\"auto, (max-width: 640px) 100vw, 640px\" \/><\/p>\n<p><strong>WHEN A ROCKET SITS ON THE LAUNCH PAD (Huo jian fa she shi)<\/strong><br \/>\n[d][w] Bohao Liu<br \/>\nChina, USA \/ 2023 \/ Documentary \/ 12:00<br \/>\nAt the basketball camp, 15-year-old Fang talks about her dreams. But life never stops, it moves too fast.<br \/>\n&#8211;<br \/>\nAwards\/Screenings: Berlinale Generation 2023, Germany, World Premiere<br \/>\n[ig] <a href=\"https:\/\/www.instagram.com\/bohoaliu\">@bohoaliu<\/a><\/p>\n<p><img loading=\"lazy\" decoding=\"async\" class=\"alignnone size-large wp-image-13142\" src=\"https:\/\/minikino.org\/filmweek\/wp-content\/uploads\/sites\/4\/2024\/07\/A-Calling.-From-the-Desert.-To-the-Sea-MFW12591-1024x258.webp\" alt=\"\" width=\"640\" height=\"161\" srcset=\"https:\/\/minikino.org\/filmweek\/wp-content\/uploads\/sites\/4\/2024\/07\/A-Calling.-From-the-Desert.-To-the-Sea-MFW12591-1024x258.webp 1024w, https:\/\/minikino.org\/filmweek\/wp-content\/uploads\/sites\/4\/2024\/07\/A-Calling.-From-the-Desert.-To-the-Sea-MFW12591-300x76.webp 300w, https:\/\/minikino.org\/filmweek\/wp-content\/uploads\/sites\/4\/2024\/07\/A-Calling.-From-the-Desert.-To-the-Sea-MFW12591-768x193.webp 768w, https:\/\/minikino.org\/filmweek\/wp-content\/uploads\/sites\/4\/2024\/07\/A-Calling.-From-the-Desert.-To-the-Sea-MFW12591-1536x387.webp 1536w, https:\/\/minikino.org\/filmweek\/wp-content\/uploads\/sites\/4\/2024\/07\/A-Calling.-From-the-Desert.-To-the-Sea-MFW12591.webp 1965w\" sizes=\"auto, (max-width: 640px) 100vw, 640px\" \/><\/p>\n<p><strong>A CALLING. FROM THE DESERT. TO THE SEA<\/strong><br \/>\n[d][w] Murad Abu Eisheh<br \/>\nJordan \/ 2022 \/ Fiction \/ 16:35<br \/>\nFearing that her younger sister will be married off just like she was, Ahlam lures Yasmin to run away with her by<br \/>\ntelling a story.<br \/>\n&#8211;<br \/>\nAwards\/Screenings: Cairo International Film Festival, Egypt (World Premiere) \/\/ Cleveland International Film<br \/>\nFestival, US<br \/>\n[ig] <a href=\"https:\/\/www.instagram.com\/madshorts_\">@madshorts_<\/a><\/p>\n<p><img loading=\"lazy\" decoding=\"async\" class=\"alignnone size-large wp-image-13030\" src=\"https:\/\/minikino.org\/filmweek\/wp-content\/uploads\/sites\/4\/2024\/07\/The-Garden-of-Heart-MFW11995-1024x258.webp\" alt=\"\" width=\"640\" height=\"161\" srcset=\"https:\/\/minikino.org\/filmweek\/wp-content\/uploads\/sites\/4\/2024\/07\/The-Garden-of-Heart-MFW11995-1024x258.webp 1024w, https:\/\/minikino.org\/filmweek\/wp-content\/uploads\/sites\/4\/2024\/07\/The-Garden-of-Heart-MFW11995-300x76.webp 300w, https:\/\/minikino.org\/filmweek\/wp-content\/uploads\/sites\/4\/2024\/07\/The-Garden-of-Heart-MFW11995-768x193.webp 768w, https:\/\/minikino.org\/filmweek\/wp-content\/uploads\/sites\/4\/2024\/07\/The-Garden-of-Heart-MFW11995-1536x387.webp 1536w, https:\/\/minikino.org\/filmweek\/wp-content\/uploads\/sites\/4\/2024\/07\/The-Garden-of-Heart-MFW11995.webp 1965w\" sizes=\"auto, (max-width: 640px) 100vw, 640px\" \/><\/p>\n<p><strong>THE GARDEN OF HEART (A sz\u00edv kertje)<\/strong><br \/>\n[d][w] Oliv\u00e9r Hegyi<br \/>\nHungary, Slovakia \/ 2022 \/ Animation \/ 10:32<br \/>\nWhile waiting for his university entrance exam, a nervous aspiring painter&#8217;s demons appear to him in the form of<br \/>\ngarden pests.<br \/>\n&#8211;<br \/>\n[ig] <a href=\"https:\/\/www.instagram.com\/oliverhegyi_\">@oliverhegyi_<\/a> <a href=\"https:\/\/www.instagram.com\/cubanimation\">@cubanimation<\/a> <a href=\"https:\/\/www.instagram.com\/artichokefilmproduction\">@artichokefilmproduction<\/a> <a href=\"https:\/\/www.instagram.com\/bonobostudio_zagreb\">@bonobostudio_zagreb<\/a><\/p>\n<p><img loading=\"lazy\" decoding=\"async\" class=\"alignnone size-large wp-image-13045\" src=\"https:\/\/minikino.org\/filmweek\/wp-content\/uploads\/sites\/4\/2024\/07\/Southern-Afternoon-MFW12391-1024x258.webp\" alt=\"\" width=\"640\" height=\"161\" srcset=\"https:\/\/minikino.org\/filmweek\/wp-content\/uploads\/sites\/4\/2024\/07\/Southern-Afternoon-MFW12391-1024x258.webp 1024w, https:\/\/minikino.org\/filmweek\/wp-content\/uploads\/sites\/4\/2024\/07\/Southern-Afternoon-MFW12391-300x76.webp 300w, https:\/\/minikino.org\/filmweek\/wp-content\/uploads\/sites\/4\/2024\/07\/Southern-Afternoon-MFW12391-768x193.webp 768w, https:\/\/minikino.org\/filmweek\/wp-content\/uploads\/sites\/4\/2024\/07\/Southern-Afternoon-MFW12391-1536x387.webp 1536w, https:\/\/minikino.org\/filmweek\/wp-content\/uploads\/sites\/4\/2024\/07\/Southern-Afternoon-MFW12391.webp 1965w\" sizes=\"auto, (max-width: 640px) 100vw, 640px\" \/><\/p>\n<p><strong>SOUTHERN AFTERNOON (\u5357\u65b9\u5348\u540e)<\/strong><br \/>\n[d][w] Tian LAN<br \/>\nChina \/ 2022 \/ Fiction \/ 15:47<br \/>\nA father tries to solve his doubt on a possible love letter of his daughter in a unfamiliar language.<br \/>\n&#8211;<br \/>\nAwards\/Screenings: Best Asian Short Film &#8211; Busan IFF 2022<\/p>\n<hr \/>\n<h3 id=\"CORNERED\"><strong>CORNERED<\/strong><\/h3>\n<p>Duration: 75:01<br \/>\nDelicate topics for everyday conversations.<br \/>\n13+<\/p>\n<table id=\"schedule\" border=\"0\" width=\"100%\">\n<tbody>\n<tr>\n<th rowspan=\"1\" width=\"25%\">DATE<\/th>\n<th width=\"10%\">SHOW TIME<\/th>\n<th width=\"35%\"><strong>VENUE<\/strong><\/th>\n<\/tr>\n<tr>\n<td width=\"25%\">SAB\/SAT 14<\/td>\n<td width=\"10%\">15:30<\/td>\n<td width=\"35%\"><a href=\"https:\/\/minikino.org\/mashliving\" target=\"_blank\" rel=\"noopener\">MASH Denpasar Living Room<\/a><\/td>\n<\/tr>\n<tr>\n<td rowspan=\"1\" width=\"25%\">RAB\/WED 18<\/td>\n<td width=\"10%\">13:30<\/td>\n<td width=\"35%\"><a href=\"https:\/\/minikino.org\/DNA\" target=\"_blank\" rel=\"noopener\">Dharma Negara Alaya Audio Visual<\/a><\/td>\n<\/tr>\n<tr>\n<td rowspan=\"1\" width=\"25%\">KAM\/THU 19<\/td>\n<td width=\"10%\">12:45<\/td>\n<td width=\"35%\"><a href=\"https:\/\/minikino.org\/mashdenpasar\" target=\"_blank\" rel=\"noopener\">MASH Denpasar Art House Cinema<\/a><\/td>\n<\/tr>\n<tr>\n<td align=\"right\"><strong>Note<\/strong>:<\/td>\n<td><em>WITA (+8 GMT)<\/em><\/td>\n<td><\/td>\n<\/tr>\n<\/tbody>\n<\/table>\n<p><img loading=\"lazy\" decoding=\"async\" class=\"alignnone size-large wp-image-13060\" src=\"https:\/\/minikino.org\/filmweek\/wp-content\/uploads\/sites\/4\/2024\/07\/Purusa-Wedding-Sacred-MFW12454-1024x258.webp\" alt=\"\" width=\"640\" height=\"161\" srcset=\"https:\/\/minikino.org\/filmweek\/wp-content\/uploads\/sites\/4\/2024\/07\/Purusa-Wedding-Sacred-MFW12454-1024x258.webp 1024w, https:\/\/minikino.org\/filmweek\/wp-content\/uploads\/sites\/4\/2024\/07\/Purusa-Wedding-Sacred-MFW12454-300x76.webp 300w, https:\/\/minikino.org\/filmweek\/wp-content\/uploads\/sites\/4\/2024\/07\/Purusa-Wedding-Sacred-MFW12454-768x193.webp 768w, https:\/\/minikino.org\/filmweek\/wp-content\/uploads\/sites\/4\/2024\/07\/Purusa-Wedding-Sacred-MFW12454-1536x387.webp 1536w, https:\/\/minikino.org\/filmweek\/wp-content\/uploads\/sites\/4\/2024\/07\/Purusa-Wedding-Sacred-MFW12454.webp 1965w\" sizes=\"auto, (max-width: 640px) 100vw, 640px\" \/><\/p>\n<p><strong>PURUSA: WEDDING SACRED<\/strong><br \/>\n[d][w] I Made Suniartika<br \/>\nIndonesia \/ 2024 \/ Fiction \/ 14:59<br \/>\nPregnant Kadek Shanti failed to get married because her boyfriend&#8217;s parents canceled. Kadek was married off with a sacred object.<br \/>\n&#8211;<br \/>\n[ig] <a href=\"https:\/\/www.instagram.com\/madesuniartika\">@madesuniartika<\/a> <a href=\"https:\/\/www.instagram.com\/lokapurvafilms\">@lokapurvafilms<\/a> <a href=\"https:\/\/www.instagram.com\/ylilaaar\">@ylilaaar<\/a><\/p>\n<p><img loading=\"lazy\" decoding=\"async\" class=\"alignnone size-large wp-image-13144\" src=\"https:\/\/minikino.org\/filmweek\/wp-content\/uploads\/sites\/4\/2024\/07\/21-MFW12440-1024x258.webp\" alt=\"\" width=\"640\" height=\"161\" srcset=\"https:\/\/minikino.org\/filmweek\/wp-content\/uploads\/sites\/4\/2024\/07\/21-MFW12440-1024x258.webp 1024w, https:\/\/minikino.org\/filmweek\/wp-content\/uploads\/sites\/4\/2024\/07\/21-MFW12440-300x76.webp 300w, https:\/\/minikino.org\/filmweek\/wp-content\/uploads\/sites\/4\/2024\/07\/21-MFW12440-768x193.webp 768w, https:\/\/minikino.org\/filmweek\/wp-content\/uploads\/sites\/4\/2024\/07\/21-MFW12440-1536x387.webp 1536w, https:\/\/minikino.org\/filmweek\/wp-content\/uploads\/sites\/4\/2024\/07\/21-MFW12440.webp 1965w\" sizes=\"auto, (max-width: 640px) 100vw, 640px\" \/><\/p>\n<p><strong>21<\/strong><br \/>\n[d] Christine Seow<br \/>\nSingapore \/ 2022 \/ Documentary \/ 15:32<br \/>\nMarred with her delinquent past, \u2018Lin\u2019 hopes to turn over a new leaf as she graduates from a juvenile rehabilitation centre.<br \/>\n&#8211;<br \/>\nAwards\/Screenings: Aesthetica Short Film Festival<br \/>\n[ig] <a href=\"https:\/\/www.instagram.com\/seowfilms\">@seowfilms<\/a><\/p>\n<p><img loading=\"lazy\" decoding=\"async\" class=\"alignnone size-large wp-image-13137\" src=\"https:\/\/minikino.org\/filmweek\/wp-content\/uploads\/sites\/4\/2024\/07\/All-About-ShaoChang-MFW12394-1024x258.webp\" alt=\"\" width=\"640\" height=\"161\" srcset=\"https:\/\/minikino.org\/filmweek\/wp-content\/uploads\/sites\/4\/2024\/07\/All-About-ShaoChang-MFW12394-1024x258.webp 1024w, https:\/\/minikino.org\/filmweek\/wp-content\/uploads\/sites\/4\/2024\/07\/All-About-ShaoChang-MFW12394-300x76.webp 300w, https:\/\/minikino.org\/filmweek\/wp-content\/uploads\/sites\/4\/2024\/07\/All-About-ShaoChang-MFW12394-768x193.webp 768w, https:\/\/minikino.org\/filmweek\/wp-content\/uploads\/sites\/4\/2024\/07\/All-About-ShaoChang-MFW12394-1536x387.webp 1536w, https:\/\/minikino.org\/filmweek\/wp-content\/uploads\/sites\/4\/2024\/07\/All-About-ShaoChang-MFW12394.webp 1965w\" sizes=\"auto, (max-width: 640px) 100vw, 640px\" \/><\/p>\n<p><strong>ALL ABOUT SHAOCHANG (\u5c11\u660c)<\/strong><br \/>\n[d][w] Peiyao XU<br \/>\nChina \/ 2024 \/ Documentary \/ 25:00<br \/>\nOut of inner inquiry, Peipei investigates the \u201chaunting stranger\u201d, her deceased brother, through conversation with her family.<br \/>\n&#8211;<br \/>\nAwards\/Screenings: Competition &#8211; Beijing ISFF 2023<\/p>\n<p><img loading=\"lazy\" decoding=\"async\" class=\"alignnone size-large wp-image-13117\" src=\"https:\/\/minikino.org\/filmweek\/wp-content\/uploads\/sites\/4\/2024\/07\/Cocoon-MW024F0106-1024x258.webp\" alt=\"\" width=\"640\" height=\"161\" srcset=\"https:\/\/minikino.org\/filmweek\/wp-content\/uploads\/sites\/4\/2024\/07\/Cocoon-MW024F0106-1024x258.webp 1024w, https:\/\/minikino.org\/filmweek\/wp-content\/uploads\/sites\/4\/2024\/07\/Cocoon-MW024F0106-300x76.webp 300w, https:\/\/minikino.org\/filmweek\/wp-content\/uploads\/sites\/4\/2024\/07\/Cocoon-MW024F0106-768x193.webp 768w, https:\/\/minikino.org\/filmweek\/wp-content\/uploads\/sites\/4\/2024\/07\/Cocoon-MW024F0106-1536x387.webp 1536w, https:\/\/minikino.org\/filmweek\/wp-content\/uploads\/sites\/4\/2024\/07\/Cocoon-MW024F0106.webp 1965w\" sizes=\"auto, (max-width: 640px) 100vw, 640px\" \/><\/p>\n<p><strong>COCOON<\/strong><br \/>\n[d] Yiwei Chen<br \/>\nChina, United Kingdom \/ 2024 \/ Animation \/ 04:30<br \/>\nA little girl wakes up alone in the dark and surreal night, triggering fragmented memories of neglect by her caregivers.<br \/>\n&#8211;<br \/>\n[ig] <a href=\"https:\/\/www.instagram.com\/yiweii.c\">@yiweii.c<\/a><\/p>\n<p><img loading=\"lazy\" decoding=\"async\" class=\"alignnone size-large wp-image-13072\" src=\"https:\/\/minikino.org\/filmweek\/wp-content\/uploads\/sites\/4\/2024\/07\/Nothing-Special-Rien-de-Special-MFW12362-1024x258.webp\" alt=\"\" width=\"640\" height=\"161\" srcset=\"https:\/\/minikino.org\/filmweek\/wp-content\/uploads\/sites\/4\/2024\/07\/Nothing-Special-Rien-de-Special-MFW12362-1024x258.webp 1024w, https:\/\/minikino.org\/filmweek\/wp-content\/uploads\/sites\/4\/2024\/07\/Nothing-Special-Rien-de-Special-MFW12362-300x76.webp 300w, https:\/\/minikino.org\/filmweek\/wp-content\/uploads\/sites\/4\/2024\/07\/Nothing-Special-Rien-de-Special-MFW12362-768x193.webp 768w, https:\/\/minikino.org\/filmweek\/wp-content\/uploads\/sites\/4\/2024\/07\/Nothing-Special-Rien-de-Special-MFW12362-1536x387.webp 1536w, https:\/\/minikino.org\/filmweek\/wp-content\/uploads\/sites\/4\/2024\/07\/Nothing-Special-Rien-de-Special-MFW12362.webp 1965w\" sizes=\"auto, (max-width: 640px) 100vw, 640px\" \/><\/p>\n<p><strong>RIEN DE SP\u00c9CIAL (Nothing Special)<\/strong><br \/>\n[d][w] Efrat Berger<br \/>\nFrance, Israel \/ 2023 \/ Fiction \/ 15:00<br \/>\nBetween four walls, two women are waiting. One let death come and get her. The other that his life finally begins.<br \/>\n&#8211;<br \/>\nAwards\/Screenings: Festival du Court M\u00e9trage Clermont-Ferrand (World Premiere) \/\/ Hot Docs (Audience Award for Short Documentary)<br \/>\n[ig] <a href=\"https:\/\/www.instagram.com\/varicolouredhfa\">@varicolouredhfa<\/a> <a href=\"https:\/\/www.instagram.com\/ikkifilms\">@ikkifilms<\/a> <a href=\"https:\/\/www.instagram.com\/efrat_berger\">@efrat_berger<\/a><\/p>\n<hr \/>\n<h3 id=\"ENIGMA\"><strong>ENIGMA<\/strong><\/h3>\n<p>Duration: 81:51<br \/>\nOf human and nature.<br \/>\n13+<\/p>\n<table id=\"schedule\" border=\"0\" width=\"100%\">\n<tbody>\n<tr>\n<th rowspan=\"1\" width=\"25%\">DATE<\/th>\n<th width=\"10%\">SHOW TIME<\/th>\n<th width=\"35%\"><strong>VENUE<\/strong><\/th>\n<\/tr>\n<tr>\n<td width=\"25%\">SAB\/SAT 14<\/td>\n<td width=\"10%\">20:15<\/td>\n<td width=\"35%\"><a href=\"https:\/\/minikino.org\/umaseminyak\" target=\"_blank\" rel=\"noopener\">Uma Seminyak<\/a><\/td>\n<\/tr>\n<tr>\n<td rowspan=\"1\" width=\"25%\">RAB\/WED 18<\/td>\n<td width=\"10%\">15:45<\/td>\n<td width=\"35%\"><a href=\"https:\/\/minikino.org\/DNA\" target=\"_blank\" rel=\"noopener\">Dharma Negara Alaya Audio Visual<\/a><\/td>\n<\/tr>\n<tr>\n<td rowspan=\"1\" width=\"25%\">KAM\/THU 19<\/td>\n<td width=\"10%\">10:15<\/td>\n<td width=\"35%\"><a href=\"https:\/\/minikino.org\/mashdenpasar\" target=\"_blank\" rel=\"noopener\">MASH Denpasar Art House Cinema<\/a><\/td>\n<\/tr>\n<tr>\n<td align=\"right\"><strong>Note<\/strong>:<\/td>\n<td><em>WITA (+8 GMT)<\/em><\/td>\n<td><\/td>\n<\/tr>\n<\/tbody>\n<\/table>\n<p><img loading=\"lazy\" decoding=\"async\" class=\"alignnone size-large wp-image-13097\" src=\"https:\/\/minikino.org\/filmweek\/wp-content\/uploads\/sites\/4\/2024\/07\/Guests-of-Honor-MFW12337-1024x258.webp\" alt=\"\" width=\"640\" height=\"161\" srcset=\"https:\/\/minikino.org\/filmweek\/wp-content\/uploads\/sites\/4\/2024\/07\/Guests-of-Honor-MFW12337-1024x258.webp 1024w, https:\/\/minikino.org\/filmweek\/wp-content\/uploads\/sites\/4\/2024\/07\/Guests-of-Honor-MFW12337-300x76.webp 300w, https:\/\/minikino.org\/filmweek\/wp-content\/uploads\/sites\/4\/2024\/07\/Guests-of-Honor-MFW12337-768x193.webp 768w, https:\/\/minikino.org\/filmweek\/wp-content\/uploads\/sites\/4\/2024\/07\/Guests-of-Honor-MFW12337-1536x387.webp 1536w, https:\/\/minikino.org\/filmweek\/wp-content\/uploads\/sites\/4\/2024\/07\/Guests-of-Honor-MFW12337.webp 1965w\" sizes=\"auto, (max-width: 640px) 100vw, 640px\" \/><\/p>\n<p><strong>GUESTS OF HONOR (Kunniavieraat)<\/strong><br \/>\n[d] Paula Lehtonen<br \/>\nFinland \/ 2024 \/ Experimental \/ 03:30<br \/>\nIn this speechless video, a dinner is laid on the table. Arriving guests are creatures that are typically found on the plate.<br \/>\n&#8211;<br \/>\nAwards\/Screenings: Leiden International Short Film Festival 2024<br \/>\n[ig] <a href=\"https:\/\/www.instagram.com\/avarkki.fi\">@avarkki.fi<\/a> <a href=\"https:\/\/www.instagram.com\/paulalehtoneartist\">@paulalehtonenartist<\/a><\/p>\n<p><img loading=\"lazy\" decoding=\"async\" class=\"alignnone size-large wp-image-13009\" src=\"https:\/\/minikino.org\/filmweek\/wp-content\/uploads\/sites\/4\/2024\/07\/Through-The-Dams-MFW11825-1024x258.webp\" alt=\"\" width=\"640\" height=\"161\" srcset=\"https:\/\/minikino.org\/filmweek\/wp-content\/uploads\/sites\/4\/2024\/07\/Through-The-Dams-MFW11825-1024x258.webp 1024w, https:\/\/minikino.org\/filmweek\/wp-content\/uploads\/sites\/4\/2024\/07\/Through-The-Dams-MFW11825-300x76.webp 300w, https:\/\/minikino.org\/filmweek\/wp-content\/uploads\/sites\/4\/2024\/07\/Through-The-Dams-MFW11825-768x193.webp 768w, https:\/\/minikino.org\/filmweek\/wp-content\/uploads\/sites\/4\/2024\/07\/Through-The-Dams-MFW11825-1536x387.webp 1536w, https:\/\/minikino.org\/filmweek\/wp-content\/uploads\/sites\/4\/2024\/07\/Through-The-Dams-MFW11825.webp 1965w\" sizes=\"auto, (max-width: 640px) 100vw, 640px\" \/><\/p>\n<p><strong>THROUGH THE DAMS<\/strong><br \/>\n[d][w] Zhuge Shao<br \/>\nUSA \/ 2023 \/ Fiction \/ 14:58<br \/>\nAmidst an investigation into a pollution source in a river region, Aaron&#8217;s discovery of a videotape uncovers a personal revelation<br \/>\n&#8211;<\/p>\n<p><img loading=\"lazy\" decoding=\"async\" class=\"alignnone size-large wp-image-13081\" src=\"https:\/\/minikino.org\/filmweek\/wp-content\/uploads\/sites\/4\/2024\/07\/Luthier-MW024F0036-1024x258.webp\" alt=\"\" width=\"640\" height=\"161\" srcset=\"https:\/\/minikino.org\/filmweek\/wp-content\/uploads\/sites\/4\/2024\/07\/Luthier-MW024F0036-1024x258.webp 1024w, https:\/\/minikino.org\/filmweek\/wp-content\/uploads\/sites\/4\/2024\/07\/Luthier-MW024F0036-300x76.webp 300w, https:\/\/minikino.org\/filmweek\/wp-content\/uploads\/sites\/4\/2024\/07\/Luthier-MW024F0036-768x193.webp 768w, https:\/\/minikino.org\/filmweek\/wp-content\/uploads\/sites\/4\/2024\/07\/Luthier-MW024F0036-1536x387.webp 1536w, https:\/\/minikino.org\/filmweek\/wp-content\/uploads\/sites\/4\/2024\/07\/Luthier-MW024F0036.webp 1965w\" sizes=\"auto, (max-width: 640px) 100vw, 640px\" \/><\/p>\n<p><strong>LUTHIER<\/strong><br \/>\n[d][w] Carlos Gonz\u00e1lez Penagos<br \/>\nColombia \/ 2023 \/ Animation \/ 12:24<br \/>\nA reclusive luthier manages to create a mystical connection between nature and the musical instruments he builds<br \/>\n&#8211;<br \/>\nAwards\/Screenings: 46 DISFF, Drama International Short Film Festival \/\/ 38 FIFF, International Film Festival Fribourg<br \/>\n[ig] <a href=\"https:\/\/www.instagram.com\/loboespeletia\">@loboespeletia<\/a> <a href=\"https:\/\/www.instagram.com\/puna_sm\">@ puna_sm<\/a> <a href=\"https:\/\/www.instagram.com\/films.to.festivals\">@ films.to.festivals<\/a><\/p>\n<p><img loading=\"lazy\" decoding=\"async\" class=\"alignnone size-large wp-image-13000\" src=\"https:\/\/minikino.org\/filmweek\/wp-content\/uploads\/sites\/4\/2024\/07\/Whispers-of-a-Qareen-MFW12131-1024x258.webp\" alt=\"\" width=\"640\" height=\"161\" srcset=\"https:\/\/minikino.org\/filmweek\/wp-content\/uploads\/sites\/4\/2024\/07\/Whispers-of-a-Qareen-MFW12131-1024x258.webp 1024w, https:\/\/minikino.org\/filmweek\/wp-content\/uploads\/sites\/4\/2024\/07\/Whispers-of-a-Qareen-MFW12131-300x76.webp 300w, https:\/\/minikino.org\/filmweek\/wp-content\/uploads\/sites\/4\/2024\/07\/Whispers-of-a-Qareen-MFW12131-768x193.webp 768w, https:\/\/minikino.org\/filmweek\/wp-content\/uploads\/sites\/4\/2024\/07\/Whispers-of-a-Qareen-MFW12131-1536x387.webp 1536w, https:\/\/minikino.org\/filmweek\/wp-content\/uploads\/sites\/4\/2024\/07\/Whispers-of-a-Qareen-MFW12131.webp 1965w\" sizes=\"auto, (max-width: 640px) 100vw, 640px\" \/><\/p>\n<p><strong>WHISPERS OF A QAREEN (Qareen ki sargoshi)<\/strong><br \/>\n[d][w] Maaria Sayed<br \/>\nIndia \/ 2024 \/ Fiction \/ 15:00<br \/>\nJahaan, a young girl in a Himalayan village is contacted from the realm of the dead, while she tries to process her recent loss.<br \/>\n&#8211;<br \/>\nAwards\/Screenings: 40th KurzFilm Festival Hamburg \/\/ Kathmandu International Mountain Film Festival 2024<br \/>\n[ig] <a href=\"https:\/\/www.instagram.com\/maariasayed\">@maariasayed<\/a> <a href=\"https:\/\/www.instagram.com\/draw4films\">@draw4films<\/a><\/p>\n<p><img loading=\"lazy\" decoding=\"async\" class=\"alignnone size-large wp-image-13038\" src=\"https:\/\/minikino.org\/filmweek\/wp-content\/uploads\/sites\/4\/2024\/07\/Surface-MFW12009-1024x258.webp\" alt=\"\" width=\"640\" height=\"161\" srcset=\"https:\/\/minikino.org\/filmweek\/wp-content\/uploads\/sites\/4\/2024\/07\/Surface-MFW12009-1024x258.webp 1024w, https:\/\/minikino.org\/filmweek\/wp-content\/uploads\/sites\/4\/2024\/07\/Surface-MFW12009-300x76.webp 300w, https:\/\/minikino.org\/filmweek\/wp-content\/uploads\/sites\/4\/2024\/07\/Surface-MFW12009-768x193.webp 768w, https:\/\/minikino.org\/filmweek\/wp-content\/uploads\/sites\/4\/2024\/07\/Surface-MFW12009-1536x387.webp 1536w, https:\/\/minikino.org\/filmweek\/wp-content\/uploads\/sites\/4\/2024\/07\/Surface-MFW12009.webp 1965w\" sizes=\"auto, (max-width: 640px) 100vw, 640px\" \/><\/p>\n<p><strong>SURFACE (Rajapinta)<\/strong><br \/>\n[d] Anna Kekkonen \/ [w] Anna Kekkonen &amp; Jenny Timonen<br \/>\nFinland \/ 2023 \/ Documentary \/ 20:24<br \/>\nA documentary about four people and their experiences of freedom in water. Each of them has some disability or illness.<br \/>\n&#8211;<br \/>\nAwards\/Screenings: Tampere Film Festival (Finland) International &amp; National competition \/\/ OFF &#8211; Odense International Short Film Festival 2024 (Denmark)<br \/>\n[ig] <a href=\"https:\/\/www.instagram.com\/kekkonen_anna\">@kekkonen_anna<\/a><\/p>\n<p><img loading=\"lazy\" decoding=\"async\" class=\"alignnone size-large wp-image-13015\" src=\"https:\/\/minikino.org\/filmweek\/wp-content\/uploads\/sites\/4\/2024\/07\/The-Waiting-MFW12112-1024x258.webp\" alt=\"\" width=\"640\" height=\"161\" srcset=\"https:\/\/minikino.org\/filmweek\/wp-content\/uploads\/sites\/4\/2024\/07\/The-Waiting-MFW12112-1024x258.webp 1024w, https:\/\/minikino.org\/filmweek\/wp-content\/uploads\/sites\/4\/2024\/07\/The-Waiting-MFW12112-300x76.webp 300w, https:\/\/minikino.org\/filmweek\/wp-content\/uploads\/sites\/4\/2024\/07\/The-Waiting-MFW12112-768x193.webp 768w, https:\/\/minikino.org\/filmweek\/wp-content\/uploads\/sites\/4\/2024\/07\/The-Waiting-MFW12112-1536x387.webp 1536w, https:\/\/minikino.org\/filmweek\/wp-content\/uploads\/sites\/4\/2024\/07\/The-Waiting-MFW12112.webp 1965w\" sizes=\"auto, (max-width: 640px) 100vw, 640px\" \/><\/p>\n<p><strong>THE WAITING<\/strong><br \/>\n[d] Volker Schlacht \/ [w] Max M\u00f6nch, Alexander Lahl<br \/>\nGermany \/ 2023 \/ Animation \/ 15:35<br \/>\nMysterious deaths occur all over the planet and have a similar pattern. Why have so many species vanished?<br \/>\n&#8211;<\/p>\n<hr \/>\n<h3 id=\"HIDDEN\"><strong>HIDDEN TRUTH<\/strong><\/h3>\n<p>Duration: 68:01<br \/>\nOde to teenagers.<br \/>\n13+<\/p>\n<table id=\"schedule\" border=\"0\" width=\"100%\">\n<tbody>\n<tr>\n<th rowspan=\"1\" width=\"25%\">DATE<\/th>\n<th width=\"10%\">SHOW TIME<\/th>\n<th width=\"35%\"><strong>VENUE<\/strong><\/th>\n<\/tr>\n<tr>\n<td width=\"25%\">MIN\/SUN 15<\/td>\n<td width=\"10%\">15:00<\/td>\n<td width=\"35%\"><a href=\"https:\/\/minikino.org\/mashdenpasar\" target=\"_blank\" rel=\"noopener\">MASH Denpasar Art House Cinema<\/a><\/td>\n<\/tr>\n<tr>\n<td rowspan=\"1\" width=\"25%\">SEL\/TUE 17<\/td>\n<td width=\"10%\">19:30<\/td>\n<td width=\"35%\"><a href=\"https:\/\/minikino.org\/marmarherrzstudio\" target=\"_blank\" rel=\"noopener\">MarmarHerrz Studio<\/a><\/td>\n<\/tr>\n<tr>\n<td rowspan=\"1\" width=\"25%\">RAB\/WED 18<\/td>\n<td width=\"10%\">15:45<\/td>\n<td width=\"35%\"><a href=\"https:\/\/minikino.org\/mashliving\" target=\"_blank\" rel=\"noopener\">MASH Denpasar Living Room<\/a><\/td>\n<\/tr>\n<tr>\n<td align=\"right\"><strong>Note<\/strong>:<\/td>\n<td><em>WITA (+8 GMT)<\/em><\/td>\n<td><\/td>\n<\/tr>\n<\/tbody>\n<\/table>\n<p><img loading=\"lazy\" decoding=\"async\" class=\"alignnone size-large wp-image-13145\" src=\"https:\/\/minikino.org\/filmweek\/wp-content\/uploads\/sites\/4\/2024\/07\/8-MFW12190-1024x258.webp\" alt=\"\" width=\"640\" height=\"161\" srcset=\"https:\/\/minikino.org\/filmweek\/wp-content\/uploads\/sites\/4\/2024\/07\/8-MFW12190-1024x258.webp 1024w, https:\/\/minikino.org\/filmweek\/wp-content\/uploads\/sites\/4\/2024\/07\/8-MFW12190-300x76.webp 300w, https:\/\/minikino.org\/filmweek\/wp-content\/uploads\/sites\/4\/2024\/07\/8-MFW12190-768x193.webp 768w, https:\/\/minikino.org\/filmweek\/wp-content\/uploads\/sites\/4\/2024\/07\/8-MFW12190-1536x387.webp 1536w, https:\/\/minikino.org\/filmweek\/wp-content\/uploads\/sites\/4\/2024\/07\/8-MFW12190.webp 1965w\" sizes=\"auto, (max-width: 640px) 100vw, 640px\" \/><\/p>\n<p><strong>8<\/strong><br \/>\n[d][w] Ana\u00efs-Toh\u00e9 Commaret<br \/>\nFrance \/ 2023 \/ Fiction \/ 22:36<br \/>\nIn suburban lots, youngsters are wishing for money &amp; success. Dreams clog up the air conditioning until everything starts to drip.<br \/>\n&#8211;<br \/>\nAwards\/Screenings: Berlinale Shorts \/\/ C\u00f4t\u00e9 Court Pantin &#8211; Grand Prize Essai &amp; Art Vid\u00e9o \/\/ Go Short &amp; FNC Montreal &#8211; Special Mentions<br \/>\n[ig] <a href=\"https:\/\/www.instagram.com\/te.pirater\">@te.pirater<\/a> <a href=\"https:\/\/www.instagram.com\/proteststudios\">@proteststudios<\/a> <a href=\"https:\/\/www.instagram.com\/leflochat\">@leflochat<\/a><\/p>\n<p><img loading=\"lazy\" decoding=\"async\" class=\"alignnone size-large wp-image-13022\" src=\"https:\/\/minikino.org\/filmweek\/wp-content\/uploads\/sites\/4\/2024\/07\/The-Real-Truth-about-the-Fight-Prava-istina-price-o-sori-MFW11804-1024x258.webp\" alt=\"\" width=\"640\" height=\"161\" srcset=\"https:\/\/minikino.org\/filmweek\/wp-content\/uploads\/sites\/4\/2024\/07\/The-Real-Truth-about-the-Fight-Prava-istina-price-o-sori-MFW11804-1024x258.webp 1024w, https:\/\/minikino.org\/filmweek\/wp-content\/uploads\/sites\/4\/2024\/07\/The-Real-Truth-about-the-Fight-Prava-istina-price-o-sori-MFW11804-300x76.webp 300w, https:\/\/minikino.org\/filmweek\/wp-content\/uploads\/sites\/4\/2024\/07\/The-Real-Truth-about-the-Fight-Prava-istina-price-o-sori-MFW11804-768x193.webp 768w, https:\/\/minikino.org\/filmweek\/wp-content\/uploads\/sites\/4\/2024\/07\/The-Real-Truth-about-the-Fight-Prava-istina-price-o-sori-MFW11804-1536x387.webp 1536w, https:\/\/minikino.org\/filmweek\/wp-content\/uploads\/sites\/4\/2024\/07\/The-Real-Truth-about-the-Fight-Prava-istina-price-o-sori-MFW11804.webp 1965w\" sizes=\"auto, (max-width: 640px) 100vw, 640px\" \/><\/p>\n<p><strong>THE REAL TRUTH ABOUT THE FIGHT (Prava istina pri\u010de o \u0161ori)<\/strong><br \/>\n[d][w] Andrea Slavi\u010dek<br \/>\nCroatia, Spain \/ 2023 \/ Fiction \/ 14:00<br \/>\nBetween school trouble, mean girl drama and a mysterious blue car, teenage Lena d, tells us the real story behind The Big Fight<br \/>\n&#8211;<br \/>\nAwards\/Screenings: Semaine de la Critique Cannes 2023, France, World Premiere<br \/>\n[ig] <a href=\"https:\/\/www.instagram.com\/andreaslavicek\">@andreaslavicek<\/a><\/p>\n<p><img loading=\"lazy\" decoding=\"async\" class=\"alignnone size-large wp-image-13061\" src=\"https:\/\/minikino.org\/filmweek\/wp-content\/uploads\/sites\/4\/2024\/07\/Porcelain-MFW12541-1024x258.webp\" alt=\"\" width=\"640\" height=\"161\" srcset=\"https:\/\/minikino.org\/filmweek\/wp-content\/uploads\/sites\/4\/2024\/07\/Porcelain-MFW12541-1024x258.webp 1024w, https:\/\/minikino.org\/filmweek\/wp-content\/uploads\/sites\/4\/2024\/07\/Porcelain-MFW12541-300x76.webp 300w, https:\/\/minikino.org\/filmweek\/wp-content\/uploads\/sites\/4\/2024\/07\/Porcelain-MFW12541-768x193.webp 768w, https:\/\/minikino.org\/filmweek\/wp-content\/uploads\/sites\/4\/2024\/07\/Porcelain-MFW12541-1536x387.webp 1536w, https:\/\/minikino.org\/filmweek\/wp-content\/uploads\/sites\/4\/2024\/07\/Porcelain-MFW12541.webp 1965w\" sizes=\"auto, (max-width: 640px) 100vw, 640px\" \/><\/p>\n<p><strong>PORCELAIN (Porzellan)<\/strong><br \/>\n[d] Annika Birgel \/ [w] Annika Birgel, Rudolf Fitzgerald Leonard<br \/>\nGermany \/ 2024 \/ Fiction \/ 15:22<br \/>\nTen-year-old Fina desperately tries to keep a piece of porcelain and hence of herself intact.<br \/>\n&#8211;<br \/>\nAwards\/Screenings: Berlinale Generation<br \/>\n[ig] <a href=\"https:\/\/www.instagram.com\/problemkindfilm\">@problemkindfilm<\/a><\/p>\n<p><img loading=\"lazy\" decoding=\"async\" class=\"alignnone size-large wp-image-13132\" src=\"https:\/\/minikino.org\/filmweek\/wp-content\/uploads\/sites\/4\/2024\/07\/Aunque-es-de-noche-MW024F0033-1024x258.webp\" alt=\"\" width=\"640\" height=\"161\" srcset=\"https:\/\/minikino.org\/filmweek\/wp-content\/uploads\/sites\/4\/2024\/07\/Aunque-es-de-noche-MW024F0033-1024x258.webp 1024w, https:\/\/minikino.org\/filmweek\/wp-content\/uploads\/sites\/4\/2024\/07\/Aunque-es-de-noche-MW024F0033-300x76.webp 300w, https:\/\/minikino.org\/filmweek\/wp-content\/uploads\/sites\/4\/2024\/07\/Aunque-es-de-noche-MW024F0033-768x193.webp 768w, https:\/\/minikino.org\/filmweek\/wp-content\/uploads\/sites\/4\/2024\/07\/Aunque-es-de-noche-MW024F0033-1536x387.webp 1536w, https:\/\/minikino.org\/filmweek\/wp-content\/uploads\/sites\/4\/2024\/07\/Aunque-es-de-noche-MW024F0033.webp 1965w\" sizes=\"auto, (max-width: 640px) 100vw, 640px\" \/><\/p>\n<p><strong>AUNQUE ES DE NOCHE (Even though it&#8217;s night)<\/strong><br \/>\n[d] Guillermo Garc\u00eda L\u00f3pez \/ [w] Guillermo Garc\u00eda L\u00f3pez, Inbar Horesh<br \/>\nSpain \/ France \/ 2023 \/ Fiction \/ 16:03<br \/>\nIn la Ca\u00f1ada Real, Europe&#8217;s largest slum, Toni, a 13 year-old boy, discovers that his best friend Nasser is leaving.<br \/>\n&#8211;<br \/>\nAwards\/Screenings: Cannes 2023 Official Competition, Goya 2024 for Best Fiction short<\/p>\n<hr \/>\n<h3 id=\"IMPLIED\"><strong>IMPLIED<\/strong><\/h3>\n<p>Duration: 84:00<br \/>\nTake a little time to think.<br \/>\n18+<\/p>\n<table id=\"schedule\" border=\"0\" width=\"100%\">\n<tbody>\n<tr>\n<th rowspan=\"1\" width=\"25%\">DATE<\/th>\n<th width=\"10%\">SHOW TIME<\/th>\n<th width=\"35%\"><strong>VENUE<\/strong><\/th>\n<\/tr>\n<tr>\n<td width=\"25%\">SEL\/TUE 17<\/td>\n<td width=\"10%\">14:30<\/td>\n<td width=\"35%\"><a href=\"https:\/\/minikino.org\/mashdenpasar\" target=\"_blank\" rel=\"noopener\">MASH Denpasar Art House Cinema<\/a><\/td>\n<\/tr>\n<tr>\n<td rowspan=\"1\" width=\"25%\">RAB\/WED 18<\/td>\n<td width=\"10%\">20:30<\/td>\n<td width=\"35%\"><a href=\"https:\/\/minikino.org\/afbali\" target=\"_blank\" rel=\"noopener\">Alliance Fran\u00e7aise Bali<\/a><\/td>\n<\/tr>\n<tr>\n<td rowspan=\"1\" width=\"25%\">KAM\/THU 19<\/td>\n<td width=\"10%\">11:00<\/td>\n<td width=\"35%\"><a href=\"https:\/\/minikino.org\/mashliving\" target=\"_blank\" rel=\"noopener\">MASH Denpasar Living Room<\/a><\/td>\n<\/tr>\n<tr>\n<td align=\"right\"><strong>Note<\/strong>:<\/td>\n<td><em>WITA (+8 GMT)<\/em><\/td>\n<td><\/td>\n<\/tr>\n<\/tbody>\n<\/table>\n<p><img loading=\"lazy\" decoding=\"async\" class=\"alignnone size-large wp-image-13003\" src=\"https:\/\/minikino.org\/filmweek\/wp-content\/uploads\/sites\/4\/2024\/07\/Whatever-moves-is-alive-Ce-qui-bouge-est-vivant-MFW11872-1024x258.webp\" alt=\"\" width=\"640\" height=\"161\" srcset=\"https:\/\/minikino.org\/filmweek\/wp-content\/uploads\/sites\/4\/2024\/07\/Whatever-moves-is-alive-Ce-qui-bouge-est-vivant-MFW11872-1024x258.webp 1024w, https:\/\/minikino.org\/filmweek\/wp-content\/uploads\/sites\/4\/2024\/07\/Whatever-moves-is-alive-Ce-qui-bouge-est-vivant-MFW11872-300x76.webp 300w, https:\/\/minikino.org\/filmweek\/wp-content\/uploads\/sites\/4\/2024\/07\/Whatever-moves-is-alive-Ce-qui-bouge-est-vivant-MFW11872-768x193.webp 768w, https:\/\/minikino.org\/filmweek\/wp-content\/uploads\/sites\/4\/2024\/07\/Whatever-moves-is-alive-Ce-qui-bouge-est-vivant-MFW11872-1536x387.webp 1536w, https:\/\/minikino.org\/filmweek\/wp-content\/uploads\/sites\/4\/2024\/07\/Whatever-moves-is-alive-Ce-qui-bouge-est-vivant-MFW11872.webp 1965w\" sizes=\"auto, (max-width: 640px) 100vw, 640px\" \/><\/p>\n<p><strong>WHATEVER MOVES IS ALIVE (Ce qui bouge est vivant)<\/strong><br \/>\n[d] No\u00e9mie Marsily<br \/>\nBelgium \/ 2022 \/ Animation \/ 11:04<br \/>\nNo\u00e9mie composes a moving and fragmented self-portrait, on the fringes between intimacy and the world&#8217;s hubbub.<br \/>\n&#8211;<br \/>\nAwards\/Screenings: Award 3-month scholarship at Tricky Women &#8211; Tricky Realities Festival 2023 \/\/ Honorable Mention for Best Disembodiment at Giraf &#8211; Festival of Independant Animation, Canada, 2023<br \/>\n[ig] <a href=\"https:\/\/www.instagram.com\/atelier_zorobabel\">@atelier_zorobabel<\/a><\/p>\n<p><img loading=\"lazy\" decoding=\"async\" class=\"alignnone size-large wp-image-13011\" src=\"https:\/\/minikino.org\/filmweek\/wp-content\/uploads\/sites\/4\/2024\/07\/This-Is-Raquels-Not-so-secret-Diary-MFW12142-1024x258.webp\" alt=\"\" width=\"640\" height=\"161\" srcset=\"https:\/\/minikino.org\/filmweek\/wp-content\/uploads\/sites\/4\/2024\/07\/This-Is-Raquels-Not-so-secret-Diary-MFW12142-1024x258.webp 1024w, https:\/\/minikino.org\/filmweek\/wp-content\/uploads\/sites\/4\/2024\/07\/This-Is-Raquels-Not-so-secret-Diary-MFW12142-300x76.webp 300w, https:\/\/minikino.org\/filmweek\/wp-content\/uploads\/sites\/4\/2024\/07\/This-Is-Raquels-Not-so-secret-Diary-MFW12142-768x193.webp 768w, https:\/\/minikino.org\/filmweek\/wp-content\/uploads\/sites\/4\/2024\/07\/This-Is-Raquels-Not-so-secret-Diary-MFW12142-1536x387.webp 1536w, https:\/\/minikino.org\/filmweek\/wp-content\/uploads\/sites\/4\/2024\/07\/This-Is-Raquels-Not-so-secret-Diary-MFW12142.webp 1965w\" sizes=\"auto, (max-width: 640px) 100vw, 640px\" \/><\/p>\n<p><strong>ESTE ES EL DIARIO NO TAN SECRETO DE RAQUEL (This Is Raquel&#8217;s Not-so-secret Diary)<\/strong><br \/>\n[d][w] Raquel Agea<br \/>\nSpain \/ 2023 \/ Documentary \/ 17:58<br \/>\nI kept 3 diaries between the time I was a preteen until adulthood. I read them and realized a problem, that they dealt with boys.<br \/>\n&#8211;<br \/>\nAwards\/Screenings: ZagrebDox \/\/ Kurzfilm Festival Hamburg<br \/>\n[ig] <a href=\"https:\/\/www.instagram.com\/monna_pomona\">@monna_pomona<\/a><\/p>\n<p><img loading=\"lazy\" decoding=\"async\" class=\"alignnone size-large wp-image-13077\" src=\"https:\/\/minikino.org\/filmweek\/wp-content\/uploads\/sites\/4\/2024\/07\/Mrs.-Irene-MW024F0104-1024x258.webp\" alt=\"\" width=\"640\" height=\"161\" srcset=\"https:\/\/minikino.org\/filmweek\/wp-content\/uploads\/sites\/4\/2024\/07\/Mrs.-Irene-MW024F0104-1024x258.webp 1024w, https:\/\/minikino.org\/filmweek\/wp-content\/uploads\/sites\/4\/2024\/07\/Mrs.-Irene-MW024F0104-300x76.webp 300w, https:\/\/minikino.org\/filmweek\/wp-content\/uploads\/sites\/4\/2024\/07\/Mrs.-Irene-MW024F0104-768x193.webp 768w, https:\/\/minikino.org\/filmweek\/wp-content\/uploads\/sites\/4\/2024\/07\/Mrs.-Irene-MW024F0104-1536x387.webp 1536w, https:\/\/minikino.org\/filmweek\/wp-content\/uploads\/sites\/4\/2024\/07\/Mrs.-Irene-MW024F0104.webp 1965w\" sizes=\"auto, (max-width: 640px) 100vw, 640px\" \/><\/p>\n<p><strong>DONA IRENE (Mrs. Irene)<\/strong><br \/>\n[d][w] Gustavo Campos<br \/>\nBrasil \/ 2024 \/ Fiction \/ 17:30<br \/>\nAfter falling on the street, Mrs. Irene can&#8217;t go out by herself anymore.<br \/>\n&#8211;<br \/>\nAwards\/Screenings: 46\u00ba Moscow International Film Festival<br \/>\n[ig] <a href=\"https:\/\/www.instagram.com\/gustavolomcampos\">@gustavolomcampos<\/a><\/p>\n<p><img loading=\"lazy\" decoding=\"async\" class=\"alignnone size-large wp-image-13071\" src=\"https:\/\/minikino.org\/filmweek\/wp-content\/uploads\/sites\/4\/2024\/07\/Oiseau-de-passage-MW024F0135-1024x258.webp\" alt=\"\" width=\"640\" height=\"161\" srcset=\"https:\/\/minikino.org\/filmweek\/wp-content\/uploads\/sites\/4\/2024\/07\/Oiseau-de-passage-MW024F0135-1024x258.webp 1024w, https:\/\/minikino.org\/filmweek\/wp-content\/uploads\/sites\/4\/2024\/07\/Oiseau-de-passage-MW024F0135-300x76.webp 300w, https:\/\/minikino.org\/filmweek\/wp-content\/uploads\/sites\/4\/2024\/07\/Oiseau-de-passage-MW024F0135-768x193.webp 768w, https:\/\/minikino.org\/filmweek\/wp-content\/uploads\/sites\/4\/2024\/07\/Oiseau-de-passage-MW024F0135-1536x387.webp 1536w, https:\/\/minikino.org\/filmweek\/wp-content\/uploads\/sites\/4\/2024\/07\/Oiseau-de-passage-MW024F0135.webp 1965w\" sizes=\"auto, (max-width: 640px) 100vw, 640px\" \/><\/p>\n<p><strong>OISEAU DE PASSAGE (Wandering bird)<\/strong><br \/>\n[d][w] Victor Dupuis<br \/>\nBelgium \/ 2023 \/ Fiction \/ 15:15<br \/>\nA strange bird is calling and memories come alive again. \u201cWhere were you when I was in despair?\u201d, asks the friend.<br \/>\n&#8211;<br \/>\nAwards\/Screenings: Public Prize of best student short at Film Fest Gent \/\/ Selection at Berlinale Shorts<br \/>\n[ig] <a href=\"https:\/\/www.instagram.com\/victordupuisg\">@victordupuisg<\/a><\/p>\n<p><img loading=\"lazy\" decoding=\"async\" class=\"alignnone size-large wp-image-13118\" src=\"https:\/\/minikino.org\/filmweek\/wp-content\/uploads\/sites\/4\/2024\/07\/CLOWN-ESSES-MW024D0003-1024x258.webp\" alt=\"\" width=\"640\" height=\"161\" srcset=\"https:\/\/minikino.org\/filmweek\/wp-content\/uploads\/sites\/4\/2024\/07\/CLOWN-ESSES-MW024D0003-1024x258.webp 1024w, https:\/\/minikino.org\/filmweek\/wp-content\/uploads\/sites\/4\/2024\/07\/CLOWN-ESSES-MW024D0003-300x76.webp 300w, https:\/\/minikino.org\/filmweek\/wp-content\/uploads\/sites\/4\/2024\/07\/CLOWN-ESSES-MW024D0003-768x193.webp 768w, https:\/\/minikino.org\/filmweek\/wp-content\/uploads\/sites\/4\/2024\/07\/CLOWN-ESSES-MW024D0003-1536x387.webp 1536w, https:\/\/minikino.org\/filmweek\/wp-content\/uploads\/sites\/4\/2024\/07\/CLOWN-ESSES-MW024D0003.webp 1965w\" sizes=\"auto, (max-width: 640px) 100vw, 640px\" \/><\/p>\n<p><strong>CLOWN*ESSES<\/strong><br \/>\n[d][w] Jana Rothe<br \/>\nGermany \/ 2023 \/ Documentary \/ 22:13<br \/>\nCLOWN*ESSES shows the lives of contemporary, feminist clowns who turn the world upside down beyond learned structures.<br \/>\n&#8211;<br \/>\nAwards\/Screenings: DOK LEIPZIG 2023, Flensburger Kurzfilmtage &#8211; Best Fiction\/Nonfiction<br \/>\n[ig] <a href=\"https:\/\/www.instagram.com\/clown.esses\">@clown.esses<\/a> <a href=\"https:\/\/www.instagram.com\/janarothe.photos\">@janarothe.photos<\/a><\/p>\n<hr \/>\n<h3 id=\"INTRICATE\"><strong>INTRICATE LOVE<\/strong><\/h3>\n<p>Duration: 65:47<br \/>\nTough truths talks.<br \/>\n18+<\/p>\n<table id=\"schedule\" border=\"0\" width=\"100%\">\n<tbody>\n<tr>\n<th rowspan=\"1\" width=\"25%\">DATE<\/th>\n<th width=\"10%\">SHOW TIME<\/th>\n<th width=\"35%\"><strong>VENUE<\/strong><\/th>\n<\/tr>\n<tr>\n<td width=\"25%\">SAB\/SAT 14<\/td>\n<td width=\"10%\">17:00<\/td>\n<td width=\"35%\"><a href=\"https:\/\/minikino.org\/mashdenpasar\" target=\"_blank\" rel=\"noopener\">MASH Denpasar Art House Cinema<\/a><\/td>\n<\/tr>\n<tr>\n<td rowspan=\"1\" width=\"25%\">RAB\/WED 18<\/td>\n<td width=\"10%\">19:00<\/td>\n<td width=\"35%\"><a href=\"https:\/\/minikino.org\/afbali\" target=\"_blank\" rel=\"noopener\">Alliance Fran\u00e7aise Bali<\/a><\/td>\n<\/tr>\n<tr>\n<td rowspan=\"1\" width=\"25%\">KAM\/THU 19<\/td>\n<td width=\"10%\">19:15<\/td>\n<td width=\"35%\"><a href=\"https:\/\/minikino.org\/mashliving\" target=\"_blank\" rel=\"noopener\">MASH Denpasar Living Room<\/a><\/td>\n<\/tr>\n<tr>\n<td align=\"right\"><strong>Note<\/strong>:<\/td>\n<td><em>WITA (+8 GMT)<\/em><\/td>\n<td><\/td>\n<\/tr>\n<\/tbody>\n<\/table>\n<p><img loading=\"lazy\" decoding=\"async\" class=\"alignnone size-large wp-image-13064\" src=\"https:\/\/minikino.org\/filmweek\/wp-content\/uploads\/sites\/4\/2024\/07\/Pirsas-MFW12359-1024x258.webp\" alt=\"\" width=\"640\" height=\"161\" srcset=\"https:\/\/minikino.org\/filmweek\/wp-content\/uploads\/sites\/4\/2024\/07\/Pirsas-MFW12359-1024x258.webp 1024w, https:\/\/minikino.org\/filmweek\/wp-content\/uploads\/sites\/4\/2024\/07\/Pirsas-MFW12359-300x76.webp 300w, https:\/\/minikino.org\/filmweek\/wp-content\/uploads\/sites\/4\/2024\/07\/Pirsas-MFW12359-768x193.webp 768w, https:\/\/minikino.org\/filmweek\/wp-content\/uploads\/sites\/4\/2024\/07\/Pirsas-MFW12359-1536x387.webp 1536w, https:\/\/minikino.org\/filmweek\/wp-content\/uploads\/sites\/4\/2024\/07\/Pirsas-MFW12359.webp 1965w\" sizes=\"auto, (max-width: 640px) 100vw, 640px\" \/><\/p>\n<p><strong>PIRSAS<\/strong><br \/>\n[d] Ang\u00e9lica Mar\u00eda Torres Tamayo<br \/>\nColombia \/ 2023 \/ Documentary \/ 19:30<br \/>\nAfter 16 years, the director returns with her mother to the site of the avalanche where she lost her brother, seeking answers.<br \/>\n&#8211;<br \/>\nAwards\/Screenings: Official Selection Festival internacional de cine de San Sebastian<br \/>\n[ig] <a href=\"https:\/\/www.instagram.com\/docupirsas\">@docupirsas<\/a><\/p>\n<p><img loading=\"lazy\" decoding=\"async\" class=\"alignnone size-large wp-image-13131\" src=\"https:\/\/minikino.org\/filmweek\/wp-content\/uploads\/sites\/4\/2024\/07\/AYKUO-MFW11928-1024x258.webp\" alt=\"\" width=\"640\" height=\"161\" srcset=\"https:\/\/minikino.org\/filmweek\/wp-content\/uploads\/sites\/4\/2024\/07\/AYKUO-MFW11928-1024x258.webp 1024w, https:\/\/minikino.org\/filmweek\/wp-content\/uploads\/sites\/4\/2024\/07\/AYKUO-MFW11928-300x76.webp 300w, https:\/\/minikino.org\/filmweek\/wp-content\/uploads\/sites\/4\/2024\/07\/AYKUO-MFW11928-768x193.webp 768w, https:\/\/minikino.org\/filmweek\/wp-content\/uploads\/sites\/4\/2024\/07\/AYKUO-MFW11928-1536x387.webp 1536w, https:\/\/minikino.org\/filmweek\/wp-content\/uploads\/sites\/4\/2024\/07\/AYKUO-MFW11928.webp 1965w\" sizes=\"auto, (max-width: 640px) 100vw, 640px\" \/><\/p>\n<p><strong>AYKUO (\u0410\u0419\u042b\u042b \u041a\u0423\u041e)<\/strong><br \/>\n[d] Ayaal Adamov<br \/>\nRussia \/ 2023 \/ Fiction \/ 22:14<br \/>\nThe Yakut epic about two sisters. The younger sister is studying in the city and at this time her older sister has<br \/>\ndied.<br \/>\n&#8211;<br \/>\nAwards\/Screenings: 2023 Busan International Short Film Festival \/\/ 2023 Vienna Shorts<\/p>\n<p><img loading=\"lazy\" decoding=\"async\" class=\"alignnone size-large wp-image-13001\" src=\"https:\/\/minikino.org\/filmweek\/wp-content\/uploads\/sites\/4\/2024\/07\/Where-the-Wild-Frangipanis-Grow-MFW12287-1024x258.webp\" alt=\"\" width=\"640\" height=\"161\" srcset=\"https:\/\/minikino.org\/filmweek\/wp-content\/uploads\/sites\/4\/2024\/07\/Where-the-Wild-Frangipanis-Grow-MFW12287-1024x258.webp 1024w, https:\/\/minikino.org\/filmweek\/wp-content\/uploads\/sites\/4\/2024\/07\/Where-the-Wild-Frangipanis-Grow-MFW12287-300x76.webp 300w, https:\/\/minikino.org\/filmweek\/wp-content\/uploads\/sites\/4\/2024\/07\/Where-the-Wild-Frangipanis-Grow-MFW12287-768x193.webp 768w, https:\/\/minikino.org\/filmweek\/wp-content\/uploads\/sites\/4\/2024\/07\/Where-the-Wild-Frangipanis-Grow-MFW12287-1536x387.webp 1536w, https:\/\/minikino.org\/filmweek\/wp-content\/uploads\/sites\/4\/2024\/07\/Where-the-Wild-Frangipanis-Grow-MFW12287.webp 1965w\" sizes=\"auto, (max-width: 640px) 100vw, 640px\" \/><\/p>\n<p><strong>WHERE THE WILD FRANGIPANIS GROW (Ragadi Maparo)<\/strong><br \/>\n[d][w] Nirartha Bas Diwangkara<br \/>\nIndonesia \/ 2023 \/ Fiction \/ 15:00<br \/>\nA personal assistant in a Hindu ashram in Bali is torn between his charismatic Guru and an innocent recruit.<br \/>\n&#8211;<br \/>\nAwards\/Screenings: Busan International Film Festival 2023, Queer East Film Festival 2024<br \/>\n[ig] <a href=\"https:\/\/www.instagram.com\/wildfrangipanis\">@wildfrangipanis<\/a><\/p>\n<p><img loading=\"lazy\" decoding=\"async\" class=\"alignnone size-large wp-image-13143\" src=\"https:\/\/minikino.org\/filmweek\/wp-content\/uploads\/sites\/4\/2024\/07\/A-Brave-New-World-MFW12057-1024x258.webp\" alt=\"\" width=\"640\" height=\"161\" srcset=\"https:\/\/minikino.org\/filmweek\/wp-content\/uploads\/sites\/4\/2024\/07\/A-Brave-New-World-MFW12057-1024x258.webp 1024w, https:\/\/minikino.org\/filmweek\/wp-content\/uploads\/sites\/4\/2024\/07\/A-Brave-New-World-MFW12057-300x76.webp 300w, https:\/\/minikino.org\/filmweek\/wp-content\/uploads\/sites\/4\/2024\/07\/A-Brave-New-World-MFW12057-768x193.webp 768w, https:\/\/minikino.org\/filmweek\/wp-content\/uploads\/sites\/4\/2024\/07\/A-Brave-New-World-MFW12057-1536x387.webp 1536w, https:\/\/minikino.org\/filmweek\/wp-content\/uploads\/sites\/4\/2024\/07\/A-Brave-New-World-MFW12057.webp 1965w\" sizes=\"auto, (max-width: 640px) 100vw, 640px\" \/><\/p>\n<p><strong>A BRAVE NEW WORLD<\/strong><br \/>\n[d] Arnold Tam<br \/>\nHong Kong \/ 2023 \/ Experimental \/ 09:03<br \/>\nThought-provoking cinematic vignettes mixing fiction and reality, painting a present-day landscape of Hong Kong in 2020s.<br \/>\n&#8211;<br \/>\nAwards\/Screenings: International Film Festival Rotterdam \/\/ B3 Biennial of the Moving Image<br \/>\n[ig] <a href=\"https:\/\/www.instagram.com\/arnoldtw\">@arnoldtw<\/a><\/p>\n<hr \/>\n<h3 id=\"PASSAGES\"><strong>PASSAGES<\/strong><\/h3>\n<p>Duration: 66:10<br \/>\nA journey of life with unexpected twists.<br \/>\n13+<\/p>\n<table id=\"schedule\" border=\"0\" width=\"100%\">\n<tbody>\n<tr>\n<th rowspan=\"1\" width=\"25%\">DATE<\/th>\n<th width=\"10%\">SHOW TIME<\/th>\n<th width=\"35%\"><strong>VENUE<\/strong><\/th>\n<\/tr>\n<tr>\n<td width=\"25%\">MIN\/SUN 15<\/td>\n<td width=\"10%\">18:30<\/td>\n<td width=\"35%\"><a href=\"https:\/\/minikino.org\/umaseminyak\" target=\"_blank\" rel=\"noopener\">Uma Seminyak<\/a><\/td>\n<\/tr>\n<tr>\n<td rowspan=\"1\" width=\"25%\">SEN\/MON 16<\/td>\n<td width=\"10%\">20:45<\/td>\n<td width=\"35%\"><a href=\"https:\/\/minikino.org\/marmarherrzstudio\" target=\"_blank\" rel=\"noopener\">MarmarHerrz Studio<\/a><\/td>\n<\/tr>\n<tr>\n<td rowspan=\"1\" width=\"25%\">RAB\/WED 18<\/td>\n<td width=\"10%\">20:00<\/td>\n<td width=\"35%\"><a href=\"https:\/\/minikino.org\/mashdenpasar\" target=\"_blank\" rel=\"noopener\">MASH Denpasar Art House Cinema<\/a><\/td>\n<\/tr>\n<tr>\n<td align=\"right\"><strong>Note<\/strong>:<\/td>\n<td><em>WITA (+8 GMT)<\/em><\/td>\n<td><\/td>\n<\/tr>\n<\/tbody>\n<\/table>\n<p><img loading=\"lazy\" decoding=\"async\" class=\"alignnone size-large wp-image-13095\" src=\"https:\/\/minikino.org\/filmweek\/wp-content\/uploads\/sites\/4\/2024\/07\/Hey-Little-One-Salut-bebe-MFW11766-1024x258.webp\" alt=\"\" width=\"640\" height=\"161\" srcset=\"https:\/\/minikino.org\/filmweek\/wp-content\/uploads\/sites\/4\/2024\/07\/Hey-Little-One-Salut-bebe-MFW11766-1024x258.webp 1024w, https:\/\/minikino.org\/filmweek\/wp-content\/uploads\/sites\/4\/2024\/07\/Hey-Little-One-Salut-bebe-MFW11766-300x76.webp 300w, https:\/\/minikino.org\/filmweek\/wp-content\/uploads\/sites\/4\/2024\/07\/Hey-Little-One-Salut-bebe-MFW11766-768x193.webp 768w, https:\/\/minikino.org\/filmweek\/wp-content\/uploads\/sites\/4\/2024\/07\/Hey-Little-One-Salut-bebe-MFW11766-1536x387.webp 1536w, https:\/\/minikino.org\/filmweek\/wp-content\/uploads\/sites\/4\/2024\/07\/Hey-Little-One-Salut-bebe-MFW11766.webp 1965w\" sizes=\"auto, (max-width: 640px) 100vw, 640px\" \/><\/p>\n<p><strong>HEY LITTLE ONE (Salut b\u00e9b\u00e9)<\/strong><br \/>\n[d][w] Sarah L&#8217;H\u00e9rault<br \/>\nCanada \/ 2024 \/ Animation \/ 06:22<br \/>\nHey Little One explores the intensity of the bond of attachment between a hospitalized baby and a pair of friends of her parents.<br \/>\n&#8211;<\/p>\n<p><img loading=\"lazy\" decoding=\"async\" class=\"alignnone size-large wp-image-13089\" src=\"https:\/\/minikino.org\/filmweek\/wp-content\/uploads\/sites\/4\/2024\/07\/Juveniles-MFW12524-1024x258.webp\" alt=\"\" width=\"640\" height=\"161\" srcset=\"https:\/\/minikino.org\/filmweek\/wp-content\/uploads\/sites\/4\/2024\/07\/Juveniles-MFW12524-1024x258.webp 1024w, https:\/\/minikino.org\/filmweek\/wp-content\/uploads\/sites\/4\/2024\/07\/Juveniles-MFW12524-300x76.webp 300w, https:\/\/minikino.org\/filmweek\/wp-content\/uploads\/sites\/4\/2024\/07\/Juveniles-MFW12524-768x193.webp 768w, https:\/\/minikino.org\/filmweek\/wp-content\/uploads\/sites\/4\/2024\/07\/Juveniles-MFW12524-1536x387.webp 1536w, https:\/\/minikino.org\/filmweek\/wp-content\/uploads\/sites\/4\/2024\/07\/Juveniles-MFW12524.webp 1965w\" sizes=\"auto, (max-width: 640px) 100vw, 640px\" \/><\/p>\n<p><strong>JUV\u00c9NILES (Juvenile)<\/strong><br \/>\n[d][w] Miguel Lambert<br \/>\nCanada \/ 2023 \/ Fiction \/ 17:48<br \/>\nTwo cousins see their friendship turn into a rivalry when they are confronted with the toxic behavior of complete strangers.<br \/>\n&#8211;<br \/>\n[ig] <a href=\"https:\/\/www.instagram.com\/wlcmaboard\">@wlcmaboard<\/a><\/p>\n<p><img loading=\"lazy\" decoding=\"async\" class=\"alignnone size-large wp-image-13090\" src=\"https:\/\/minikino.org\/filmweek\/wp-content\/uploads\/sites\/4\/2024\/07\/Joie-de-vivre-MFW12517-1024x258.webp\" alt=\"\" width=\"640\" height=\"161\" srcset=\"https:\/\/minikino.org\/filmweek\/wp-content\/uploads\/sites\/4\/2024\/07\/Joie-de-vivre-MFW12517-1024x258.webp 1024w, https:\/\/minikino.org\/filmweek\/wp-content\/uploads\/sites\/4\/2024\/07\/Joie-de-vivre-MFW12517-300x76.webp 300w, https:\/\/minikino.org\/filmweek\/wp-content\/uploads\/sites\/4\/2024\/07\/Joie-de-vivre-MFW12517-768x193.webp 768w, https:\/\/minikino.org\/filmweek\/wp-content\/uploads\/sites\/4\/2024\/07\/Joie-de-vivre-MFW12517-1536x387.webp 1536w, https:\/\/minikino.org\/filmweek\/wp-content\/uploads\/sites\/4\/2024\/07\/Joie-de-vivre-MFW12517.webp 1965w\" sizes=\"auto, (max-width: 640px) 100vw, 640px\" \/><\/p>\n<p><strong>JOIE DE VIVRE<\/strong><br \/>\n[d][w] DADA<br \/>\nCanada \/ 2023 \/ Fiction \/ 11:38<br \/>\nOn a bright winter morning, a couple share breakfast. A simple, &#8216;You good?&#8217; is about to disrupt the balance of their relationship.<br \/>\n&#8211;<br \/>\n[ig] <a href=\"https:\/\/www.instagram.com\/wlcmaboard\">@wlcmaboard<\/a><\/p>\n<p><img loading=\"lazy\" decoding=\"async\" class=\"alignnone size-large wp-image-13082\" src=\"https:\/\/minikino.org\/filmweek\/wp-content\/uploads\/sites\/4\/2024\/07\/Lumen-MFW11770-1024x258.webp\" alt=\"\" width=\"640\" height=\"161\" srcset=\"https:\/\/minikino.org\/filmweek\/wp-content\/uploads\/sites\/4\/2024\/07\/Lumen-MFW11770-1024x258.webp 1024w, https:\/\/minikino.org\/filmweek\/wp-content\/uploads\/sites\/4\/2024\/07\/Lumen-MFW11770-300x76.webp 300w, https:\/\/minikino.org\/filmweek\/wp-content\/uploads\/sites\/4\/2024\/07\/Lumen-MFW11770-768x193.webp 768w, https:\/\/minikino.org\/filmweek\/wp-content\/uploads\/sites\/4\/2024\/07\/Lumen-MFW11770-1536x387.webp 1536w, https:\/\/minikino.org\/filmweek\/wp-content\/uploads\/sites\/4\/2024\/07\/Lumen-MFW11770.webp 1965w\" sizes=\"auto, (max-width: 640px) 100vw, 640px\" \/><\/p>\n<p><strong>LUMEN<\/strong><br \/>\n[d][w] St\u00e9phanie B\u00e9langer<br \/>\nCanada \/ 2024 \/ Fiction \/ 13:30<br \/>\nClaude, 70 years old, compulsively buys lamps online to break his solitude and bring light into his life, at any cost.<br \/>\n&#8211;<\/p>\n<p><img loading=\"lazy\" decoding=\"async\" class=\"alignnone size-large wp-image-13058\" src=\"https:\/\/minikino.org\/filmweek\/wp-content\/uploads\/sites\/4\/2024\/07\/Roundabout-MFW12363-1024x258.webp\" alt=\"\" width=\"640\" height=\"161\" srcset=\"https:\/\/minikino.org\/filmweek\/wp-content\/uploads\/sites\/4\/2024\/07\/Roundabout-MFW12363-1024x258.webp 1024w, https:\/\/minikino.org\/filmweek\/wp-content\/uploads\/sites\/4\/2024\/07\/Roundabout-MFW12363-300x76.webp 300w, https:\/\/minikino.org\/filmweek\/wp-content\/uploads\/sites\/4\/2024\/07\/Roundabout-MFW12363-768x193.webp 768w, https:\/\/minikino.org\/filmweek\/wp-content\/uploads\/sites\/4\/2024\/07\/Roundabout-MFW12363-1536x387.webp 1536w, https:\/\/minikino.org\/filmweek\/wp-content\/uploads\/sites\/4\/2024\/07\/Roundabout-MFW12363.webp 1965w\" sizes=\"auto, (max-width: 640px) 100vw, 640px\" \/><\/p>\n<p><strong>ROUNDABOUT<\/strong><br \/>\n[d][w] Jack Auen, Kevin Walker<br \/>\nUSA \/ 2023 \/ Fiction \/ 16:52<br \/>\nRose, aged 85, drives home.<br \/>\n&#8211;<br \/>\n[ig] <a href=\"https:\/\/www.instagram.com\/varicolouredhfa\">@varicolouredhfa<\/a> <a href=\"https:\/\/www.instagram.com\/thecosmicsalon\">@thecosmicsalon<\/a><\/p>\n<hr \/>\n<h3 id=\"PERSEVERE\"><strong>PERSEVERE<\/strong><\/h3>\n<p>Duration: 81:40<br \/>\nEmotions locked in a cage.<br \/>\n13+<\/p>\n<table id=\"schedule\" border=\"0\" width=\"100%\">\n<tbody>\n<tr>\n<th rowspan=\"1\" width=\"25%\">DATE<\/th>\n<th width=\"10%\">SHOW TIME<\/th>\n<th width=\"35%\"><strong>VENUE<\/strong><\/th>\n<\/tr>\n<tr>\n<td width=\"25%\">SAB\/SAT 14<\/td>\n<td width=\"10%\">19:45<\/td>\n<td width=\"35%\"><a href=\"https:\/\/minikino.org\/mashliving\" target=\"_blank\" rel=\"noopener\">MASH Denpasar Living Room<\/a><\/td>\n<\/tr>\n<tr>\n<td rowspan=\"1\" width=\"25%\">SEN\/MON 16<\/td>\n<td width=\"10%\">20:00<\/td>\n<td width=\"35%\"><a href=\"https:\/\/minikino.org\/mashdenpasar\" target=\"_blank\" rel=\"noopener\">MASH Denpasar Art House Cinema<\/a><\/td>\n<\/tr>\n<tr>\n<td rowspan=\"1\" width=\"25%\">RAB\/WED 18<\/td>\n<td width=\"10%\">15:00<\/td>\n<td width=\"35%\"><a href=\"https:\/\/minikino.org\/LSPRBali\" target=\"_blank\" rel=\"noopener\">LSPR Bali<\/a><\/td>\n<\/tr>\n<tr>\n<td align=\"right\"><strong>Note<\/strong>:<\/td>\n<td><em>WITA (+8 GMT)<\/em><\/td>\n<td><\/td>\n<\/tr>\n<\/tbody>\n<\/table>\n<p><img loading=\"lazy\" decoding=\"async\" class=\"alignnone size-large wp-image-13098\" src=\"https:\/\/minikino.org\/filmweek\/wp-content\/uploads\/sites\/4\/2024\/07\/Goldfish-for-Breakfast-MFW12172-1024x258.webp\" alt=\"\" width=\"640\" height=\"161\" srcset=\"https:\/\/minikino.org\/filmweek\/wp-content\/uploads\/sites\/4\/2024\/07\/Goldfish-for-Breakfast-MFW12172-1024x258.webp 1024w, https:\/\/minikino.org\/filmweek\/wp-content\/uploads\/sites\/4\/2024\/07\/Goldfish-for-Breakfast-MFW12172-300x76.webp 300w, https:\/\/minikino.org\/filmweek\/wp-content\/uploads\/sites\/4\/2024\/07\/Goldfish-for-Breakfast-MFW12172-768x193.webp 768w, https:\/\/minikino.org\/filmweek\/wp-content\/uploads\/sites\/4\/2024\/07\/Goldfish-for-Breakfast-MFW12172-1536x387.webp 1536w, https:\/\/minikino.org\/filmweek\/wp-content\/uploads\/sites\/4\/2024\/07\/Goldfish-for-Breakfast-MFW12172.webp 1965w\" sizes=\"auto, (max-width: 640px) 100vw, 640px\" \/><\/p>\n<p><strong>GOLDFISH FOR BREAKFAST<\/strong><br \/>\n[d][w] Uri\u00ebl Matahelumual<br \/>\n2023 \/ 2024 \/ Fiction \/ 16:00<br \/>\nThree seniors don&#8217;t talk to each other since Leviy&#8217;s death. Will the goldfish El Tigre bring them together?<br \/>\n&#8211;<br \/>\nAwards\/Screenings: International Film Festival Rotterdam<br \/>\n[ig] <a href=\"https:\/\/www.instagram.com\/goldfishforbreakfastfilm\">@goldfishforbreakfastfilm<\/a><\/p>\n<p><img loading=\"lazy\" decoding=\"async\" class=\"alignnone size-large wp-image-13057\" src=\"https:\/\/minikino.org\/filmweek\/wp-content\/uploads\/sites\/4\/2024\/07\/SAMU-THE-TERRIBLE-AND-HIS-SIN-MFW12561-1024x258.webp\" alt=\"\" width=\"640\" height=\"161\" srcset=\"https:\/\/minikino.org\/filmweek\/wp-content\/uploads\/sites\/4\/2024\/07\/SAMU-THE-TERRIBLE-AND-HIS-SIN-MFW12561-1024x258.webp 1024w, https:\/\/minikino.org\/filmweek\/wp-content\/uploads\/sites\/4\/2024\/07\/SAMU-THE-TERRIBLE-AND-HIS-SIN-MFW12561-300x76.webp 300w, https:\/\/minikino.org\/filmweek\/wp-content\/uploads\/sites\/4\/2024\/07\/SAMU-THE-TERRIBLE-AND-HIS-SIN-MFW12561-768x193.webp 768w, https:\/\/minikino.org\/filmweek\/wp-content\/uploads\/sites\/4\/2024\/07\/SAMU-THE-TERRIBLE-AND-HIS-SIN-MFW12561-1536x387.webp 1536w, https:\/\/minikino.org\/filmweek\/wp-content\/uploads\/sites\/4\/2024\/07\/SAMU-THE-TERRIBLE-AND-HIS-SIN-MFW12561.webp 1965w\" sizes=\"auto, (max-width: 640px) 100vw, 640px\" \/><\/p>\n<p><strong>SAMU THE TERRIBLE AND HIS SIN<\/strong><br \/>\n[d][w] Dhiwangkara Seta<br \/>\nIndonesia \/ 2023 \/ Fiction \/ 18:00<br \/>\nA lonesome marine student receives strength from the freshwater realm to seek revenge against his rivals.<br \/>\n&#8211;<br \/>\n[ig] <a href=\"https:\/\/www.instagram.com\/qunfilms\">@qunfilms<\/a> <a href=\"https:\/\/www.instagram.com\/dhiwankokoro\">@dhiwankokoro<\/a> <a href=\"https:\/\/www.instagram.com\/elizacheisa\">@elizacheisa<\/a> <a href=\"https:\/\/www.instagram.com\/giovannirahmadeva\">@giovannirahmadeva<\/a><\/p>\n<p><img loading=\"lazy\" decoding=\"async\" class=\"alignnone size-large wp-image-13092\" src=\"https:\/\/minikino.org\/filmweek\/wp-content\/uploads\/sites\/4\/2024\/07\/In-the-Shadow-of-the-Cypress-MFW11738-1024x258.webp\" alt=\"\" width=\"640\" height=\"161\" srcset=\"https:\/\/minikino.org\/filmweek\/wp-content\/uploads\/sites\/4\/2024\/07\/In-the-Shadow-of-the-Cypress-MFW11738-1024x258.webp 1024w, https:\/\/minikino.org\/filmweek\/wp-content\/uploads\/sites\/4\/2024\/07\/In-the-Shadow-of-the-Cypress-MFW11738-300x76.webp 300w, https:\/\/minikino.org\/filmweek\/wp-content\/uploads\/sites\/4\/2024\/07\/In-the-Shadow-of-the-Cypress-MFW11738-768x193.webp 768w, https:\/\/minikino.org\/filmweek\/wp-content\/uploads\/sites\/4\/2024\/07\/In-the-Shadow-of-the-Cypress-MFW11738-1536x387.webp 1536w, https:\/\/minikino.org\/filmweek\/wp-content\/uploads\/sites\/4\/2024\/07\/In-the-Shadow-of-the-Cypress-MFW11738.webp 1965w\" sizes=\"auto, (max-width: 640px) 100vw, 640px\" \/><\/p>\n<p><strong>IN THE SHADOW OF THE CYPRESS (Dar Saaye Sarv)<\/strong><br \/>\n[d][w] Hossein Molayemi, Shirin Sohani<br \/>\nIran \/ 2023 \/ Animation \/ 19:33<br \/>\nA captain suffering from PTSD, lives with his daughter &amp; struggle with a harsh life. One day something unexpected<br \/>\nhappens.<br \/>\n&#8211;<br \/>\nAwards\/Screenings: Venice International Film Festival \/\/ Annecy International Animation Festival<br \/>\n[ig] <a href=\"https:\/\/www.instagram.com\/https:\/\/www.instagram.com\/hossein_molayemi\">@Hossein_molayemi<\/a> <a href=\"https:\/\/www.instagram.com\/shirinsohani\">@shirinsohani<\/a><\/p>\n<p><img loading=\"lazy\" decoding=\"async\" class=\"alignnone size-large wp-image-13052\" src=\"https:\/\/minikino.org\/filmweek\/wp-content\/uploads\/sites\/4\/2024\/07\/Shallot-Salad-MW024F0115-1024x258.webp\" alt=\"\" width=\"640\" height=\"161\" srcset=\"https:\/\/minikino.org\/filmweek\/wp-content\/uploads\/sites\/4\/2024\/07\/Shallot-Salad-MW024F0115-1024x258.webp 1024w, https:\/\/minikino.org\/filmweek\/wp-content\/uploads\/sites\/4\/2024\/07\/Shallot-Salad-MW024F0115-300x76.webp 300w, https:\/\/minikino.org\/filmweek\/wp-content\/uploads\/sites\/4\/2024\/07\/Shallot-Salad-MW024F0115-768x193.webp 768w, https:\/\/minikino.org\/filmweek\/wp-content\/uploads\/sites\/4\/2024\/07\/Shallot-Salad-MW024F0115-1536x387.webp 1536w, https:\/\/minikino.org\/filmweek\/wp-content\/uploads\/sites\/4\/2024\/07\/Shallot-Salad-MW024F0115.webp 1965w\" sizes=\"auto, (max-width: 640px) 100vw, 640px\" \/><\/p>\n<p><strong>SHALLOT SALAD<\/strong><br \/>\n[d][w] BW Purbanegara<br \/>\nIndonesia \/ 2023 \/ Fiction \/ 13:37<br \/>\nA depressed cop looks at a tragedy that killed 135 people in Indonesia.<br \/>\n&#8211;<br \/>\nAwards\/Screenings: Asian Perspective Shorts JAFF 2023<br \/>\n[ig] <a href=\"https:\/\/www.instagram.com\/bewe_bw\">@bewe_bw<\/a> <a href=\"https:\/\/www.instagram.com\/suitrawan\">@suitrawan<\/a><\/p>\n<p><img loading=\"lazy\" decoding=\"async\" class=\"alignnone size-large wp-image-13006\" src=\"https:\/\/minikino.org\/filmweek\/wp-content\/uploads\/sites\/4\/2024\/07\/Tomorrow-Manana-MFW12551-1024x258.webp\" alt=\"\" width=\"640\" height=\"161\" srcset=\"https:\/\/minikino.org\/filmweek\/wp-content\/uploads\/sites\/4\/2024\/07\/Tomorrow-Manana-MFW12551-1024x258.webp 1024w, https:\/\/minikino.org\/filmweek\/wp-content\/uploads\/sites\/4\/2024\/07\/Tomorrow-Manana-MFW12551-300x76.webp 300w, https:\/\/minikino.org\/filmweek\/wp-content\/uploads\/sites\/4\/2024\/07\/Tomorrow-Manana-MFW12551-768x193.webp 768w, https:\/\/minikino.org\/filmweek\/wp-content\/uploads\/sites\/4\/2024\/07\/Tomorrow-Manana-MFW12551-1536x387.webp 1536w, https:\/\/minikino.org\/filmweek\/wp-content\/uploads\/sites\/4\/2024\/07\/Tomorrow-Manana-MFW12551.webp 1965w\" sizes=\"auto, (max-width: 640px) 100vw, 640px\" \/><\/p>\n<p><strong>TOMORROW (Ma\u00f1ana)<\/strong><br \/>\n[d][w] Ingrid P\u00e9rez L\u00f3pez<br \/>\nColombia \/ 2023 \/ Fiction \/ 14:30<br \/>\nOn the eve of her First Communion, Roc\u00edo faces heartbreak, but believes life must go on.<br \/>\n&#8211;<\/p>\n<div class=\"divider\" style=\"margin-top:20px; margin-bottom:20px; border-top:3px solid #e81d2a;width:100%\"\/><\/div>\n<h2 id=\"TASTE\"><strong>A HEALTHY DOSE FOR YOUR TASTE<\/strong><\/h2>\n<hr \/>\n<h3 id=\"MORTAL\"><strong>BEING MORTAL<\/strong><\/h3>\n<p>Duration: 71:03<br \/>\nConnecting the dead and the living, the physical and the spiritual.<br \/>\n18+<\/p>\n<table id=\"schedule\" border=\"0\" width=\"100%\">\n<tbody>\n<tr>\n<th rowspan=\"1\" width=\"25%\">DATE<\/th>\n<th width=\"10%\">SHOW TIME<\/th>\n<th width=\"35%\"><strong>VENUE<\/strong><\/th>\n<\/tr>\n<tr>\n<td width=\"25%\">MIN\/SUN 15<\/td>\n<td width=\"10%\">19:30<\/td>\n<td width=\"35%\"><a href=\"https:\/\/minikino.org\/mashdenpasar\" target=\"_blank\" rel=\"noopener\">MASH Denpasar Art House Cinema<\/a><\/td>\n<\/tr>\n<tr>\n<td rowspan=\"1\" width=\"25%\">RAB\/WED 18<\/td>\n<td width=\"10%\">10:30<\/td>\n<td width=\"35%\"><a href=\"https:\/\/minikino.org\/LSPRBali\" target=\"_blank\" rel=\"noopener\">LSPR Bali<\/a><\/td>\n<\/tr>\n<tr>\n<td rowspan=\"1\" width=\"25%\">KAM\/THU 19<\/td>\n<td width=\"10%\">17:00<\/td>\n<td width=\"35%\"><a href=\"https:\/\/minikino.org\/mashliving\" target=\"_blank\" rel=\"noopener\">MASH Denpasar Living Room<\/a><\/td>\n<\/tr>\n<tr>\n<td align=\"right\"><strong>Note<\/strong>:<\/td>\n<td><em>WITA (+8 GMT)<\/em><\/td>\n<td><\/td>\n<\/tr>\n<\/tbody>\n<\/table>\n<p><img loading=\"lazy\" decoding=\"async\" class=\"alignnone size-large wp-image-13018\" src=\"https:\/\/minikino.org\/filmweek\/wp-content\/uploads\/sites\/4\/2024\/07\/The-Spell-of-the-Woods-MW024F0058-1024x258.webp\" alt=\"\" width=\"640\" height=\"161\" srcset=\"https:\/\/minikino.org\/filmweek\/wp-content\/uploads\/sites\/4\/2024\/07\/The-Spell-of-the-Woods-MW024F0058-1024x258.webp 1024w, https:\/\/minikino.org\/filmweek\/wp-content\/uploads\/sites\/4\/2024\/07\/The-Spell-of-the-Woods-MW024F0058-300x76.webp 300w, https:\/\/minikino.org\/filmweek\/wp-content\/uploads\/sites\/4\/2024\/07\/The-Spell-of-the-Woods-MW024F0058-768x193.webp 768w, https:\/\/minikino.org\/filmweek\/wp-content\/uploads\/sites\/4\/2024\/07\/The-Spell-of-the-Woods-MW024F0058-1536x387.webp 1536w, https:\/\/minikino.org\/filmweek\/wp-content\/uploads\/sites\/4\/2024\/07\/The-Spell-of-the-Woods-MW024F0058.webp 1965w\" sizes=\"auto, (max-width: 640px) 100vw, 640px\" \/><\/p>\n<p><strong>THE SPELL OF THE WOODS (Le mal des for\u00eats)<\/strong><br \/>\n[d][w] Eric Beauron<br \/>\nFrance \/ 2023 \/ Fiction \/ 22:20<br \/>\nA young woman living on an farm ventures into the woods where her mother disappeared years before.<br \/>\n&#8211;<br \/>\nAwards\/Screenings: Segni della Notte (Signs of the Night) Urbino, Italy, 2024. Award : Mention for the night award)<\/p>\n<p><img loading=\"lazy\" decoding=\"async\" class=\"alignnone size-large wp-image-13074\" src=\"https:\/\/minikino.org\/filmweek\/wp-content\/uploads\/sites\/4\/2024\/07\/Nothing-But-Shadows-Sombras-Nada-Mas-MFW11820-1024x258.webp\" alt=\"\" width=\"640\" height=\"161\" srcset=\"https:\/\/minikino.org\/filmweek\/wp-content\/uploads\/sites\/4\/2024\/07\/Nothing-But-Shadows-Sombras-Nada-Mas-MFW11820-1024x258.webp 1024w, https:\/\/minikino.org\/filmweek\/wp-content\/uploads\/sites\/4\/2024\/07\/Nothing-But-Shadows-Sombras-Nada-Mas-MFW11820-300x76.webp 300w, https:\/\/minikino.org\/filmweek\/wp-content\/uploads\/sites\/4\/2024\/07\/Nothing-But-Shadows-Sombras-Nada-Mas-MFW11820-768x193.webp 768w, https:\/\/minikino.org\/filmweek\/wp-content\/uploads\/sites\/4\/2024\/07\/Nothing-But-Shadows-Sombras-Nada-Mas-MFW11820-1536x387.webp 1536w, https:\/\/minikino.org\/filmweek\/wp-content\/uploads\/sites\/4\/2024\/07\/Nothing-But-Shadows-Sombras-Nada-Mas-MFW11820.webp 1965w\" sizes=\"auto, (max-width: 640px) 100vw, 640px\" \/><\/p>\n<p><strong>NOTHING BUT SHADOWS (Sombras Nada M\u00e1s )<\/strong><br \/>\n[d][w] Kathy Mitrani<br \/>\nUSA, Colombia \/ 2023 \/ Fiction \/ 18:00<br \/>\nOn the anniversary of Marisol\u2019s husband\u2019s death, her neighbor\u2019s construction uncovers human remains.<br \/>\n&#8211;<br \/>\nAwards\/Screenings: San Sebastian Film Festival 2023, Spain &#8211; World Premiere \/\/ Leeds International Film Festival<br \/>\n2023, UK, Special Mention<br \/>\n[ig] <a href=\"https:\/\/www.instagram.com\/k_____e_____m\">@k_____e_____m<\/a><\/p>\n<p><img loading=\"lazy\" decoding=\"async\" class=\"alignnone size-large wp-image-12998\" src=\"https:\/\/minikino.org\/filmweek\/wp-content\/uploads\/sites\/4\/2024\/07\/Why-Are-You-Image-Plus-MFW12284-1024x258.webp\" alt=\"\" width=\"640\" height=\"161\" srcset=\"https:\/\/minikino.org\/filmweek\/wp-content\/uploads\/sites\/4\/2024\/07\/Why-Are-You-Image-Plus-MFW12284-1024x258.webp 1024w, https:\/\/minikino.org\/filmweek\/wp-content\/uploads\/sites\/4\/2024\/07\/Why-Are-You-Image-Plus-MFW12284-300x76.webp 300w, https:\/\/minikino.org\/filmweek\/wp-content\/uploads\/sites\/4\/2024\/07\/Why-Are-You-Image-Plus-MFW12284-768x193.webp 768w, https:\/\/minikino.org\/filmweek\/wp-content\/uploads\/sites\/4\/2024\/07\/Why-Are-You-Image-Plus-MFW12284-1536x387.webp 1536w, https:\/\/minikino.org\/filmweek\/wp-content\/uploads\/sites\/4\/2024\/07\/Why-Are-You-Image-Plus-MFW12284.webp 1965w\" sizes=\"auto, (max-width: 640px) 100vw, 640px\" \/><\/p>\n<p><strong>WHY ARE YOU IMAGE PLUS?<\/strong><br \/>\n[d] Diogo Baldaia<br \/>\nPortugal \/ 2023 \/ Experimental \/ 08:44<br \/>\nIn a small and poor village, a local Saint controls the realm of the abyss.<br \/>\n&#8211;<\/p>\n<p><img loading=\"lazy\" decoding=\"async\" class=\"alignnone size-large wp-image-13088\" src=\"https:\/\/minikino.org\/filmweek\/wp-content\/uploads\/sites\/4\/2024\/07\/Kelompok-Penerbang-Roh-Arabic-Mantra-MFW12668-1024x258.webp\" alt=\"\" width=\"640\" height=\"161\" srcset=\"https:\/\/minikino.org\/filmweek\/wp-content\/uploads\/sites\/4\/2024\/07\/Kelompok-Penerbang-Roh-Arabic-Mantra-MFW12668-1024x258.webp 1024w, https:\/\/minikino.org\/filmweek\/wp-content\/uploads\/sites\/4\/2024\/07\/Kelompok-Penerbang-Roh-Arabic-Mantra-MFW12668-300x76.webp 300w, https:\/\/minikino.org\/filmweek\/wp-content\/uploads\/sites\/4\/2024\/07\/Kelompok-Penerbang-Roh-Arabic-Mantra-MFW12668-768x193.webp 768w, https:\/\/minikino.org\/filmweek\/wp-content\/uploads\/sites\/4\/2024\/07\/Kelompok-Penerbang-Roh-Arabic-Mantra-MFW12668-1536x387.webp 1536w, https:\/\/minikino.org\/filmweek\/wp-content\/uploads\/sites\/4\/2024\/07\/Kelompok-Penerbang-Roh-Arabic-Mantra-MFW12668.webp 1965w\" sizes=\"auto, (max-width: 640px) 100vw, 640px\" \/><\/p>\n<p><strong>KELOMPOK PENERBANG ROH (Arabic Mantra)<\/strong><br \/>\n[d][w] Tunggul Banjaransari<br \/>\nIndonesia \/ 2023 \/ Fiction \/ 21:59<br \/>\nA mother who left her new family in arabia to return to Gunungkidul, unable to take her biological son who died by hanging himself to heaven.<br \/>\n&#8211;<br \/>\n[ig] <a href=\"https:\/\/www.instagram.com\/hailthecube\">@hailthecube<\/a><\/p>\n<hr \/>\n<h3 id=\"PLANET\"><strong>OUR PLANET<\/strong><\/h3>\n<p>Duration: 73:27<br \/>\nAre we OK?<br \/>\n13+<\/p>\n<table id=\"schedule\" border=\"0\" width=\"100%\">\n<tbody>\n<tr>\n<th rowspan=\"1\" width=\"25%\">DATE<\/th>\n<th width=\"10%\">SHOW TIME<\/th>\n<th width=\"35%\"><strong>VENUE<\/strong><\/th>\n<\/tr>\n<tr>\n<td width=\"25%\">MIN\/SUN 15<\/td>\n<td width=\"10%\">13:00<\/td>\n<td width=\"35%\"><a href=\"https:\/\/minikino.org\/mashliving\" target=\"_blank\" rel=\"noopener\">MASH Denpasar Living Room<\/a><\/td>\n<\/tr>\n<tr>\n<td rowspan=\"1\" width=\"25%\">SEN\/MON 16<\/td>\n<td width=\"10%\">18:30<\/td>\n<td width=\"35%\"><a href=\"https:\/\/minikino.org\/umaseminyak\" target=\"_blank\" rel=\"noopener\">Uma Seminyak<\/a><\/td>\n<\/tr>\n<tr>\n<td rowspan=\"1\" width=\"25%\">RAB\/WED 18<\/td>\n<td width=\"10%\">15:30<\/td>\n<td width=\"35%\"><a href=\"https:\/\/minikino.org\/mashdenpasar\" target=\"_blank\" rel=\"noopener\">MASH Denpasar Art House Cinema<\/a><\/td>\n<\/tr>\n<tr>\n<td align=\"right\"><strong>Note<\/strong>:<\/td>\n<td><em>WITA (+8 GMT)<\/em><\/td>\n<td><\/td>\n<\/tr>\n<\/tbody>\n<\/table>\n<p><img loading=\"lazy\" decoding=\"async\" class=\"alignnone size-large wp-image-13087\" src=\"https:\/\/minikino.org\/filmweek\/wp-content\/uploads\/sites\/4\/2024\/07\/LAST-DAYS-OF-SUMMER-MFW12651-1024x258.webp\" alt=\"\" width=\"640\" height=\"161\" srcset=\"https:\/\/minikino.org\/filmweek\/wp-content\/uploads\/sites\/4\/2024\/07\/LAST-DAYS-OF-SUMMER-MFW12651-1024x258.webp 1024w, https:\/\/minikino.org\/filmweek\/wp-content\/uploads\/sites\/4\/2024\/07\/LAST-DAYS-OF-SUMMER-MFW12651-300x76.webp 300w, https:\/\/minikino.org\/filmweek\/wp-content\/uploads\/sites\/4\/2024\/07\/LAST-DAYS-OF-SUMMER-MFW12651-768x193.webp 768w, https:\/\/minikino.org\/filmweek\/wp-content\/uploads\/sites\/4\/2024\/07\/LAST-DAYS-OF-SUMMER-MFW12651-1536x387.webp 1536w, https:\/\/minikino.org\/filmweek\/wp-content\/uploads\/sites\/4\/2024\/07\/LAST-DAYS-OF-SUMMER-MFW12651.webp 1965w\" sizes=\"auto, (max-width: 640px) 100vw, 640px\" \/><\/p>\n<p><strong>LAST DAYS OF SUMMER<\/strong><br \/>\n[d][w] Stenzin Tankong<br \/>\nIndia, France \/ 2023 \/ Fiction \/ 15:00<br \/>\nA recurring mysterious sound from Himalaya mountains is only heard by two curious young shepherds.<br \/>\n&#8211;<br \/>\nAwards\/Screenings: World premiere at International Film Festival of Rotterdam\/\/Best film award at Edinburgh Film Festival<br \/>\n[ig] <a href=\"https:\/\/www.instagram.com\/labelleaffaireprod\">@labelleaffaireprod<\/a><\/p>\n<p><img loading=\"lazy\" decoding=\"async\" class=\"alignnone size-large wp-image-13007\" src=\"https:\/\/minikino.org\/filmweek\/wp-content\/uploads\/sites\/4\/2024\/07\/Tilipirche-Grasshoppers-MFW11963-1024x258.webp\" alt=\"\" width=\"640\" height=\"161\" srcset=\"https:\/\/minikino.org\/filmweek\/wp-content\/uploads\/sites\/4\/2024\/07\/Tilipirche-Grasshoppers-MFW11963-1024x258.webp 1024w, https:\/\/minikino.org\/filmweek\/wp-content\/uploads\/sites\/4\/2024\/07\/Tilipirche-Grasshoppers-MFW11963-300x76.webp 300w, https:\/\/minikino.org\/filmweek\/wp-content\/uploads\/sites\/4\/2024\/07\/Tilipirche-Grasshoppers-MFW11963-768x193.webp 768w, https:\/\/minikino.org\/filmweek\/wp-content\/uploads\/sites\/4\/2024\/07\/Tilipirche-Grasshoppers-MFW11963-1536x387.webp 1536w, https:\/\/minikino.org\/filmweek\/wp-content\/uploads\/sites\/4\/2024\/07\/Tilipirche-Grasshoppers-MFW11963.webp 1965w\" sizes=\"auto, (max-width: 640px) 100vw, 640px\" \/><\/p>\n<p><strong>TILIPIRCHE (Grasshoppers)<\/strong><br \/>\n[d][w] Francesco Piras<br \/>\nItaly \/ 2023 \/ Fiction \/ 18:17<br \/>\nDuring a terrible invasion of locusts, a farmer has to pass the baton, from father to son, for the management of the sheepfold.<br \/>\n&#8211;<br \/>\nAwards\/Screenings: 80th Venice Film Festival &#8211; Int. Film Critics Week (Italy) \/\/ Clermont-Ferrand Int. Short Film Festival (France)<br \/>\n[ig] <a href=\"https:\/\/www.instagram.com\/zen_movie\">@zen_movie<\/a> <a href=\"https:\/\/www.instagram.com\/francescopiras\">@francescopiras<\/a><\/p>\n<p><img loading=\"lazy\" decoding=\"async\" class=\"alignnone size-large wp-image-13123\" src=\"https:\/\/minikino.org\/filmweek\/wp-content\/uploads\/sites\/4\/2024\/07\/Blow-MFW12012-1024x258.webp\" alt=\"\" width=\"640\" height=\"161\" srcset=\"https:\/\/minikino.org\/filmweek\/wp-content\/uploads\/sites\/4\/2024\/07\/Blow-MFW12012-1024x258.webp 1024w, https:\/\/minikino.org\/filmweek\/wp-content\/uploads\/sites\/4\/2024\/07\/Blow-MFW12012-300x76.webp 300w, https:\/\/minikino.org\/filmweek\/wp-content\/uploads\/sites\/4\/2024\/07\/Blow-MFW12012-768x193.webp 768w, https:\/\/minikino.org\/filmweek\/wp-content\/uploads\/sites\/4\/2024\/07\/Blow-MFW12012-1536x387.webp 1536w, https:\/\/minikino.org\/filmweek\/wp-content\/uploads\/sites\/4\/2024\/07\/Blow-MFW12012.webp 1965w\" sizes=\"auto, (max-width: 640px) 100vw, 640px\" \/><\/p>\n<p><strong>BLOW!<\/strong><br \/>\n[d][w] Neus Ball\u00fas<br \/>\nSpain \/ 2023 \/ Documentary \/ 13:41<br \/>\nIn order to listen to the world&#8217;s largest animal, one has to be silent.<br \/>\n&#8211;<br \/>\nAwards\/Screenings: IDFA &#8211; International Documentary Film Festival Amsterdam \/\/ Festival Internacional de Cine de Xix\u00f3n\/Gij\u00f3n ( Spain ), Best Short Film<\/p>\n<p><img loading=\"lazy\" decoding=\"async\" class=\"alignnone size-large wp-image-13054\" src=\"https:\/\/minikino.org\/filmweek\/wp-content\/uploads\/sites\/4\/2024\/07\/SCHLAFSAND-MW024D0017-1024x258.webp\" alt=\"\" width=\"640\" height=\"161\" srcset=\"https:\/\/minikino.org\/filmweek\/wp-content\/uploads\/sites\/4\/2024\/07\/SCHLAFSAND-MW024D0017-1024x258.webp 1024w, https:\/\/minikino.org\/filmweek\/wp-content\/uploads\/sites\/4\/2024\/07\/SCHLAFSAND-MW024D0017-300x76.webp 300w, https:\/\/minikino.org\/filmweek\/wp-content\/uploads\/sites\/4\/2024\/07\/SCHLAFSAND-MW024D0017-768x193.webp 768w, https:\/\/minikino.org\/filmweek\/wp-content\/uploads\/sites\/4\/2024\/07\/SCHLAFSAND-MW024D0017-1536x387.webp 1536w, https:\/\/minikino.org\/filmweek\/wp-content\/uploads\/sites\/4\/2024\/07\/SCHLAFSAND-MW024D0017.webp 1965w\" sizes=\"auto, (max-width: 640px) 100vw, 640px\" \/><\/p>\n<p><strong>SCHLAFSAND<\/strong><br \/>\n[d][w] Elias B\u00f6tticher<br \/>\nSwitzerland \/ 2022 \/ Documentary \/ 13:47<br \/>\nA journey from a dying Swiss glacier to the city, deep into an open-cast mine where the coal excavators rattle incessantly.<br \/>\n&#8211;<br \/>\nAwards\/Screenings: IFFR \u2013 International Film Festival Rotterdam 2024 (world premiere)I SFF \u2013 Clermont-Ferrand International Short Film Festival 2024<br \/>\n[ig] <a href=\"https:\/\/www.instagram.com\/eliasboetticher\">@eliasboetticher<\/a><\/p>\n<p><img loading=\"lazy\" decoding=\"async\" class=\"alignnone size-large wp-image-13047\" src=\"https:\/\/minikino.org\/filmweek\/wp-content\/uploads\/sites\/4\/2024\/07\/Soleil-Gris-Ashen-Sun-MW024F0064-1024x258.webp\" alt=\"\" width=\"640\" height=\"161\" srcset=\"https:\/\/minikino.org\/filmweek\/wp-content\/uploads\/sites\/4\/2024\/07\/Soleil-Gris-Ashen-Sun-MW024F0064-1024x258.webp 1024w, https:\/\/minikino.org\/filmweek\/wp-content\/uploads\/sites\/4\/2024\/07\/Soleil-Gris-Ashen-Sun-MW024F0064-300x76.webp 300w, https:\/\/minikino.org\/filmweek\/wp-content\/uploads\/sites\/4\/2024\/07\/Soleil-Gris-Ashen-Sun-MW024F0064-768x193.webp 768w, https:\/\/minikino.org\/filmweek\/wp-content\/uploads\/sites\/4\/2024\/07\/Soleil-Gris-Ashen-Sun-MW024F0064-1536x387.webp 1536w, https:\/\/minikino.org\/filmweek\/wp-content\/uploads\/sites\/4\/2024\/07\/Soleil-Gris-Ashen-Sun-MW024F0064.webp 1965w\" sizes=\"auto, (max-width: 640px) 100vw, 640px\" \/><\/p>\n<p><strong>ASHEN SUN ( Soleil Gris)<\/strong><br \/>\n[d][w] Camille Monnier<br \/>\nFrance \/ 2024 \/ Animation \/ 12:42<br \/>\nThe pool is empty, the sun is beating down and the tension is mounting. Tensions between them escalate, leading to a fire outbreak.<br \/>\n&#8211;<br \/>\nAwards\/Screenings: Anibar Animation Festival \/\/ Prix Unifrance du meilleur cout-m\u00e9trage<\/p>\n<hr \/>\n<h3 id=\"PLACE\"><strong>SENSE OF PLACE<\/strong><\/h3>\n<p>Duration: 59:26<br \/>\nThe past and present mix in places, making them unsure of their identity.<br \/>\n13+<\/p>\n<table id=\"schedule\" border=\"0\" width=\"100%\">\n<tbody>\n<tr>\n<th rowspan=\"1\" width=\"25%\">DATE<\/th>\n<th width=\"10%\">SHOW TIME<\/th>\n<th width=\"35%\"><strong>VENUE<\/strong><\/th>\n<\/tr>\n<tr>\n<td width=\"25%\">SAB\/SAT 14<\/td>\n<td width=\"10%\">17:45<\/td>\n<td width=\"35%\"><a href=\"https:\/\/minikino.org\/mashliving\" target=\"_blank\" rel=\"noopener\">MASH Denpasar Living Room<\/a><\/td>\n<\/tr>\n<tr>\n<td rowspan=\"1\" width=\"25%\">SEN\/MON 16<\/td>\n<td width=\"10%\">10:30<\/td>\n<td width=\"35%\"><a href=\"https:\/\/minikino.org\/LSPRBali\" target=\"_blank\" rel=\"noopener\">LSPR Bali<\/a><\/td>\n<\/tr>\n<tr>\n<td rowspan=\"1\" width=\"25%\">RAB\/WED 18<\/td>\n<td width=\"10%\">22:00<\/td>\n<td width=\"35%\"><a href=\"https:\/\/minikino.org\/mashdenpasar\" target=\"_blank\" rel=\"noopener\">MASH Denpasar Art House Cinema<\/a><\/td>\n<\/tr>\n<tr>\n<td align=\"right\"><strong>Note<\/strong>:<\/td>\n<td><em>WITA (+8 GMT)<\/em><\/td>\n<td><\/td>\n<\/tr>\n<\/tbody>\n<\/table>\n<p><img loading=\"lazy\" decoding=\"async\" class=\"alignnone size-large wp-image-13126\" src=\"https:\/\/minikino.org\/filmweek\/wp-content\/uploads\/sites\/4\/2024\/07\/Been-There-MFW12165-1024x258.webp\" alt=\"\" width=\"640\" height=\"161\" srcset=\"https:\/\/minikino.org\/filmweek\/wp-content\/uploads\/sites\/4\/2024\/07\/Been-There-MFW12165-1024x258.webp 1024w, https:\/\/minikino.org\/filmweek\/wp-content\/uploads\/sites\/4\/2024\/07\/Been-There-MFW12165-300x76.webp 300w, https:\/\/minikino.org\/filmweek\/wp-content\/uploads\/sites\/4\/2024\/07\/Been-There-MFW12165-768x193.webp 768w, https:\/\/minikino.org\/filmweek\/wp-content\/uploads\/sites\/4\/2024\/07\/Been-There-MFW12165-1536x387.webp 1536w, https:\/\/minikino.org\/filmweek\/wp-content\/uploads\/sites\/4\/2024\/07\/Been-There-MFW12165.webp 1965w\" sizes=\"auto, (max-width: 640px) 100vw, 640px\" \/><\/p>\n<p><strong>BEEN THERE<\/strong><br \/>\n[d] Corina Schwingruber Ili\u0107<br \/>\nSwitzerland \/ 2023 \/ Documentary \/ 09:45<br \/>\nHow tourists become invaders hunting for the best pictures.<br \/>\n&#8211;<\/p>\n<p><img loading=\"lazy\" decoding=\"async\" class=\"alignnone size-large wp-image-13135\" src=\"https:\/\/minikino.org\/filmweek\/wp-content\/uploads\/sites\/4\/2024\/07\/Anaklia-MFW11953-1024x258.webp\" alt=\"\" width=\"640\" height=\"161\" srcset=\"https:\/\/minikino.org\/filmweek\/wp-content\/uploads\/sites\/4\/2024\/07\/Anaklia-MFW11953-1024x258.webp 1024w, https:\/\/minikino.org\/filmweek\/wp-content\/uploads\/sites\/4\/2024\/07\/Anaklia-MFW11953-300x76.webp 300w, https:\/\/minikino.org\/filmweek\/wp-content\/uploads\/sites\/4\/2024\/07\/Anaklia-MFW11953-768x193.webp 768w, https:\/\/minikino.org\/filmweek\/wp-content\/uploads\/sites\/4\/2024\/07\/Anaklia-MFW11953-1536x387.webp 1536w, https:\/\/minikino.org\/filmweek\/wp-content\/uploads\/sites\/4\/2024\/07\/Anaklia-MFW11953.webp 1965w\" sizes=\"auto, (max-width: 640px) 100vw, 640px\" \/><\/p>\n<p><strong>ANAKLIA<\/strong><br \/>\n[d][w] Elisa Baccolo<br \/>\nGeorgia, Italy \/ 2022 \/ Documentary \/ 06:26<br \/>\nAnaklia, was supposed to become one of Georgia&#8217;s top tourist resorts. Visitors, however, are welcomed byan unexpected scenery.<br \/>\n&#8211;<br \/>\nAwards\/Screenings: Mente Locale Film Festival 2022, Itlay (Sayonara Film Prize) \/\/ Short Out Festival 2023, Italy (Jury special mention).<br \/>\n[ig] <a href=\"https:\/\/www.instagram.com\/sayonarafilm\">@sayonarafilm<\/a><\/p>\n<p><img loading=\"lazy\" decoding=\"async\" class=\"alignnone size-large wp-image-13034\" src=\"https:\/\/minikino.org\/filmweek\/wp-content\/uploads\/sites\/4\/2024\/07\/Testerep-MFW12314-1024x258.webp\" alt=\"\" width=\"640\" height=\"161\" srcset=\"https:\/\/minikino.org\/filmweek\/wp-content\/uploads\/sites\/4\/2024\/07\/Testerep-MFW12314-1024x258.webp 1024w, https:\/\/minikino.org\/filmweek\/wp-content\/uploads\/sites\/4\/2024\/07\/Testerep-MFW12314-300x76.webp 300w, https:\/\/minikino.org\/filmweek\/wp-content\/uploads\/sites\/4\/2024\/07\/Testerep-MFW12314-768x193.webp 768w, https:\/\/minikino.org\/filmweek\/wp-content\/uploads\/sites\/4\/2024\/07\/Testerep-MFW12314-1536x387.webp 1536w, https:\/\/minikino.org\/filmweek\/wp-content\/uploads\/sites\/4\/2024\/07\/Testerep-MFW12314.webp 1965w\" sizes=\"auto, (max-width: 640px) 100vw, 640px\" \/><\/p>\n<p><strong>TESTEREP<\/strong><br \/>\n[d] Vincent Langouche<br \/>\nBelgium \/ 2024 \/ Experimental \/ 15:31<br \/>\nA team of scientists explore the vanished island of Testerep off the Belgian coast to trace the coastal evolution over 5000 years.<br \/>\n&#8211;<br \/>\nAwards\/Screenings: Docville International Documentary Film Festival, Leuven, Belgium, 2024<\/p>\n<p><img loading=\"lazy\" decoding=\"async\" class=\"alignnone size-large wp-image-13105\" src=\"https:\/\/minikino.org\/filmweek\/wp-content\/uploads\/sites\/4\/2024\/07\/Fantasy-in-a-concrete-jungle-MFW12584-1024x258.webp\" alt=\"\" width=\"640\" height=\"161\" srcset=\"https:\/\/minikino.org\/filmweek\/wp-content\/uploads\/sites\/4\/2024\/07\/Fantasy-in-a-concrete-jungle-MFW12584-1024x258.webp 1024w, https:\/\/minikino.org\/filmweek\/wp-content\/uploads\/sites\/4\/2024\/07\/Fantasy-in-a-concrete-jungle-MFW12584-300x76.webp 300w, https:\/\/minikino.org\/filmweek\/wp-content\/uploads\/sites\/4\/2024\/07\/Fantasy-in-a-concrete-jungle-MFW12584-768x193.webp 768w, https:\/\/minikino.org\/filmweek\/wp-content\/uploads\/sites\/4\/2024\/07\/Fantasy-in-a-concrete-jungle-MFW12584-1536x387.webp 1536w, https:\/\/minikino.org\/filmweek\/wp-content\/uploads\/sites\/4\/2024\/07\/Fantasy-in-a-concrete-jungle-MFW12584.webp 1965w\" sizes=\"auto, (max-width: 640px) 100vw, 640px\" \/><\/p>\n<p><strong>FANTASY IN A CONCRETE JUNGLE<\/strong><br \/>\n[d] Mehedi Mostafa<br \/>\nBangladesh \/ 2023 \/ Experimental \/ 14:55<br \/>\nThe story of an unplanned city, Dhaka, told from the point of view of an off-screen architect.<br \/>\n&#8211;<br \/>\nAwards\/Screenings: Clermont-Ferrand international short film festival, 2023 (Lab student prize) \/\/ Tampere Film Festival, 2024<br \/>\n[ig] <a href=\"https:\/\/www.instagram.com\/bigloudcity\">@bigloudcity<\/a><\/p>\n<p><img loading=\"lazy\" decoding=\"async\" class=\"alignnone size-large wp-image-13075\" src=\"https:\/\/minikino.org\/filmweek\/wp-content\/uploads\/sites\/4\/2024\/07\/Night-Over-R32-MFW12029-1024x258.webp\" alt=\"\" width=\"640\" height=\"161\" srcset=\"https:\/\/minikino.org\/filmweek\/wp-content\/uploads\/sites\/4\/2024\/07\/Night-Over-R32-MFW12029-1024x258.webp 1024w, https:\/\/minikino.org\/filmweek\/wp-content\/uploads\/sites\/4\/2024\/07\/Night-Over-R32-MFW12029-300x76.webp 300w, https:\/\/minikino.org\/filmweek\/wp-content\/uploads\/sites\/4\/2024\/07\/Night-Over-R32-MFW12029-768x193.webp 768w, https:\/\/minikino.org\/filmweek\/wp-content\/uploads\/sites\/4\/2024\/07\/Night-Over-R32-MFW12029-1536x387.webp 1536w, https:\/\/minikino.org\/filmweek\/wp-content\/uploads\/sites\/4\/2024\/07\/Night-Over-R32-MFW12029.webp 1965w\" sizes=\"auto, (max-width: 640px) 100vw, 640px\" \/><\/p>\n<p><strong>NIGHT OVER R32<\/strong><br \/>\n[d] Felix Dierich \/ [w] Felix Dierich, Maren Punke<br \/>\nGermany \/ 2023 \/ Documentary \/ 02:57<br \/>\nAt night, R32 is like a kaleidoscope. The colourful lights are as manifold as the occupants are diverse.<br \/>\n&#8211;<br \/>\nAwards\/Screenings: Kurzfilm Festival Hamburg \/\/ Open Air Filmfest Weiterstadt<br \/>\n[ig] <a href=\"https:\/\/www.instagram.com\/felixdierich\">@felixdierich<\/a><\/p>\n<p><img loading=\"lazy\" decoding=\"async\" class=\"alignnone size-large wp-image-13136\" src=\"https:\/\/minikino.org\/filmweek\/wp-content\/uploads\/sites\/4\/2024\/07\/Alley-Dance-Bogwang-dong-MFW11715-1024x258.webp\" alt=\"\" width=\"640\" height=\"161\" srcset=\"https:\/\/minikino.org\/filmweek\/wp-content\/uploads\/sites\/4\/2024\/07\/Alley-Dance-Bogwang-dong-MFW11715-1024x258.webp 1024w, https:\/\/minikino.org\/filmweek\/wp-content\/uploads\/sites\/4\/2024\/07\/Alley-Dance-Bogwang-dong-MFW11715-300x76.webp 300w, https:\/\/minikino.org\/filmweek\/wp-content\/uploads\/sites\/4\/2024\/07\/Alley-Dance-Bogwang-dong-MFW11715-768x193.webp 768w, https:\/\/minikino.org\/filmweek\/wp-content\/uploads\/sites\/4\/2024\/07\/Alley-Dance-Bogwang-dong-MFW11715-1536x387.webp 1536w, https:\/\/minikino.org\/filmweek\/wp-content\/uploads\/sites\/4\/2024\/07\/Alley-Dance-Bogwang-dong-MFW11715.webp 1965w\" sizes=\"auto, (max-width: 640px) 100vw, 640px\" \/><\/p>\n<p><strong>ALLEY DANCE BOGWANG-DONG (\uace8\ubaa9\ucda4 \ubcf4\uad11\ub3d9)<\/strong><br \/>\n[d] YeaJean Choi<br \/>\nSouth Korea \/ 2023 \/ Experimental \/ 09:52<br \/>\nThis dance film is a work that archives the villeage Bogwang-dong which is scheduled for large-scale redevelopment in Seoul.<br \/>\n&#8211;<br \/>\nAwards\/Screenings: Experimental, Dance &amp; Music Film Festival &#8211; BEST PERFORMANCES \/\/ The Korean Association of Dance Critics and Researchers &#8211; Best Acting<br \/>\n[ig] <a href=\"https:\/\/www.instagram.com\/yeajean_choi\">@yeajean_choi<\/a><\/p>\n<hr \/>\n<h3 id=\"LIFE\"><strong>SLICE OF LIFE<\/strong><\/h3>\n<p>Duration: 66:25<br \/>\nHere we wonder of life and family, real or imagined.<br \/>\n13+<\/p>\n<table id=\"schedule\" border=\"0\" width=\"100%\">\n<tbody>\n<tr>\n<th rowspan=\"1\" width=\"25%\">DATE<\/th>\n<th width=\"10%\">SHOW TIME<\/th>\n<th width=\"35%\"><strong>VENUE<\/strong><\/th>\n<\/tr>\n<tr>\n<td width=\"25%\">SAB\/SAT 14<\/td>\n<td width=\"10%\">21:00<\/td>\n<td width=\"35%\"><a href=\"https:\/\/minikino.org\/marmarherrzstudio\" target=\"_blank\" rel=\"noopener\">MarmarHerrz Studio<\/a><\/td>\n<\/tr>\n<tr>\n<td rowspan=\"1\" width=\"25%\">RAB\/WED 18<\/td>\n<td width=\"10%\">17:45<\/td>\n<td width=\"35%\"><a href=\"https:\/\/minikino.org\/mashdenpasar\" target=\"_blank\" rel=\"noopener\">MASH Denpasar Art House Cinema<\/a><\/td>\n<\/tr>\n<tr>\n<td rowspan=\"1\" width=\"25%\">KAM\/THU 19<\/td>\n<td width=\"10%\">21:15<\/td>\n<td width=\"35%\"><a href=\"https:\/\/minikino.org\/mashliving\" target=\"_blank\" rel=\"noopener\">MASH Denpasar Living Room<\/a><\/td>\n<\/tr>\n<tr>\n<td align=\"right\"><strong>Note<\/strong>:<\/td>\n<td><em>WITA (+8 GMT)<\/em><\/td>\n<td><\/td>\n<\/tr>\n<\/tbody>\n<\/table>\n<p><img loading=\"lazy\" decoding=\"async\" class=\"alignnone size-large wp-image-13084\" src=\"https:\/\/minikino.org\/filmweek\/wp-content\/uploads\/sites\/4\/2024\/07\/Les-ciseaux-MFW12341-1024x258.webp\" alt=\"\" width=\"640\" height=\"161\" srcset=\"https:\/\/minikino.org\/filmweek\/wp-content\/uploads\/sites\/4\/2024\/07\/Les-ciseaux-MFW12341-1024x258.webp 1024w, https:\/\/minikino.org\/filmweek\/wp-content\/uploads\/sites\/4\/2024\/07\/Les-ciseaux-MFW12341-300x76.webp 300w, https:\/\/minikino.org\/filmweek\/wp-content\/uploads\/sites\/4\/2024\/07\/Les-ciseaux-MFW12341-768x193.webp 768w, https:\/\/minikino.org\/filmweek\/wp-content\/uploads\/sites\/4\/2024\/07\/Les-ciseaux-MFW12341-1536x387.webp 1536w, https:\/\/minikino.org\/filmweek\/wp-content\/uploads\/sites\/4\/2024\/07\/Les-ciseaux-MFW12341.webp 1965w\" sizes=\"auto, (max-width: 640px) 100vw, 640px\" \/><\/p>\n<p><strong>LES CISEAUX (The scissors)<\/strong><br \/>\n[d][w] Katia Kurtness<br \/>\nCanada \/ 2022 \/ Documentary \/ 03:00<br \/>\nAt the sound of cardboard being cut, Annette remembers the first time she cut out animal silhouettes.<br \/>\n&#8211;<br \/>\nAwards\/Screenings: Rencontres internationales du documentaire de Montr\u00e9al \/\/ Hot Docs<br \/>\n[ig] <a href=\"https:\/\/www.instagram.com\/wapikonimobile\">@wapikonimobile<\/a><\/p>\n<p><img loading=\"lazy\" decoding=\"async\" class=\"alignnone size-large wp-image-13101\" src=\"https:\/\/minikino.org\/filmweek\/wp-content\/uploads\/sites\/4\/2024\/07\/Four-holes-MFW11902-1024x258.webp\" alt=\"\" width=\"640\" height=\"161\" srcset=\"https:\/\/minikino.org\/filmweek\/wp-content\/uploads\/sites\/4\/2024\/07\/Four-holes-MFW11902-1024x258.webp 1024w, https:\/\/minikino.org\/filmweek\/wp-content\/uploads\/sites\/4\/2024\/07\/Four-holes-MFW11902-300x76.webp 300w, https:\/\/minikino.org\/filmweek\/wp-content\/uploads\/sites\/4\/2024\/07\/Four-holes-MFW11902-768x193.webp 768w, https:\/\/minikino.org\/filmweek\/wp-content\/uploads\/sites\/4\/2024\/07\/Four-holes-MFW11902-1536x387.webp 1536w, https:\/\/minikino.org\/filmweek\/wp-content\/uploads\/sites\/4\/2024\/07\/Four-holes-MFW11902.webp 1965w\" sizes=\"auto, (max-width: 640px) 100vw, 640px\" \/><\/p>\n<p><strong>FOUR HOLES (Cuatro hoyos)<\/strong><br \/>\n[d] Daniela Mu\u00f1oz Barroso \/ [w] Daniela Mu\u00f1oz Barroso, Alejandro Alonso<br \/>\nCuba, France \/ 2023 \/ Documentary \/ 19:52<br \/>\nPepe, an elderly Spaniard, has improvised his own golf course on the outskirts of Madrid. Daniela, tries to portray him.<br \/>\n&#8211;<br \/>\nAwards\/Screenings: IDFA 2023 \/\/ Clermont Ferrand ISFF 2024<br \/>\n[ig] <a href=\"https:\/\/www.instagram.com\/estudiost.habana\">@estudiost.habana<\/a> <a href=\"https:\/\/www.instagram.com\/vegaaltafilms\">@vegaaltafilms<\/a><\/p>\n<p><img loading=\"lazy\" decoding=\"async\" class=\"alignnone size-large wp-image-13066\" src=\"https:\/\/minikino.org\/filmweek\/wp-content\/uploads\/sites\/4\/2024\/07\/Pasta-and-Test-Score-MFW11699-1024x258.webp\" alt=\"\" width=\"640\" height=\"161\" srcset=\"https:\/\/minikino.org\/filmweek\/wp-content\/uploads\/sites\/4\/2024\/07\/Pasta-and-Test-Score-MFW11699-1024x258.webp 1024w, https:\/\/minikino.org\/filmweek\/wp-content\/uploads\/sites\/4\/2024\/07\/Pasta-and-Test-Score-MFW11699-300x76.webp 300w, https:\/\/minikino.org\/filmweek\/wp-content\/uploads\/sites\/4\/2024\/07\/Pasta-and-Test-Score-MFW11699-768x193.webp 768w, https:\/\/minikino.org\/filmweek\/wp-content\/uploads\/sites\/4\/2024\/07\/Pasta-and-Test-Score-MFW11699-1536x387.webp 1536w, https:\/\/minikino.org\/filmweek\/wp-content\/uploads\/sites\/4\/2024\/07\/Pasta-and-Test-Score-MFW11699.webp 1965w\" sizes=\"auto, (max-width: 640px) 100vw, 640px\" \/><\/p>\n<p><strong>PASTA AND TEST SCORE<\/strong><br \/>\n[d][w] Stanley Xu<br \/>\nItaly \/ Singapore \/ 2023 \/ Fiction \/ 06:10<br \/>\nLuigi receives full marks for his first school test. Excited, he decides to spend the night waiting for his mother\u2019s<br \/>\nreturn.<br \/>\n&#8211;<br \/>\nAwards\/Screenings: 17th Corti a Ponte Film Festival \/\/ 19th Dieciminuti Film Festival<\/p>\n<p><img loading=\"lazy\" decoding=\"async\" class=\"alignnone size-large wp-image-12999\" src=\"https:\/\/minikino.org\/filmweek\/wp-content\/uploads\/sites\/4\/2024\/07\/White-Ant-MFW11815-1024x258.webp\" alt=\"\" width=\"640\" height=\"161\" srcset=\"https:\/\/minikino.org\/filmweek\/wp-content\/uploads\/sites\/4\/2024\/07\/White-Ant-MFW11815-1024x258.webp 1024w, https:\/\/minikino.org\/filmweek\/wp-content\/uploads\/sites\/4\/2024\/07\/White-Ant-MFW11815-300x76.webp 300w, https:\/\/minikino.org\/filmweek\/wp-content\/uploads\/sites\/4\/2024\/07\/White-Ant-MFW11815-768x193.webp 768w, https:\/\/minikino.org\/filmweek\/wp-content\/uploads\/sites\/4\/2024\/07\/White-Ant-MFW11815-1536x387.webp 1536w, https:\/\/minikino.org\/filmweek\/wp-content\/uploads\/sites\/4\/2024\/07\/White-Ant-MFW11815.webp 1965w\" sizes=\"auto, (max-width: 640px) 100vw, 640px\" \/><\/p>\n<p><strong>WHITE ANT<\/strong><br \/>\n[d][w] Shalini Adnani<br \/>\nUK, India \/ 2023 \/ Fiction \/ 15:00<br \/>\nA man is summoned from Mumbai to his childhood home to deal with a termite infestation.<br \/>\n&#8211;<br \/>\nAwards\/Screenings: Sundance \/\/ Raindance Best UK short<br \/>\n[ig] <a href=\"https:\/\/www.instagram.com\/shala.adnani\">@shala.adnani<\/a><\/p>\n<p><img loading=\"lazy\" decoding=\"async\" class=\"alignnone size-large wp-image-13033\" src=\"https:\/\/minikino.org\/filmweek\/wp-content\/uploads\/sites\/4\/2024\/07\/The-body-is-getting-cold-MW024F0037-1024x258.webp\" alt=\"\" width=\"640\" height=\"161\" srcset=\"https:\/\/minikino.org\/filmweek\/wp-content\/uploads\/sites\/4\/2024\/07\/The-body-is-getting-cold-MW024F0037-1024x258.webp 1024w, https:\/\/minikino.org\/filmweek\/wp-content\/uploads\/sites\/4\/2024\/07\/The-body-is-getting-cold-MW024F0037-300x76.webp 300w, https:\/\/minikino.org\/filmweek\/wp-content\/uploads\/sites\/4\/2024\/07\/The-body-is-getting-cold-MW024F0037-768x193.webp 768w, https:\/\/minikino.org\/filmweek\/wp-content\/uploads\/sites\/4\/2024\/07\/The-body-is-getting-cold-MW024F0037-1536x387.webp 1536w, https:\/\/minikino.org\/filmweek\/wp-content\/uploads\/sites\/4\/2024\/07\/The-body-is-getting-cold-MW024F0037.webp 1965w\" sizes=\"auto, (max-width: 640px) 100vw, 640px\" \/><\/p>\n<p><strong>THE BODY IS GETTING COLD (Stygnie Cia\u0142o)<\/strong><br \/>\n[d][w] Przemys\u0142aw Kopacz<br \/>\nPoland \/ 2023 \/ Fiction \/ 22:23<br \/>\nThe father sets off on a journey with his sick son, the journey is a chance for him to redeem his faults.<br \/>\n&#8211;<br \/>\n[ig] <a href=\"https:\/\/www.instagram.com\/jackson__polack\">@jackson__polack<\/a><\/p>\n<hr \/>\n<h3 id=\"SURPRISE\"><strong>SURPRISE<\/strong><\/h3>\n<p>Duration: 62:59<br \/>\nLet go of your expectations.<br \/>\n13+<\/p>\n<table id=\"schedule\" border=\"0\" width=\"100%\">\n<tbody>\n<tr>\n<th rowspan=\"1\" width=\"25%\">DATE<\/th>\n<th width=\"10%\">SHOW TIME<\/th>\n<th width=\"35%\"><strong>VENUE<\/strong><\/th>\n<\/tr>\n<tr>\n<td width=\"25%\">MIN\/SUN 15<\/td>\n<td width=\"10%\">11:00<\/td>\n<td width=\"35%\"><a href=\"https:\/\/minikino.org\/mashliving\" target=\"_blank\" rel=\"noopener\">MASH Denpasar Living Room<\/a><\/td>\n<\/tr>\n<tr>\n<td rowspan=\"1\" width=\"25%\">SEN\/MON 16<\/td>\n<td width=\"10%\">20:15<\/td>\n<td width=\"35%\"><a href=\"https:\/\/minikino.org\/umaseminyak\" target=\"_blank\" rel=\"noopener\">Uma Seminyak<\/a><\/td>\n<\/tr>\n<tr>\n<td rowspan=\"1\" width=\"25%\">KAM\/THU 19<\/td>\n<td width=\"10%\">12:30<\/td>\n<td width=\"35%\"><a href=\"https:\/\/minikino.org\/PuriAyuHotel\" target=\"_blank\" rel=\"noopener\">Puri Ayu Hotel, Puri Agung Pemecutan Room<\/a><\/td>\n<\/tr>\n<tr>\n<td align=\"right\"><strong>Note<\/strong>:<\/td>\n<td><em>WITA (+8 GMT)<\/em><\/td>\n<td><\/td>\n<\/tr>\n<\/tbody>\n<\/table>\n<p><img loading=\"lazy\" decoding=\"async\" class=\"alignnone size-large wp-image-13031\" src=\"https:\/\/minikino.org\/filmweek\/wp-content\/uploads\/sites\/4\/2024\/07\/The-film-you-are-about-to-see-MFW12401-1024x258.webp\" alt=\"\" width=\"640\" height=\"161\" srcset=\"https:\/\/minikino.org\/filmweek\/wp-content\/uploads\/sites\/4\/2024\/07\/The-film-you-are-about-to-see-MFW12401-1024x258.webp 1024w, https:\/\/minikino.org\/filmweek\/wp-content\/uploads\/sites\/4\/2024\/07\/The-film-you-are-about-to-see-MFW12401-300x76.webp 300w, https:\/\/minikino.org\/filmweek\/wp-content\/uploads\/sites\/4\/2024\/07\/The-film-you-are-about-to-see-MFW12401-768x193.webp 768w, https:\/\/minikino.org\/filmweek\/wp-content\/uploads\/sites\/4\/2024\/07\/The-film-you-are-about-to-see-MFW12401-1536x387.webp 1536w, https:\/\/minikino.org\/filmweek\/wp-content\/uploads\/sites\/4\/2024\/07\/The-film-you-are-about-to-see-MFW12401.webp 1965w\" sizes=\"auto, (max-width: 640px) 100vw, 640px\" \/><\/p>\n<p><strong>THE FILM YOU ARE ABOUT TO SEE (Le film que vous allez voir)<\/strong><br \/>\n[d] Maxime Martinot<br \/>\nFrance \/ 2023 \/ Experimental \/ 10:45<br \/>\nPlease note that the film you are about to see is taken from real material of film history.<br \/>\n&#8211;<br \/>\n[ig] <a href=\"https:\/\/www.instagram.com\/don_quichotte_films\">@don_quichotte_films<\/a><\/p>\n<p><img loading=\"lazy\" decoding=\"async\" class=\"alignnone size-large wp-image-13017\" src=\"https:\/\/minikino.org\/filmweek\/wp-content\/uploads\/sites\/4\/2024\/07\/The-Steak-MFW12071-1024x258.webp\" alt=\"\" width=\"640\" height=\"161\" srcset=\"https:\/\/minikino.org\/filmweek\/wp-content\/uploads\/sites\/4\/2024\/07\/The-Steak-MFW12071-1024x258.webp 1024w, https:\/\/minikino.org\/filmweek\/wp-content\/uploads\/sites\/4\/2024\/07\/The-Steak-MFW12071-300x76.webp 300w, https:\/\/minikino.org\/filmweek\/wp-content\/uploads\/sites\/4\/2024\/07\/The-Steak-MFW12071-768x193.webp 768w, https:\/\/minikino.org\/filmweek\/wp-content\/uploads\/sites\/4\/2024\/07\/The-Steak-MFW12071-1536x387.webp 1536w, https:\/\/minikino.org\/filmweek\/wp-content\/uploads\/sites\/4\/2024\/07\/The-Steak-MFW12071.webp 1965w\" sizes=\"auto, (max-width: 640px) 100vw, 640px\" \/><\/p>\n<p><strong>THE STEAK<\/strong><br \/>\n[d] Kiarash Dadgar \/ [w] Kiarash Dadgar, Ali Narimani<br \/>\nIran &#8211; Canada \/ 2023 \/ Fiction \/ 08:13<br \/>\nA birthday ceremony preparation gets upside down as something horrible takes place.<br \/>\n&#8211;<br \/>\nAwards\/Screenings: 30th Slamdance International Film Festival [AGBO AWARD WINNER] \/\/ RiverRun<br \/>\nInternational Film Festival [Special Jury Mention]<br \/>\n[ig] <a href=\"https:\/\/www.instagram.com\/kiarash.dadgar\">@kiarash.dadgar<\/a> <a href=\"https:\/\/www.instagram.com\/lucidhorizonfilms\">@lucidhorizonfilms<\/a><\/p>\n<p><img loading=\"lazy\" decoding=\"async\" class=\"alignnone size-large wp-image-13049\" src=\"https:\/\/minikino.org\/filmweek\/wp-content\/uploads\/sites\/4\/2024\/07\/Sincopat-MFW11718-1024x258.webp\" alt=\"\" width=\"640\" height=\"161\" srcset=\"https:\/\/minikino.org\/filmweek\/wp-content\/uploads\/sites\/4\/2024\/07\/Sincopat-MFW11718-1024x258.webp 1024w, https:\/\/minikino.org\/filmweek\/wp-content\/uploads\/sites\/4\/2024\/07\/Sincopat-MFW11718-300x76.webp 300w, https:\/\/minikino.org\/filmweek\/wp-content\/uploads\/sites\/4\/2024\/07\/Sincopat-MFW11718-768x193.webp 768w, https:\/\/minikino.org\/filmweek\/wp-content\/uploads\/sites\/4\/2024\/07\/Sincopat-MFW11718-1536x387.webp 1536w, https:\/\/minikino.org\/filmweek\/wp-content\/uploads\/sites\/4\/2024\/07\/Sincopat-MFW11718.webp 1965w\" sizes=\"auto, (max-width: 640px) 100vw, 640px\" \/><\/p>\n<p><strong>SINCOPAT<\/strong><br \/>\n[d] Pol Diggler \/ [w] Pol Diggler and Ramon L\u00e1zaro<br \/>\nSpain \/ 2023 \/ Fiction \/ 13:35<br \/>\nOna, an executive of a large company, is about to launch the latest technological revolution into the market.<br \/>\n&#8211;<br \/>\nAwards\/Screenings: European M\u00e9li\u00e8s d&#8217;Argent Award 2024 \/\/ Official Selection at Festival de M\u00e1laga<br \/>\n[ig] <a href=\"https:\/\/www.instagram.com\/pol_diggler\">@pol_diggler<\/a> <a href=\"https:\/\/www.instagram.com\/filmsorient\">@filmsorient<\/a> <a href=\"https:\/\/www.instagram.com\/nuria.florensa\">@nuria.florensa<\/a><\/p>\n<p><img loading=\"lazy\" decoding=\"async\" class=\"alignnone size-large wp-image-13040\" src=\"https:\/\/minikino.org\/filmweek\/wp-content\/uploads\/sites\/4\/2024\/07\/SULI-STORYBOARD-MFW12492-1024x258.webp\" alt=\"\" width=\"640\" height=\"161\" srcset=\"https:\/\/minikino.org\/filmweek\/wp-content\/uploads\/sites\/4\/2024\/07\/SULI-STORYBOARD-MFW12492-1024x258.webp 1024w, https:\/\/minikino.org\/filmweek\/wp-content\/uploads\/sites\/4\/2024\/07\/SULI-STORYBOARD-MFW12492-300x76.webp 300w, https:\/\/minikino.org\/filmweek\/wp-content\/uploads\/sites\/4\/2024\/07\/SULI-STORYBOARD-MFW12492-768x193.webp 768w, https:\/\/minikino.org\/filmweek\/wp-content\/uploads\/sites\/4\/2024\/07\/SULI-STORYBOARD-MFW12492-1536x387.webp 1536w, https:\/\/minikino.org\/filmweek\/wp-content\/uploads\/sites\/4\/2024\/07\/SULI-STORYBOARD-MFW12492.webp 1965w\" sizes=\"auto, (max-width: 640px) 100vw, 640px\" \/><\/p>\n<p><strong>SULI STORYBOARD<\/strong><br \/>\n[d][w] Anggun Priambodo<br \/>\nIndonesia \/ 2023 \/ Experimental \/ 15:26<br \/>\nWhen Suli&#8217;s day starts with an eyeball in her beverage, it&#8217;s only the beginning of a series of rather absurd events.<br \/>\n&#8211;<br \/>\nAwards\/Screenings: Jogja-Netpac Asian Film Festival 2023 \/\/ International Film Festival Rotterdam 2024<br \/>\n[ig] <a href=\"https:\/\/www.instagram.com\/anggunpriambodo\">@anggunpriambodo<\/a> <a href=\"https:\/\/www.instagram.com\/suryowiyogo\">@suryowiyogo<\/a> <a href=\"https:\/\/www.instagram.com\/gandrvngfilms\">@gandrvngfilms<\/a><\/p>\n<p><img loading=\"lazy\" decoding=\"async\" class=\"alignnone size-large wp-image-13032\" src=\"https:\/\/minikino.org\/filmweek\/wp-content\/uploads\/sites\/4\/2024\/07\/The-Delay-MFW11755-1024x258.webp\" alt=\"\" width=\"640\" height=\"161\" srcset=\"https:\/\/minikino.org\/filmweek\/wp-content\/uploads\/sites\/4\/2024\/07\/The-Delay-MFW11755-1024x258.webp 1024w, https:\/\/minikino.org\/filmweek\/wp-content\/uploads\/sites\/4\/2024\/07\/The-Delay-MFW11755-300x76.webp 300w, https:\/\/minikino.org\/filmweek\/wp-content\/uploads\/sites\/4\/2024\/07\/The-Delay-MFW11755-768x193.webp 768w, https:\/\/minikino.org\/filmweek\/wp-content\/uploads\/sites\/4\/2024\/07\/The-Delay-MFW11755-1536x387.webp 1536w, https:\/\/minikino.org\/filmweek\/wp-content\/uploads\/sites\/4\/2024\/07\/The-Delay-MFW11755.webp 1965w\" sizes=\"auto, (max-width: 640px) 100vw, 640px\" \/><\/p>\n<p><strong>THE DELAY<\/strong><br \/>\n[d][w] Mattia NAPOLI<br \/>\nItaly, France \/ 2022 \/ Fiction \/ 15:00<br \/>\nFor Arturo, the feeling of being out-of-sync with the rest of the world is no mere sensation.<br \/>\n&#8211;<br \/>\nAwards\/Screenings: Best Short Film &amp; Best Leading Actor &#8211; Cortinametraggio (Italy) \/\/ Best Short Film &#8211; Visioni Corte International Short Film Festival (Italy)<\/p>\n<hr \/>\n<h3 id=\"UNKNOWN\"><strong>UNKNOWN KNOWN<\/strong><\/h3>\n<p>Duration: 73:41<br \/>\nMyth and legend, from folklores to urban whispers.<br \/>\n13+<\/p>\n<table id=\"schedule\" border=\"0\" width=\"100%\">\n<tbody>\n<tr>\n<th rowspan=\"1\" width=\"25%\">DATE<\/th>\n<th width=\"10%\">SHOW TIME<\/th>\n<th width=\"35%\"><strong>VENUE<\/strong><\/th>\n<\/tr>\n<tr>\n<td width=\"25%\">SAB\/SAT 14<\/td>\n<td width=\"10%\">21:30<\/td>\n<td width=\"35%\"><a href=\"https:\/\/minikino.org\/mashdenpasar\" target=\"_blank\" rel=\"noopener\">MASH Denpasar Art House Cinema<\/a><\/td>\n<\/tr>\n<tr>\n<td rowspan=\"1\" width=\"25%\">SEL\/TUE 17<\/td>\n<td width=\"10%\">11:00<\/td>\n<td width=\"35%\"><a href=\"https:\/\/minikino.org\/mashliving\" target=\"_blank\" rel=\"noopener\">MASH Denpasar Living Room<\/a><\/td>\n<\/tr>\n<tr>\n<td rowspan=\"1\" width=\"25%\">KAM\/THU 19<\/td>\n<td width=\"10%\">17:15<\/td>\n<td width=\"35%\"><a href=\"https:\/\/minikino.org\/LSPRBali\" target=\"_blank\" rel=\"noopener\">LSPR Bali<\/a><\/td>\n<\/tr>\n<tr>\n<td align=\"right\"><strong>Note<\/strong>:<\/td>\n<td><em>WITA (+8 GMT)<\/em><\/td>\n<td><\/td>\n<\/tr>\n<\/tbody>\n<\/table>\n<p><img loading=\"lazy\" decoding=\"async\" class=\"alignnone size-large wp-image-13073\" src=\"https:\/\/minikino.org\/filmweek\/wp-content\/uploads\/sites\/4\/2024\/07\/Nothing-Holier-Than-A-Dolphin-MFW11971-1024x258.webp\" alt=\"\" width=\"640\" height=\"161\" srcset=\"https:\/\/minikino.org\/filmweek\/wp-content\/uploads\/sites\/4\/2024\/07\/Nothing-Holier-Than-A-Dolphin-MFW11971-1024x258.webp 1024w, https:\/\/minikino.org\/filmweek\/wp-content\/uploads\/sites\/4\/2024\/07\/Nothing-Holier-Than-A-Dolphin-MFW11971-300x76.webp 300w, https:\/\/minikino.org\/filmweek\/wp-content\/uploads\/sites\/4\/2024\/07\/Nothing-Holier-Than-A-Dolphin-MFW11971-768x193.webp 768w, https:\/\/minikino.org\/filmweek\/wp-content\/uploads\/sites\/4\/2024\/07\/Nothing-Holier-Than-A-Dolphin-MFW11971-1536x387.webp 1536w, https:\/\/minikino.org\/filmweek\/wp-content\/uploads\/sites\/4\/2024\/07\/Nothing-Holier-Than-A-Dolphin-MFW11971.webp 1965w\" sizes=\"auto, (max-width: 640px) 100vw, 640px\" \/><\/p>\n<p><strong>NOTHING HOLIER THAN A DOLPHIN<\/strong><br \/>\n[d][w] Isabella Margara<br \/>\nGreece \/ 2022 \/ Fiction \/ 17:06<br \/>\nIn a small village, an ancient myth comes to life when two fishermen find a dolphin accidentally caught in their nets.<br \/>\n&#8211;<br \/>\nAwards\/Screenings: Clermont-Ferrand Int. Short Film Festival (France) &#8211; Winner Of The Audience Award \/\/ Indy Shorts Int. Film Festival (USA)<br \/>\n[ig] <a href=\"https:\/\/www.instagram.com\/zen_movie\">@zen_movie<\/a> <a href=\"https:\/\/www.instagram.com\/isabella_margara\">@isabella_margara<\/a> <a href=\"https:\/\/www.instagram.com\/abfab_productions\">@abfab_productions<\/a><\/p>\n<p><img loading=\"lazy\" decoding=\"async\" class=\"alignnone size-large wp-image-13083\" src=\"https:\/\/minikino.org\/filmweek\/wp-content\/uploads\/sites\/4\/2024\/07\/Los-dos-lados-de-la-tortuga-MFW12124-1024x258.webp\" alt=\"\" width=\"640\" height=\"161\" srcset=\"https:\/\/minikino.org\/filmweek\/wp-content\/uploads\/sites\/4\/2024\/07\/Los-dos-lados-de-la-tortuga-MFW12124-1024x258.webp 1024w, https:\/\/minikino.org\/filmweek\/wp-content\/uploads\/sites\/4\/2024\/07\/Los-dos-lados-de-la-tortuga-MFW12124-300x76.webp 300w, https:\/\/minikino.org\/filmweek\/wp-content\/uploads\/sites\/4\/2024\/07\/Los-dos-lados-de-la-tortuga-MFW12124-768x193.webp 768w, https:\/\/minikino.org\/filmweek\/wp-content\/uploads\/sites\/4\/2024\/07\/Los-dos-lados-de-la-tortuga-MFW12124-1536x387.webp 1536w, https:\/\/minikino.org\/filmweek\/wp-content\/uploads\/sites\/4\/2024\/07\/Los-dos-lados-de-la-tortuga-MFW12124.webp 1965w\" sizes=\"auto, (max-width: 640px) 100vw, 640px\" \/><\/p>\n<p><strong>LOS DOS LADOS DE LA TORTUGA (Two Sides Of The Tortoise)<\/strong><br \/>\n[d] Oscar X. Illingworth<br \/>\nEcuador \/ 2023 \/ Experimental \/ 11:40<br \/>\nAn explorer has a haptic encounter with a beast in the darkness of the volcanic tunnels beneath the Galapagos Islands.<br \/>\n&#8211;<br \/>\nAwards\/Screenings: International Film Festival Rotterdam, Netherlands \/\/ DOXA Documentary Film Festival, Canada<br \/>\n[ig] <a href=\"https:\/\/www.instagram.com\/ooooxic\">@ooooxic<\/a><\/p>\n<p><img loading=\"lazy\" decoding=\"async\" class=\"alignnone size-large wp-image-13027\" src=\"https:\/\/minikino.org\/filmweek\/wp-content\/uploads\/sites\/4\/2024\/07\/The-Legend-of-Goldhorn-MFW12280-1024x258.webp\" alt=\"\" width=\"640\" height=\"161\" srcset=\"https:\/\/minikino.org\/filmweek\/wp-content\/uploads\/sites\/4\/2024\/07\/The-Legend-of-Goldhorn-MFW12280-1024x258.webp 1024w, https:\/\/minikino.org\/filmweek\/wp-content\/uploads\/sites\/4\/2024\/07\/The-Legend-of-Goldhorn-MFW12280-300x76.webp 300w, https:\/\/minikino.org\/filmweek\/wp-content\/uploads\/sites\/4\/2024\/07\/The-Legend-of-Goldhorn-MFW12280-768x193.webp 768w, https:\/\/minikino.org\/filmweek\/wp-content\/uploads\/sites\/4\/2024\/07\/The-Legend-of-Goldhorn-MFW12280-1536x387.webp 1536w, https:\/\/minikino.org\/filmweek\/wp-content\/uploads\/sites\/4\/2024\/07\/The-Legend-of-Goldhorn-MFW12280.webp 1965w\" sizes=\"auto, (max-width: 640px) 100vw, 640px\" \/><\/p>\n<p><strong>THE LEGEND OF GOLDHORN (Legenda o Zlatorogu)<\/strong><br \/>\n[d] Lea,Vucko<br \/>\nSlovenia \/ 2022 \/ Animation \/ 13:35<br \/>\nPossessed by greed, a heartbroken hunter goes against the mythical power of nature.<br \/>\n&#8211;<br \/>\nAwards\/Screenings: BANFF 2023\/\/Austin film festival 2023<br \/>\n[ig] <a href=\"https:\/\/www.instagram.com\/leavuc\">@leavuc<\/a><\/p>\n<p><img loading=\"lazy\" decoding=\"async\" class=\"alignnone size-large wp-image-13019\" src=\"https:\/\/minikino.org\/filmweek\/wp-content\/uploads\/sites\/4\/2024\/07\/The-Shadow-of-Dawn-Eha-Vari-MFW12573-1024x258.webp\" alt=\"\" width=\"640\" height=\"161\" srcset=\"https:\/\/minikino.org\/filmweek\/wp-content\/uploads\/sites\/4\/2024\/07\/The-Shadow-of-Dawn-Eha-Vari-MFW12573-1024x258.webp 1024w, https:\/\/minikino.org\/filmweek\/wp-content\/uploads\/sites\/4\/2024\/07\/The-Shadow-of-Dawn-Eha-Vari-MFW12573-300x76.webp 300w, https:\/\/minikino.org\/filmweek\/wp-content\/uploads\/sites\/4\/2024\/07\/The-Shadow-of-Dawn-Eha-Vari-MFW12573-768x193.webp 768w, https:\/\/minikino.org\/filmweek\/wp-content\/uploads\/sites\/4\/2024\/07\/The-Shadow-of-Dawn-Eha-Vari-MFW12573-1536x387.webp 1536w, https:\/\/minikino.org\/filmweek\/wp-content\/uploads\/sites\/4\/2024\/07\/The-Shadow-of-Dawn-Eha-Vari-MFW12573.webp 1965w\" sizes=\"auto, (max-width: 640px) 100vw, 640px\" \/><\/p>\n<p><strong>THE SHADOW OF DAWN (Eha Vari)<\/strong><br \/>\n[d][w] Olga Stalev<br \/>\nEstonia \/ 2024 \/ Animation \/ 14:54<br \/>\nAn incorporeal Shadow takes up a dangerous adventure through a mystical forest to save her frivolous owner from a cursed Beast.<br \/>\n&#8211;<br \/>\nAwards\/Screenings: 64th Krakow Film Festival, 33rd Flickerfest International Short Film Festival<br \/>\n[ig] <a href=\"https:\/\/www.instagram.com\/hvitolg\">@hvitolg<\/a> <a href=\"https:\/\/www.instagram.com\/ehavari\">@ehavari<\/a> <a href=\"https:\/\/www.instagram.com\/ninovafilmsdistribution\">@ninovafilmsdistribution<\/a><\/p>\n<p><img loading=\"lazy\" decoding=\"async\" class=\"alignnone size-large wp-image-13130\" src=\"https:\/\/minikino.org\/filmweek\/wp-content\/uploads\/sites\/4\/2024\/07\/Baigal-Nuur-Lake-Baikal-MFW12114-1024x258.webp\" alt=\"\" width=\"640\" height=\"161\" srcset=\"https:\/\/minikino.org\/filmweek\/wp-content\/uploads\/sites\/4\/2024\/07\/Baigal-Nuur-Lake-Baikal-MFW12114-1024x258.webp 1024w, https:\/\/minikino.org\/filmweek\/wp-content\/uploads\/sites\/4\/2024\/07\/Baigal-Nuur-Lake-Baikal-MFW12114-300x76.webp 300w, https:\/\/minikino.org\/filmweek\/wp-content\/uploads\/sites\/4\/2024\/07\/Baigal-Nuur-Lake-Baikal-MFW12114-768x193.webp 768w, https:\/\/minikino.org\/filmweek\/wp-content\/uploads\/sites\/4\/2024\/07\/Baigal-Nuur-Lake-Baikal-MFW12114-1536x387.webp 1536w, https:\/\/minikino.org\/filmweek\/wp-content\/uploads\/sites\/4\/2024\/07\/Baigal-Nuur-Lake-Baikal-MFW12114.webp 1965w\" sizes=\"auto, (max-width: 640px) 100vw, 640px\" \/><\/p>\n<p><strong>BAIGAL NUUR &#8211; LAKE BAIKAL<\/strong><br \/>\n[d][w] Alisi Telengut<br \/>\nGermany \/ 2023 \/ Animation \/ 08:56<br \/>\nThe formation of Lake Baikal is reimagined with the voice of the indigenous Buryat language.<br \/>\n&#8211;<\/p>\n<p><img loading=\"lazy\" decoding=\"async\" class=\"alignnone size-large wp-image-13028\" src=\"https:\/\/minikino.org\/filmweek\/wp-content\/uploads\/sites\/4\/2024\/07\/The-King-MFW12335-1024x258.webp\" alt=\"\" width=\"640\" height=\"161\" srcset=\"https:\/\/minikino.org\/filmweek\/wp-content\/uploads\/sites\/4\/2024\/07\/The-King-MFW12335-1024x258.webp 1024w, https:\/\/minikino.org\/filmweek\/wp-content\/uploads\/sites\/4\/2024\/07\/The-King-MFW12335-300x76.webp 300w, https:\/\/minikino.org\/filmweek\/wp-content\/uploads\/sites\/4\/2024\/07\/The-King-MFW12335-768x193.webp 768w, https:\/\/minikino.org\/filmweek\/wp-content\/uploads\/sites\/4\/2024\/07\/The-King-MFW12335-1536x387.webp 1536w, https:\/\/minikino.org\/filmweek\/wp-content\/uploads\/sites\/4\/2024\/07\/The-King-MFW12335.webp 1965w\" sizes=\"auto, (max-width: 640px) 100vw, 640px\" \/><\/p>\n<p><strong>THE KING<\/strong><br \/>\n[d] Milja Viita, Veli Gran\u00f6<br \/>\nFinland \/ 2024 \/ Experimental \/ 07:30<br \/>\nThe King is about a miraculous incident set in Somero, Finland involving a local musician Rauli Badding Somerjoki and Elvis.<br \/>\n&#8211;<br \/>\nAwards\/Screenings: DocPoint \u2013 Helsinki Documentary Film Festival 2024<br \/>\n[ig] <a href=\"https:\/\/www.instagram.com\/milja_viita\">@milja_viita<\/a><\/p>\n<p>&nbsp;<\/p>\n","protected":false},"excerpt":{"rendered":"<p>Hey&#8230; get your right dose! Here is your guide for a healthy dose of short films. Our International program is divided into 5 categories to help you find the right dose. HEALTHY DOSE FOR YOUR HEART ADORE How deep is their love? 18+ Duration: 82:57 DATE SHOW TIME VENUE SAB\/SAT 14 21:00 Community Screen: Kedai [&hellip;]<\/p>\n","protected":false},"author":6,"featured_media":8176,"parent":0,"menu_order":0,"comment_status":"closed","ping_status":"closed","template":"","meta":{"footnotes":""},"class_list":["post-12984","page","type-page","status-publish","has-post-thumbnail","hentry"],"yoast_head":"<!-- This site is optimized with the Yoast SEO plugin v26.8 - https:\/\/yoast.com\/product\/yoast-seo-wordpress\/ -->\n<title>2024 OFFICIAL SELECTIONS - Bali International Short Film Festival<\/title>\n<meta name=\"description\" content=\"MINIKINO FILM WEEK (MFW) \u2013 Bali International Short Film Festival. Founded in 2015 as a unique and out of ordinary Short Film Festival, reaching out the daily life of the local community.\" \/>\n<meta name=\"robots\" content=\"index, follow, max-snippet:-1, max-image-preview:large, max-video-preview:-1\" \/>\n<link rel=\"canonical\" href=\"https:\/\/minikino.org\/filmweek\/2024-official-selections\/\" \/>\n<meta property=\"og:locale\" content=\"id_ID\" \/>\n<meta property=\"og:type\" content=\"article\" \/>\n<meta property=\"og:title\" content=\"2024 OFFICIAL SELECTIONS - Bali International Short Film Festival\" \/>\n<meta property=\"og:description\" content=\"MINIKINO FILM WEEK (MFW) \u2013 Bali International Short Film Festival. Founded in 2015 as a unique and out of ordinary Short Film Festival, reaching out the daily life of the local community.\" \/>\n<meta property=\"og:url\" content=\"https:\/\/minikino.org\/filmweek\/2024-official-selections\/\" \/>\n<meta property=\"og:site_name\" content=\"Bali International Short Film Festival\" \/>\n<meta property=\"article:publisher\" content=\"https:\/\/www.facebook.com\/minikinoevents\/\" \/>\n<meta property=\"article:modified_time\" content=\"2025-04-30T07:47:16+00:00\" \/>\n<meta property=\"og:image\" content=\"https:\/\/minikino.org\/filmweek\/wp-content\/uploads\/sites\/4\/2020\/07\/officianselection-bt.png\" \/>\n\t<meta property=\"og:image:width\" content=\"400\" \/>\n\t<meta property=\"og:image:height\" content=\"279\" \/>\n\t<meta property=\"og:image:type\" content=\"image\/png\" \/>\n<meta name=\"twitter:card\" content=\"summary_large_image\" \/>\n<meta name=\"twitter:site\" content=\"@minikinoevents\" \/>\n<meta name=\"twitter:label1\" content=\"Estimasi waktu membaca\" \/>\n\t<meta name=\"twitter:data1\" content=\"77 menit\" \/>\n<script type=\"application\/ld+json\" class=\"yoast-schema-graph\">{\"@context\":\"https:\/\/schema.org\",\"@graph\":[{\"@type\":\"WebPage\",\"@id\":\"https:\/\/minikino.org\/filmweek\/2024-official-selections\/\",\"url\":\"https:\/\/minikino.org\/filmweek\/2024-official-selections\/\",\"name\":\"2024 OFFICIAL SELECTIONS - Bali International Short Film Festival\",\"isPartOf\":{\"@id\":\"https:\/\/minikino.org\/filmweek\/#website\"},\"primaryImageOfPage\":{\"@id\":\"https:\/\/minikino.org\/filmweek\/2024-official-selections\/#primaryimage\"},\"image\":{\"@id\":\"https:\/\/minikino.org\/filmweek\/2024-official-selections\/#primaryimage\"},\"thumbnailUrl\":\"https:\/\/minikino.org\/filmweek\/wp-content\/uploads\/sites\/4\/2020\/07\/officianselection-bt.png\",\"datePublished\":\"2024-07-18T08:58:34+00:00\",\"dateModified\":\"2025-04-30T07:47:16+00:00\",\"description\":\"MINIKINO FILM WEEK (MFW) \u2013 Bali International Short Film Festival. Founded in 2015 as a unique and out of ordinary Short Film Festival, reaching out the daily life of the local community.\",\"breadcrumb\":{\"@id\":\"https:\/\/minikino.org\/filmweek\/2024-official-selections\/#breadcrumb\"},\"inLanguage\":\"id\",\"potentialAction\":[{\"@type\":\"ReadAction\",\"target\":[\"https:\/\/minikino.org\/filmweek\/2024-official-selections\/\"]}]},{\"@type\":\"ImageObject\",\"inLanguage\":\"id\",\"@id\":\"https:\/\/minikino.org\/filmweek\/2024-official-selections\/#primaryimage\",\"url\":\"https:\/\/minikino.org\/filmweek\/wp-content\/uploads\/sites\/4\/2020\/07\/officianselection-bt.png\",\"contentUrl\":\"https:\/\/minikino.org\/filmweek\/wp-content\/uploads\/sites\/4\/2020\/07\/officianselection-bt.png\",\"width\":400,\"height\":279},{\"@type\":\"BreadcrumbList\",\"@id\":\"https:\/\/minikino.org\/filmweek\/2024-official-selections\/#breadcrumb\",\"itemListElement\":[{\"@type\":\"ListItem\",\"position\":1,\"name\":\"Home\",\"item\":\"https:\/\/minikino.org\/filmweek\/\"},{\"@type\":\"ListItem\",\"position\":2,\"name\":\"2024 OFFICIAL SELECTIONS\"}]},{\"@type\":\"WebSite\",\"@id\":\"https:\/\/minikino.org\/filmweek\/#website\",\"url\":\"https:\/\/minikino.org\/filmweek\/\",\"name\":\"Bali International Short Film Festival\",\"description\":\"Minikino Film Week\",\"publisher\":{\"@id\":\"https:\/\/minikino.org\/filmweek\/#organization\"},\"alternateName\":\"MFW\",\"potentialAction\":[{\"@type\":\"SearchAction\",\"target\":{\"@type\":\"EntryPoint\",\"urlTemplate\":\"https:\/\/minikino.org\/filmweek\/?s={search_term_string}\"},\"query-input\":{\"@type\":\"PropertyValueSpecification\",\"valueRequired\":true,\"valueName\":\"search_term_string\"}}],\"inLanguage\":\"id\"},{\"@type\":\"Organization\",\"@id\":\"https:\/\/minikino.org\/filmweek\/#organization\",\"name\":\"Minikino Film Week\",\"url\":\"https:\/\/minikino.org\/filmweek\/\",\"logo\":{\"@type\":\"ImageObject\",\"inLanguage\":\"id\",\"@id\":\"https:\/\/minikino.org\/filmweek\/#\/schema\/logo\/image\/\",\"url\":\"https:\/\/minikino.org\/filmweek\/wp-content\/uploads\/sites\/4\/2019\/11\/official-logo-MinikinoFilmWeek.png\",\"contentUrl\":\"https:\/\/minikino.org\/filmweek\/wp-content\/uploads\/sites\/4\/2019\/11\/official-logo-MinikinoFilmWeek.png\",\"width\":1920,\"height\":1175,\"caption\":\"Minikino Film Week\"},\"image\":{\"@id\":\"https:\/\/minikino.org\/filmweek\/#\/schema\/logo\/image\/\"},\"sameAs\":[\"https:\/\/www.facebook.com\/minikinoevents\/\",\"https:\/\/x.com\/minikinoevents\",\"https:\/\/www.instagram.com\/minikinoevents\/\",\"https:\/\/www.youtube.com\/user\/minikinoevents\"]}]}<\/script>\n<!-- \/ Yoast SEO plugin. -->","yoast_head_json":{"title":"2024 OFFICIAL SELECTIONS - Bali International Short Film Festival","description":"MINIKINO FILM WEEK (MFW) \u2013 Bali International Short Film Festival. Founded in 2015 as a unique and out of ordinary Short Film Festival, reaching out the daily life of the local community.","robots":{"index":"index","follow":"follow","max-snippet":"max-snippet:-1","max-image-preview":"max-image-preview:large","max-video-preview":"max-video-preview:-1"},"canonical":"https:\/\/minikino.org\/filmweek\/2024-official-selections\/","og_locale":"id_ID","og_type":"article","og_title":"2024 OFFICIAL SELECTIONS - Bali International Short Film Festival","og_description":"MINIKINO FILM WEEK (MFW) \u2013 Bali International Short Film Festival. Founded in 2015 as a unique and out of ordinary Short Film Festival, reaching out the daily life of the local community.","og_url":"https:\/\/minikino.org\/filmweek\/2024-official-selections\/","og_site_name":"Bali International Short Film Festival","article_publisher":"https:\/\/www.facebook.com\/minikinoevents\/","article_modified_time":"2025-04-30T07:47:16+00:00","og_image":[{"width":400,"height":279,"url":"https:\/\/minikino.org\/filmweek\/wp-content\/uploads\/sites\/4\/2020\/07\/officianselection-bt.png","type":"image\/png"}],"twitter_card":"summary_large_image","twitter_site":"@minikinoevents","twitter_misc":{"Estimasi waktu membaca":"77 menit"},"schema":{"@context":"https:\/\/schema.org","@graph":[{"@type":"WebPage","@id":"https:\/\/minikino.org\/filmweek\/2024-official-selections\/","url":"https:\/\/minikino.org\/filmweek\/2024-official-selections\/","name":"2024 OFFICIAL SELECTIONS - Bali International Short Film Festival","isPartOf":{"@id":"https:\/\/minikino.org\/filmweek\/#website"},"primaryImageOfPage":{"@id":"https:\/\/minikino.org\/filmweek\/2024-official-selections\/#primaryimage"},"image":{"@id":"https:\/\/minikino.org\/filmweek\/2024-official-selections\/#primaryimage"},"thumbnailUrl":"https:\/\/minikino.org\/filmweek\/wp-content\/uploads\/sites\/4\/2020\/07\/officianselection-bt.png","datePublished":"2024-07-18T08:58:34+00:00","dateModified":"2025-04-30T07:47:16+00:00","description":"MINIKINO FILM WEEK (MFW) \u2013 Bali International Short Film Festival. Founded in 2015 as a unique and out of ordinary Short Film Festival, reaching out the daily life of the local community.","breadcrumb":{"@id":"https:\/\/minikino.org\/filmweek\/2024-official-selections\/#breadcrumb"},"inLanguage":"id","potentialAction":[{"@type":"ReadAction","target":["https:\/\/minikino.org\/filmweek\/2024-official-selections\/"]}]},{"@type":"ImageObject","inLanguage":"id","@id":"https:\/\/minikino.org\/filmweek\/2024-official-selections\/#primaryimage","url":"https:\/\/minikino.org\/filmweek\/wp-content\/uploads\/sites\/4\/2020\/07\/officianselection-bt.png","contentUrl":"https:\/\/minikino.org\/filmweek\/wp-content\/uploads\/sites\/4\/2020\/07\/officianselection-bt.png","width":400,"height":279},{"@type":"BreadcrumbList","@id":"https:\/\/minikino.org\/filmweek\/2024-official-selections\/#breadcrumb","itemListElement":[{"@type":"ListItem","position":1,"name":"Home","item":"https:\/\/minikino.org\/filmweek\/"},{"@type":"ListItem","position":2,"name":"2024 OFFICIAL SELECTIONS"}]},{"@type":"WebSite","@id":"https:\/\/minikino.org\/filmweek\/#website","url":"https:\/\/minikino.org\/filmweek\/","name":"Bali International Short Film Festival","description":"Minikino Film Week","publisher":{"@id":"https:\/\/minikino.org\/filmweek\/#organization"},"alternateName":"MFW","potentialAction":[{"@type":"SearchAction","target":{"@type":"EntryPoint","urlTemplate":"https:\/\/minikino.org\/filmweek\/?s={search_term_string}"},"query-input":{"@type":"PropertyValueSpecification","valueRequired":true,"valueName":"search_term_string"}}],"inLanguage":"id"},{"@type":"Organization","@id":"https:\/\/minikino.org\/filmweek\/#organization","name":"Minikino Film Week","url":"https:\/\/minikino.org\/filmweek\/","logo":{"@type":"ImageObject","inLanguage":"id","@id":"https:\/\/minikino.org\/filmweek\/#\/schema\/logo\/image\/","url":"https:\/\/minikino.org\/filmweek\/wp-content\/uploads\/sites\/4\/2019\/11\/official-logo-MinikinoFilmWeek.png","contentUrl":"https:\/\/minikino.org\/filmweek\/wp-content\/uploads\/sites\/4\/2019\/11\/official-logo-MinikinoFilmWeek.png","width":1920,"height":1175,"caption":"Minikino Film Week"},"image":{"@id":"https:\/\/minikino.org\/filmweek\/#\/schema\/logo\/image\/"},"sameAs":["https:\/\/www.facebook.com\/minikinoevents\/","https:\/\/x.com\/minikinoevents","https:\/\/www.instagram.com\/minikinoevents\/","https:\/\/www.youtube.com\/user\/minikinoevents"]}]}},"_links":{"self":[{"href":"https:\/\/minikino.org\/filmweek\/wp-json\/wp\/v2\/pages\/12984","targetHints":{"allow":["GET"]}}],"collection":[{"href":"https:\/\/minikino.org\/filmweek\/wp-json\/wp\/v2\/pages"}],"about":[{"href":"https:\/\/minikino.org\/filmweek\/wp-json\/wp\/v2\/types\/page"}],"author":[{"embeddable":true,"href":"https:\/\/minikino.org\/filmweek\/wp-json\/wp\/v2\/users\/6"}],"replies":[{"embeddable":true,"href":"https:\/\/minikino.org\/filmweek\/wp-json\/wp\/v2\/comments?post=12984"}],"version-history":[{"count":39,"href":"https:\/\/minikino.org\/filmweek\/wp-json\/wp\/v2\/pages\/12984\/revisions"}],"predecessor-version":[{"id":14151,"href":"https:\/\/minikino.org\/filmweek\/wp-json\/wp\/v2\/pages\/12984\/revisions\/14151"}],"wp:featuredmedia":[{"embeddable":true,"href":"https:\/\/minikino.org\/filmweek\/wp-json\/wp\/v2\/media\/8176"}],"wp:attachment":[{"href":"https:\/\/minikino.org\/filmweek\/wp-json\/wp\/v2\/media?parent=12984"}],"curies":[{"name":"wp","href":"https:\/\/api.w.org\/{rel}","templated":true}]}}